{"id":2870,"date":"2023-06-21T04:34:33","date_gmt":"2023-06-21T04:34:33","guid":{"rendered":"https:\/\/pachamamitaecu-org-720647.hostingersite.com\/?page_id=2870"},"modified":"2025-09-19T17:27:25","modified_gmt":"2025-09-19T22:27:25","slug":"chaski-de-pachamamita","status":"publish","type":"page","link":"https:\/\/pachamamitaecu.org\/en\/chaski-of-pachamamita\/","title":{"rendered":"Chaski by PachaMamita"},"content":{"rendered":"\n<div class=\"row row-small\" style=\"max-width:1200px\" id=\"row-1284904808\">\n\n\n\t<div id=\"col-1699590846\" class=\"col small-12 large-12\"  >\n\t\t\t\t<div class=\"col-inner\"  >\n\t\t\t\n\t\t\t\n\n\n\t<section class=\"section\" id=\"section_1102661588\">\n\t\t<div class=\"section-bg fill\" >\n\t\t\t\t\t\t\t\t\t\n\t\t\t\n\n\t\t<\/div>\n\n\t\t\n\n\t\t<div class=\"section-content relative\">\n\t\t\t\n\n\t<div id=\"text-3848868919\" class=\"text\">\n\t\t\n\n<h1>El Chaski de PachaMamita<\/h1>\n\t\t\n<style>\n#text-3848868919 {\n  font-size: 1.85rem;\n  line-height: 1.35;\n  text-align: right;\n}\n<\/style>\n\t<\/div>\n\t\n<div class=\"row row-small\"  id=\"row-236597583\">\n\n\n\t<div id=\"col-1937792949\" class=\"col small-12 large-12\"  >\n\t\t\t\t<div class=\"col-inner\"  >\n\t\t\t\n\t\t\t\n\n<div class=\"row row-collapse\"  id=\"row-1948877286\">\n\n\n\t<div id=\"col-1939213606\" class=\"col small-12 large-12\"  >\n\t\t\t\t<div class=\"col-inner\"  >\n\t\t\t\n\t\t\t\n\n\t\t<div id=\"ux-relay-1061555844\" class=\"ux-relay ux-relay--pagination\" data-flatsome-relay=\"{&quot;postType&quot;:&quot;post&quot;,&quot;tag&quot;:&quot;blog_posts&quot;,&quot;atts&quot;:{&quot;style&quot;:&quot;overlay&quot;,&quot;type&quot;:&quot;grid&quot;,&quot;grid&quot;:&quot;3&quot;,&quot;width&quot;:&quot;full-width&quot;,&quot;col_spacing&quot;:&quot;small&quot;,&quot;depth&quot;:&quot;5&quot;,&quot;relay&quot;:&quot;pagination&quot;,&quot;cat&quot;:&quot;181,177,131,148,580,586&quot;,&quot;posts&quot;:&quot;14&quot;,&quot;title_size&quot;:&quot;small&quot;,&quot;show_date&quot;:&quot;false&quot;,&quot;excerpt&quot;:&quot;false&quot;,&quot;comments&quot;:&quot;false&quot;,&quot;image_width&quot;:&quot;98&quot;,&quot;image_size&quot;:&quot;original&quot;,&quot;image_overlay&quot;:&quot;rgba(133, 76, 76, 0)&quot;,&quot;text_size&quot;:&quot;large&quot;,&quot;text_bg&quot;:&quot;rgba(35, 18, 18, 0.25)&quot;},&quot;currentPage&quot;:&quot;1&quot;,&quot;totalPages&quot;:9,&quot;totalPosts&quot;:126,&quot;postCount&quot;:14}\" >\n\t\t  <style>\n    #row-1487708538 .grid-col-1{height: 600px}\n    #row-1487708538 .grid-col-1-2{height: 300px}\n    #row-1487708538 .grid-col-1-3{height:200px}\n    #row-1487708538 .grid-col-2-3{height: 400px}\n    #row-1487708538 .grid-col-1-4{height: 150px}\n    #row-1487708538 .grid-col-3-4{height: 450px}\n\n\n        \/* Tablet *\/\n    @media (max-width: 850px){\n      #row-1487708538 .grid-col-1{height: 400px}\n      #row-1487708538 .grid-col-1-2{height: 200px}\n      #row-1487708538 .grid-col-1-3{height:133.33333333333px}\n      #row-1487708538 .grid-col-2-3{height: 266.66666666667px}\n      #row-1487708538 .grid-col-1-4{height: 100px}\n      #row-1487708538 .grid-col-3-4{height: 300px}\n    }\n    \n        \/* Mobile *\/\n    @media (max-width: 550px){\n      #row-1487708538 .grid-col-1{height: 400px}\n      #row-1487708538 .grid-col-1-2{height: 200px}\n      #row-1487708538 .grid-col-1-3{height:133.33333333333px}\n      #row-1487708538 .grid-col-2-3{height: 266.66666666667px}\n      #row-1487708538 .grid-col-1-4{height: 100px}\n      #row-1487708538 .grid-col-3-4{height: 300px}\n    }\n    \n\n  <\/style>\n  \n  \n    <div id=\"row-1487708538\" class=\"row row-small row-full-width has-shadow row-box-shadow-5 row-grid\" data-packery-options='{\"itemSelector\": \".col\", \"gutter\": 0, \"presentageWidth\" : true}'>\n\n  <div class=\"col post-item grid-col grid-col-1 large-6 medium-12\" >\n\t\t\t<div class=\"col-inner\">\n\t\t\t\t<div class=\"box box-overlay dark box-text-bottom box-blog-post has-hover\">\n            \t\t\t\t\t<div class=\"box-image\" style=\"width:98%;\">\n  \t\t\t\t\t\t<div class=\"image-cover\" style=\"padding-top:56%;\">\n\t\t\t\t\t\t\t<a href=\"https:\/\/pachamamitaecu.org\/en\/2026\/01\/17\/rights-nature-community-tourism-ecuador\/\" class=\"plain\" aria-label=\"Turismo y Derechos de la Naturaleza en Ecuador\">\n\t\t\t\t\t\t\t\t<img decoding=\"async\" width=\"940\" height=\"788\" data-src=\"https:\/\/pachamamitaecu.org\/wp-content\/uploads\/2026\/01\/3-1.jpg\" class=\"attachment-large size-large wp-post-image lazyload\" alt=\"Rio amazonico en Ecuador\" data-srcset=\"https:\/\/pachamamitaecu.org\/wp-content\/uploads\/2026\/01\/3-1.jpg 940w, https:\/\/pachamamitaecu.org\/wp-content\/uploads\/2026\/01\/3-1-477x400.jpg 477w, https:\/\/pachamamitaecu.org\/wp-content\/uploads\/2026\/01\/3-1-768x644.jpg 768w, https:\/\/pachamamitaecu.org\/wp-content\/uploads\/2026\/01\/3-1-14x12.jpg 14w\" data-sizes=\"(max-width: 940px) 100vw, 940px\" src=\"data:image\/svg+xml;base64,PHN2ZyB3aWR0aD0iMSIgaGVpZ2h0PSIxIiB4bWxucz0iaHR0cDovL3d3dy53My5vcmcvMjAwMC9zdmciPjwvc3ZnPg==\" style=\"--smush-placeholder-width: 940px; --smush-placeholder-aspect-ratio: 940\/788;\" \/>\t\t\t\t\t\t\t<\/a>\n  \t\t\t\t\t\t\t<div class=\"overlay\" style=\"background-color: rgba(133, 76, 76, 0)\"><\/div>  \t\t\t\t\t\t\t  \t\t\t\t\t\t<\/div>\n  \t\t\t\t\t\t  \t\t\t\t\t<\/div>\n          \t\t\t\t\t<div class=\"box-text text-center is-large\" style=\"background-color:rgba(35, 18, 18, 0.25);\">\n\t\t\t\t\t<div class=\"box-text-inner blog-post-inner\">\n\n\t\t\t\t\t\n\t\t\t\t\t\t\t\t\t\t<h5 class=\"post-title is-small \">\n\t\t\t\t\t\t<a href=\"https:\/\/pachamamitaecu.org\/en\/2026\/01\/17\/rights-nature-community-tourism-ecuador\/\" class=\"plain\">Turismo y Derechos de la Naturaleza en Ecuador<\/a>\n\t\t\t\t\t<\/h5>\n\t\t\t\t\t\t\t\t\t\t<div class=\"is-divider\"><\/div>\n\t\t\t\t\t                    \n\t\t\t\t\t\n\t\t\t\t\t\n\t\t\t\t\t<\/div>\n\t\t\t\t\t<\/div>\n\t\t\t\t\t\t\t\t\t<\/div>\n\t\t\t<\/div>\n\t\t<\/div><div class=\"col post-item grid-col grid-col-1-2 large-6 medium-6\" >\n\t\t\t<div class=\"col-inner\">\n\t\t\t\t<div class=\"box box-overlay dark box-text-bottom box-blog-post has-hover\">\n            \t\t\t\t\t<div class=\"box-image\" style=\"width:98%;\">\n  \t\t\t\t\t\t<div class=\"image-cover\" style=\"padding-top:56%;\">\n\t\t\t\t\t\t\t<a href=\"https:\/\/pachamamitaecu.org\/en\/2026\/01\/14\/agroecology-in-rural-communities-of-ecuador-practices-benefits-and-how-to-get-started\/\" class=\"plain\" aria-label=\"Agroecolog\u00eda en comunidades rurales de Ecuador: pr\u00e1cticas, beneficios y c\u00f3mo empezar\">\n\t\t\t\t\t\t\t\t<img decoding=\"async\" width=\"572\" height=\"400\" data-src=\"https:\/\/pachamamitaecu.org\/wp-content\/uploads\/2026\/01\/agriculture-multiracial-people-working-together-an-2026-01-08-07-47-59-utc-572x400.jpg\" class=\"attachment-medium size-medium wp-post-image lazyload\" alt=\"Agricultores en finca agroecol\u00f3gica diversa\" data-srcset=\"https:\/\/pachamamitaecu.org\/wp-content\/uploads\/2026\/01\/agriculture-multiracial-people-working-together-an-2026-01-08-07-47-59-utc-572x400.jpg 572w, https:\/\/pachamamitaecu.org\/wp-content\/uploads\/2026\/01\/agriculture-multiracial-people-working-together-an-2026-01-08-07-47-59-utc-1144x800.jpg 1144w, https:\/\/pachamamitaecu.org\/wp-content\/uploads\/2026\/01\/agriculture-multiracial-people-working-together-an-2026-01-08-07-47-59-utc-768x537.jpg 768w, https:\/\/pachamamitaecu.org\/wp-content\/uploads\/2026\/01\/agriculture-multiracial-people-working-together-an-2026-01-08-07-47-59-utc-1536x1075.jpg 1536w, https:\/\/pachamamitaecu.org\/wp-content\/uploads\/2026\/01\/agriculture-multiracial-people-working-together-an-2026-01-08-07-47-59-utc-2048x1433.jpg 2048w, https:\/\/pachamamitaecu.org\/wp-content\/uploads\/2026\/01\/agriculture-multiracial-people-working-together-an-2026-01-08-07-47-59-utc-18x12.jpg 18w\" data-sizes=\"(max-width: 572px) 100vw, 572px\" src=\"data:image\/svg+xml;base64,PHN2ZyB3aWR0aD0iMSIgaGVpZ2h0PSIxIiB4bWxucz0iaHR0cDovL3d3dy53My5vcmcvMjAwMC9zdmciPjwvc3ZnPg==\" style=\"--smush-placeholder-width: 572px; --smush-placeholder-aspect-ratio: 572\/400;\" \/>\t\t\t\t\t\t\t<\/a>\n  \t\t\t\t\t\t\t<div class=\"overlay\" style=\"background-color: rgba(133, 76, 76, 0)\"><\/div>  \t\t\t\t\t\t\t  \t\t\t\t\t\t<\/div>\n  \t\t\t\t\t\t  \t\t\t\t\t<\/div>\n          \t\t\t\t\t<div class=\"box-text text-center is-large\" style=\"background-color:rgba(35, 18, 18, 0.25);\">\n\t\t\t\t\t<div class=\"box-text-inner blog-post-inner\">\n\n\t\t\t\t\t\n\t\t\t\t\t\t\t\t\t\t<h5 class=\"post-title is-small \">\n\t\t\t\t\t\t<a href=\"https:\/\/pachamamitaecu.org\/en\/2026\/01\/14\/agroecology-in-rural-communities-of-ecuador-practices-benefits-and-how-to-get-started\/\" class=\"plain\">Agroecolog\u00eda en comunidades rurales de Ecuador: pr\u00e1cticas, beneficios y c\u00f3mo empezar<\/a>\n\t\t\t\t\t<\/h5>\n\t\t\t\t\t\t\t\t\t\t<div class=\"is-divider\"><\/div>\n\t\t\t\t\t                    \n\t\t\t\t\t\n\t\t\t\t\t\n\t\t\t\t\t<\/div>\n\t\t\t\t\t<\/div>\n\t\t\t\t\t\t\t\t\t<\/div>\n\t\t\t<\/div>\n\t\t<\/div><div class=\"col post-item grid-col grid-col-1-2 large-3 medium-6\" >\n\t\t\t<div class=\"col-inner\">\n\t\t\t\t<div class=\"box box-overlay dark box-text-bottom box-blog-post has-hover\">\n            \t\t\t\t\t<div class=\"box-image\" style=\"width:98%;\">\n  \t\t\t\t\t\t<div class=\"image-cover\" style=\"padding-top:56%;\">\n\t\t\t\t\t\t\t<a href=\"https:\/\/pachamamitaecu.org\/en\/2025\/09\/19\/communication-with-the-spirit-world\/\" class=\"plain\" aria-label=\"La Comunicaci\u00f3n con el mundo de los Esp\u00edritus.\">\n\t\t\t\t\t\t\t\t<img decoding=\"async\" width=\"280\" height=\"280\" data-src=\"https:\/\/pachamamitaecu.org\/wp-content\/uploads\/2017\/06\/Diseno-sin-titulo-27-280x280.png\" class=\"attachment-thumbnail size-thumbnail wp-post-image lazyload\" alt=\"La hoja de coca y su uso en el Ecuador prehisp\u00e1nico\" src=\"data:image\/svg+xml;base64,PHN2ZyB3aWR0aD0iMSIgaGVpZ2h0PSIxIiB4bWxucz0iaHR0cDovL3d3dy53My5vcmcvMjAwMC9zdmciPjwvc3ZnPg==\" style=\"--smush-placeholder-width: 280px; --smush-placeholder-aspect-ratio: 280\/280;\" \/>\t\t\t\t\t\t\t<\/a>\n  \t\t\t\t\t\t\t<div class=\"overlay\" style=\"background-color: rgba(133, 76, 76, 0)\"><\/div>  \t\t\t\t\t\t\t  \t\t\t\t\t\t<\/div>\n  \t\t\t\t\t\t  \t\t\t\t\t<\/div>\n          \t\t\t\t\t<div class=\"box-text text-center is-large\" style=\"background-color:rgba(35, 18, 18, 0.25);\">\n\t\t\t\t\t<div class=\"box-text-inner blog-post-inner\">\n\n\t\t\t\t\t\n\t\t\t\t\t\t\t\t\t\t<h5 class=\"post-title is-small \">\n\t\t\t\t\t\t<a href=\"https:\/\/pachamamitaecu.org\/en\/2025\/09\/19\/communication-with-the-spirit-world\/\" class=\"plain\">La Comunicaci\u00f3n con el mundo de los Esp\u00edritus.<\/a>\n\t\t\t\t\t<\/h5>\n\t\t\t\t\t\t\t\t\t\t<div class=\"is-divider\"><\/div>\n\t\t\t\t\t                    \n\t\t\t\t\t\n\t\t\t\t\t\n\t\t\t\t\t<\/div>\n\t\t\t\t\t<\/div>\n\t\t\t\t\t\t\t\t\t<\/div>\n\t\t\t<\/div>\n\t\t<\/div><div class=\"col post-item grid-col grid-col-1-2 large-3 medium-6\" >\n\t\t\t<div class=\"col-inner\">\n\t\t\t\t<div class=\"box box-overlay dark box-text-bottom box-blog-post has-hover\">\n            \t\t\t\t\t<div class=\"box-image\" style=\"width:98%;\">\n  \t\t\t\t\t\t<div class=\"image-cover\" style=\"padding-top:56%;\">\n\t\t\t\t\t\t\t<a href=\"https:\/\/pachamamitaecu.org\/en\/2025\/09\/19\/kawsak-sacha-and-kawsari-living-jungle-justice-and-resistance-in-2025\/\" class=\"plain\" aria-label=\"Kawsak Sacha y Kawsari: selva viviente, justicia y resistencia en 2025\">\n\t\t\t\t\t\t\t\t<img decoding=\"async\" width=\"280\" height=\"280\" data-src=\"https:\/\/pachamamitaecu.org\/wp-content\/uploads\/2025\/09\/312742211_6171346552879009_7713491599834583573_n-280x280.jpg\" class=\"attachment-thumbnail size-thumbnail wp-post-image lazyload\" alt=\"Kawsak Sacha en Ecuador: proteger la Amazon\u00eda es defender salud, agua, cultura y clima.\" src=\"data:image\/svg+xml;base64,PHN2ZyB3aWR0aD0iMSIgaGVpZ2h0PSIxIiB4bWxucz0iaHR0cDovL3d3dy53My5vcmcvMjAwMC9zdmciPjwvc3ZnPg==\" style=\"--smush-placeholder-width: 280px; --smush-placeholder-aspect-ratio: 280\/280;\" \/>\t\t\t\t\t\t\t<\/a>\n  \t\t\t\t\t\t\t<div class=\"overlay\" style=\"background-color: rgba(133, 76, 76, 0)\"><\/div>  \t\t\t\t\t\t\t  \t\t\t\t\t\t<\/div>\n  \t\t\t\t\t\t  \t\t\t\t\t<\/div>\n          \t\t\t\t\t<div class=\"box-text text-center is-large\" style=\"background-color:rgba(35, 18, 18, 0.25);\">\n\t\t\t\t\t<div class=\"box-text-inner blog-post-inner\">\n\n\t\t\t\t\t\n\t\t\t\t\t\t\t\t\t\t<h5 class=\"post-title is-small \">\n\t\t\t\t\t\t<a href=\"https:\/\/pachamamitaecu.org\/en\/2025\/09\/19\/kawsak-sacha-and-kawsari-living-jungle-justice-and-resistance-in-2025\/\" class=\"plain\">Kawsak Sacha y Kawsari: selva viviente, justicia y resistencia en 2025<\/a>\n\t\t\t\t\t<\/h5>\n\t\t\t\t\t\t\t\t\t\t<div class=\"is-divider\"><\/div>\n\t\t\t\t\t                    \n\t\t\t\t\t\n\t\t\t\t\t\n\t\t\t\t\t<\/div>\n\t\t\t\t\t<\/div>\n\t\t\t\t\t\t\t\t\t<\/div>\n\t\t\t<\/div>\n\t\t<\/div><div class=\"col post-item grid-col grid-col-1-2 large-3 medium-6\" >\n\t\t\t<div class=\"col-inner\">\n\t\t\t\t<div class=\"box box-overlay dark box-text-bottom box-blog-post has-hover\">\n            \t\t\t\t\t<div class=\"box-image\" style=\"width:98%;\">\n  \t\t\t\t\t\t<div class=\"image-cover\" style=\"padding-top:56%;\">\n\t\t\t\t\t\t\t<a href=\"https:\/\/pachamamitaecu.org\/en\/2025\/09\/03\/digital-defense-guide-for-social-organizations-building-community-security-in-latin-america\/\" class=\"plain\" aria-label=\"Gu\u00eda de defensa digital para organizaciones sociales: preparaci\u00f3n frente a ataques cibern\u00e9ticos, campa\u00f1as de desinformaci\u00f3n y vigilancia digital.\">\n\t\t\t\t\t\t\t\t<img decoding=\"async\" width=\"280\" height=\"280\" data-src=\"https:\/\/pachamamitaecu.org\/wp-content\/uploads\/2025\/09\/5-280x280.jpg\" class=\"attachment-thumbnail size-thumbnail wp-post-image lazyload\" alt=\"\" src=\"data:image\/svg+xml;base64,PHN2ZyB3aWR0aD0iMSIgaGVpZ2h0PSIxIiB4bWxucz0iaHR0cDovL3d3dy53My5vcmcvMjAwMC9zdmciPjwvc3ZnPg==\" style=\"--smush-placeholder-width: 280px; --smush-placeholder-aspect-ratio: 280\/280;\" \/>\t\t\t\t\t\t\t<\/a>\n  \t\t\t\t\t\t\t<div class=\"overlay\" style=\"background-color: rgba(133, 76, 76, 0)\"><\/div>  \t\t\t\t\t\t\t  \t\t\t\t\t\t<\/div>\n  \t\t\t\t\t\t  \t\t\t\t\t<\/div>\n          \t\t\t\t\t<div class=\"box-text text-center is-large\" style=\"background-color:rgba(35, 18, 18, 0.25);\">\n\t\t\t\t\t<div class=\"box-text-inner blog-post-inner\">\n\n\t\t\t\t\t\n\t\t\t\t\t\t\t\t\t\t<h5 class=\"post-title is-small \">\n\t\t\t\t\t\t<a href=\"https:\/\/pachamamitaecu.org\/en\/2025\/09\/03\/digital-defense-guide-for-social-organizations-building-community-security-in-latin-america\/\" class=\"plain\">Gu\u00eda de defensa digital para organizaciones sociales: preparaci\u00f3n frente a ataques cibern\u00e9ticos, campa\u00f1as de desinformaci\u00f3n y vigilancia digital.<\/a>\n\t\t\t\t\t<\/h5>\n\t\t\t\t\t\t\t\t\t\t<div class=\"is-divider\"><\/div>\n\t\t\t\t\t                    \n\t\t\t\t\t\n\t\t\t\t\t\n\t\t\t\t\t<\/div>\n\t\t\t\t\t<\/div>\n\t\t\t\t\t\t\t\t\t<\/div>\n\t\t\t<\/div>\n\t\t<\/div><div class=\"col post-item grid-col grid-col-1-2 large-3 medium-6\" >\n\t\t\t<div class=\"col-inner\">\n\t\t\t\t<div class=\"box box-overlay dark box-text-bottom box-blog-post has-hover\">\n            \t\t\t\t\t<div class=\"box-image\" style=\"width:98%;\">\n  \t\t\t\t\t\t<div class=\"image-cover\" style=\"padding-top:56%;\">\n\t\t\t\t\t\t\t<a href=\"https:\/\/pachamamitaecu.org\/en\/2025\/01\/22\/tin-tin-beyond-the-myth-legends-ecuador\/\" class=\"plain\" aria-label=\"El Tin-Tin , m\u00e0s all\u00e0 del mito\">\n\t\t\t\t\t\t\t\t<img decoding=\"async\" width=\"242\" height=\"280\" data-src=\"https:\/\/pachamamitaecu.org\/wp-content\/uploads\/2018\/05\/chanenque-de-la-tierra-de-los-susurros-1-242x280.jpg\" class=\"attachment-thumbnail size-thumbnail wp-post-image lazyload\" alt=\"\" src=\"data:image\/svg+xml;base64,PHN2ZyB3aWR0aD0iMSIgaGVpZ2h0PSIxIiB4bWxucz0iaHR0cDovL3d3dy53My5vcmcvMjAwMC9zdmciPjwvc3ZnPg==\" style=\"--smush-placeholder-width: 242px; --smush-placeholder-aspect-ratio: 242\/280;\" \/>\t\t\t\t\t\t\t<\/a>\n  \t\t\t\t\t\t\t<div class=\"overlay\" style=\"background-color: rgba(133, 76, 76, 0)\"><\/div>  \t\t\t\t\t\t\t  \t\t\t\t\t\t<\/div>\n  \t\t\t\t\t\t  \t\t\t\t\t<\/div>\n          \t\t\t\t\t<div class=\"box-text text-center is-large\" style=\"background-color:rgba(35, 18, 18, 0.25);\">\n\t\t\t\t\t<div class=\"box-text-inner blog-post-inner\">\n\n\t\t\t\t\t\n\t\t\t\t\t\t\t\t\t\t<h5 class=\"post-title is-small \">\n\t\t\t\t\t\t<a href=\"https:\/\/pachamamitaecu.org\/en\/2025\/01\/22\/tin-tin-beyond-the-myth-legends-ecuador\/\" class=\"plain\">El Tin-Tin , m\u00e0s all\u00e0 del mito<\/a>\n\t\t\t\t\t<\/h5>\n\t\t\t\t\t\t\t\t\t\t<div class=\"is-divider\"><\/div>\n\t\t\t\t\t                    \n\t\t\t\t\t\n\t\t\t\t\t\n\t\t\t\t\t<\/div>\n\t\t\t\t\t<\/div>\n\t\t\t\t\t\t\t\t\t<\/div>\n\t\t\t<\/div>\n\t\t<\/div><div class=\"col post-item grid-col grid-col-1-2 large-3 medium-6\" >\n\t\t\t<div class=\"col-inner\">\n\t\t\t\t<div class=\"box box-overlay dark box-text-bottom box-blog-post has-hover\">\n            \t\t\t\t\t<div class=\"box-image\" style=\"width:98%;\">\n  \t\t\t\t\t\t<div class=\"image-cover\" style=\"padding-top:56%;\">\n\t\t\t\t\t\t\t<a href=\"https:\/\/pachamamitaecu.org\/en\/2024\/04\/13\/discover-ayangue-what-to-do-in-this-coastal-paradise-and-the-charm-of-the-cultural-garden\/\" class=\"plain\" aria-label=\"Descubre Ayangue: Qu\u00e9 Hacer en este Para\u00edso Costero y el Encanto del Jard\u00edn Cultural\">\n\t\t\t\t\t\t\t\t<img decoding=\"async\" width=\"280\" height=\"280\" data-src=\"https:\/\/pachamamitaecu.org\/wp-content\/uploads\/2024\/04\/437601194_933130175489520_6741561466975772240_n-280x280.jpg\" class=\"attachment-thumbnail size-thumbnail wp-post-image lazyload\" alt=\"L\u00e1mpara de J\u00edcara. Arte Natural desde Ayangue\" src=\"data:image\/svg+xml;base64,PHN2ZyB3aWR0aD0iMSIgaGVpZ2h0PSIxIiB4bWxucz0iaHR0cDovL3d3dy53My5vcmcvMjAwMC9zdmciPjwvc3ZnPg==\" style=\"--smush-placeholder-width: 280px; --smush-placeholder-aspect-ratio: 280\/280;\" \/>\t\t\t\t\t\t\t<\/a>\n  \t\t\t\t\t\t\t<div class=\"overlay\" style=\"background-color: rgba(133, 76, 76, 0)\"><\/div>  \t\t\t\t\t\t\t  \t\t\t\t\t\t<\/div>\n  \t\t\t\t\t\t  \t\t\t\t\t<\/div>\n          \t\t\t\t\t<div class=\"box-text text-center is-large\" style=\"background-color:rgba(35, 18, 18, 0.25);\">\n\t\t\t\t\t<div class=\"box-text-inner blog-post-inner\">\n\n\t\t\t\t\t\n\t\t\t\t\t\t\t\t\t\t<h5 class=\"post-title is-small \">\n\t\t\t\t\t\t<a href=\"https:\/\/pachamamitaecu.org\/en\/2024\/04\/13\/discover-ayangue-what-to-do-in-this-coastal-paradise-and-the-charm-of-the-cultural-garden\/\" class=\"plain\">Descubre Ayangue: Qu\u00e9 Hacer en este Para\u00edso Costero y el Encanto del Jard\u00edn Cultural<\/a>\n\t\t\t\t\t<\/h5>\n\t\t\t\t\t\t\t\t\t\t<div class=\"is-divider\"><\/div>\n\t\t\t\t\t                    \n\t\t\t\t\t\n\t\t\t\t\t\n\t\t\t\t\t<\/div>\n\t\t\t\t\t<\/div>\n\t\t\t\t\t\t\t\t\t<\/div>\n\t\t\t<\/div>\n\t\t<\/div><div class=\"col post-item grid-col grid-col-1-2 large-3 medium-6\" >\n\t\t\t<div class=\"col-inner\">\n\t\t\t\t<div class=\"box box-overlay dark box-text-bottom box-blog-post has-hover\">\n            \t\t\t\t\t<div class=\"box-image\" style=\"width:98%;\">\n  \t\t\t\t\t\t<div class=\"image-cover\" style=\"padding-top:56%;\">\n\t\t\t\t\t\t\t<a href=\"https:\/\/pachamamitaecu.org\/en\/2018\/06\/23\/the-legend-of-posorja-the-seer\/\" class=\"plain\" aria-label=\"Posorja, la vidente\">\n\t\t\t\t\t\t\t\t<img decoding=\"async\" width=\"280\" height=\"280\" data-src=\"https:\/\/pachamamitaecu.org\/wp-content\/uploads\/2018\/06\/Sin-titulo-1640-\u00d7-224-px-1640-\u00d7-333-px-280x280.png\" class=\"attachment-thumbnail size-thumbnail wp-post-image lazyload\" alt=\"\" src=\"data:image\/svg+xml;base64,PHN2ZyB3aWR0aD0iMSIgaGVpZ2h0PSIxIiB4bWxucz0iaHR0cDovL3d3dy53My5vcmcvMjAwMC9zdmciPjwvc3ZnPg==\" style=\"--smush-placeholder-width: 280px; --smush-placeholder-aspect-ratio: 280\/280;\" \/>\t\t\t\t\t\t\t<\/a>\n  \t\t\t\t\t\t\t<div class=\"overlay\" style=\"background-color: rgba(133, 76, 76, 0)\"><\/div>  \t\t\t\t\t\t\t  \t\t\t\t\t\t<\/div>\n  \t\t\t\t\t\t  \t\t\t\t\t<\/div>\n          \t\t\t\t\t<div class=\"box-text text-center is-large\" style=\"background-color:rgba(35, 18, 18, 0.25);\">\n\t\t\t\t\t<div class=\"box-text-inner blog-post-inner\">\n\n\t\t\t\t\t\n\t\t\t\t\t\t\t\t\t\t<h5 class=\"post-title is-small \">\n\t\t\t\t\t\t<a href=\"https:\/\/pachamamitaecu.org\/en\/2018\/06\/23\/the-legend-of-posorja-the-seer\/\" class=\"plain\">Posorja, la vidente<\/a>\n\t\t\t\t\t<\/h5>\n\t\t\t\t\t\t\t\t\t\t<div class=\"is-divider\"><\/div>\n\t\t\t\t\t                    \n\t\t\t\t\t\n\t\t\t\t\t\n\t\t\t\t\t<\/div>\n\t\t\t\t\t<\/div>\n\t\t\t\t\t\t\t\t\t<\/div>\n\t\t\t<\/div>\n\t\t<\/div><div class=\"col post-item grid-col grid-col-1-2 large-3 medium-6\" >\n\t\t\t<div class=\"col-inner\">\n\t\t\t\t<div class=\"box box-overlay dark box-text-bottom box-blog-post has-hover\">\n            \t\t\t\t\t<div class=\"box-image\" style=\"width:98%;\">\n  \t\t\t\t\t\t<div class=\"image-cover\" style=\"padding-top:56%;\">\n\t\t\t\t\t\t\t<a href=\"https:\/\/pachamamitaecu.org\/en\/2018\/05\/08\/mochica-sumpa-3-the-lovers-of-sumpa-narration\/\" class=\"plain\" aria-label=\"Mochica Sumpa 3: LOS AMANTES DE SUMPA (Narracion)\">\n\t\t\t\t\t\t\t\t<img decoding=\"async\" width=\"280\" height=\"280\" data-src=\"https:\/\/pachamamitaecu.org\/wp-content\/uploads\/2018\/05\/aman-2-280x280.jpg\" class=\"attachment-thumbnail size-thumbnail wp-post-image lazyload\" alt=\"\" src=\"data:image\/svg+xml;base64,PHN2ZyB3aWR0aD0iMSIgaGVpZ2h0PSIxIiB4bWxucz0iaHR0cDovL3d3dy53My5vcmcvMjAwMC9zdmciPjwvc3ZnPg==\" style=\"--smush-placeholder-width: 280px; --smush-placeholder-aspect-ratio: 280\/280;\" \/>\t\t\t\t\t\t\t<\/a>\n  \t\t\t\t\t\t\t<div class=\"overlay\" style=\"background-color: rgba(133, 76, 76, 0)\"><\/div>  \t\t\t\t\t\t\t  \t\t\t\t\t\t<\/div>\n  \t\t\t\t\t\t  \t\t\t\t\t<\/div>\n          \t\t\t\t\t<div class=\"box-text text-center is-large\" style=\"background-color:rgba(35, 18, 18, 0.25);\">\n\t\t\t\t\t<div class=\"box-text-inner blog-post-inner\">\n\n\t\t\t\t\t\n\t\t\t\t\t\t\t\t\t\t<h5 class=\"post-title is-small \">\n\t\t\t\t\t\t<a href=\"https:\/\/pachamamitaecu.org\/en\/2018\/05\/08\/mochica-sumpa-3-the-lovers-of-sumpa-narration\/\" class=\"plain\">Mochica Sumpa 3: LOS AMANTES DE SUMPA (Narracion)<\/a>\n\t\t\t\t\t<\/h5>\n\t\t\t\t\t\t\t\t\t\t<div class=\"is-divider\"><\/div>\n\t\t\t\t\t                    \n\t\t\t\t\t\n\t\t\t\t\t\n\t\t\t\t\t<\/div>\n\t\t\t\t\t<\/div>\n\t\t\t\t\t\t\t\t\t<\/div>\n\t\t\t<\/div>\n\t\t<\/div><div class=\"col post-item grid-col grid-col-1-2 large-3 medium-6\" >\n\t\t\t<div class=\"col-inner\">\n\t\t\t\t<div class=\"box box-overlay dark box-text-bottom box-blog-post has-hover\">\n            \t\t\t\t\t<div class=\"box-image\" style=\"width:98%;\">\n  \t\t\t\t\t\t<div class=\"image-cover\" style=\"padding-top:56%;\">\n\t\t\t\t\t\t\t<a href=\"https:\/\/pachamamitaecu.org\/en\/2018\/05\/08\/envy-the-sumpa-lovers\/\" class=\"plain\" aria-label=\"ENVIDIA A LOS AMANTES DE SUMPA\">\n\t\t\t\t\t\t\t\t<img decoding=\"async\" width=\"280\" height=\"280\" data-src=\"https:\/\/pachamamitaecu.org\/wp-content\/uploads\/2018\/05\/aman-3-280x280.jpg\" class=\"attachment-thumbnail size-thumbnail wp-post-image lazyload\" alt=\"\" src=\"data:image\/svg+xml;base64,PHN2ZyB3aWR0aD0iMSIgaGVpZ2h0PSIxIiB4bWxucz0iaHR0cDovL3d3dy53My5vcmcvMjAwMC9zdmciPjwvc3ZnPg==\" style=\"--smush-placeholder-width: 280px; --smush-placeholder-aspect-ratio: 280\/280;\" \/>\t\t\t\t\t\t\t<\/a>\n  \t\t\t\t\t\t\t<div class=\"overlay\" style=\"background-color: rgba(133, 76, 76, 0)\"><\/div>  \t\t\t\t\t\t\t  \t\t\t\t\t\t<\/div>\n  \t\t\t\t\t\t  \t\t\t\t\t<\/div>\n          \t\t\t\t\t<div class=\"box-text text-center is-large\" style=\"background-color:rgba(35, 18, 18, 0.25);\">\n\t\t\t\t\t<div class=\"box-text-inner blog-post-inner\">\n\n\t\t\t\t\t\n\t\t\t\t\t\t\t\t\t\t<h5 class=\"post-title is-small \">\n\t\t\t\t\t\t<a href=\"https:\/\/pachamamitaecu.org\/en\/2018\/05\/08\/envy-the-sumpa-lovers\/\" class=\"plain\">ENVIDIA A LOS AMANTES DE SUMPA<\/a>\n\t\t\t\t\t<\/h5>\n\t\t\t\t\t\t\t\t\t\t<div class=\"is-divider\"><\/div>\n\t\t\t\t\t                    \n\t\t\t\t\t\n\t\t\t\t\t\n\t\t\t\t\t<\/div>\n\t\t\t\t\t<\/div>\n\t\t\t\t\t\t\t\t\t<\/div>\n\t\t\t<\/div>\n\t\t<\/div><div class=\"col post-item grid-col grid-col-1-2 large-3 medium-6\" >\n\t\t\t<div class=\"col-inner\">\n\t\t\t\t<div class=\"box box-overlay dark box-text-bottom box-blog-post has-hover\">\n            \t\t\t\t\t<div class=\"box-image\" style=\"width:98%;\">\n  \t\t\t\t\t\t<div class=\"image-cover\" style=\"padding-top:56%;\">\n\t\t\t\t\t\t\t<a href=\"https:\/\/pachamamitaecu.org\/en\/2018\/05\/08\/sumpa-the-oldest-town-on-the-ecuadorian-coast-by-hugo-calle-forrest\/\" class=\"plain\" aria-label=\"Sumpa, el poblado mas antiguo de la costa ecuatoriana   Por Hugo Calle Forrest\">\n\t\t\t\t\t\t\t\t<img decoding=\"async\" width=\"280\" height=\"280\" data-src=\"https:\/\/pachamamitaecu.org\/wp-content\/uploads\/2018\/05\/costa023-1-280x280.jpg\" class=\"attachment-thumbnail size-thumbnail wp-post-image lazyload\" alt=\"\" src=\"data:image\/svg+xml;base64,PHN2ZyB3aWR0aD0iMSIgaGVpZ2h0PSIxIiB4bWxucz0iaHR0cDovL3d3dy53My5vcmcvMjAwMC9zdmciPjwvc3ZnPg==\" style=\"--smush-placeholder-width: 280px; --smush-placeholder-aspect-ratio: 280\/280;\" \/>\t\t\t\t\t\t\t<\/a>\n  \t\t\t\t\t\t\t<div class=\"overlay\" style=\"background-color: rgba(133, 76, 76, 0)\"><\/div>  \t\t\t\t\t\t\t  \t\t\t\t\t\t<\/div>\n  \t\t\t\t\t\t  \t\t\t\t\t<\/div>\n          \t\t\t\t\t<div class=\"box-text text-center is-large\" style=\"background-color:rgba(35, 18, 18, 0.25);\">\n\t\t\t\t\t<div class=\"box-text-inner blog-post-inner\">\n\n\t\t\t\t\t\n\t\t\t\t\t\t\t\t\t\t<h5 class=\"post-title is-small \">\n\t\t\t\t\t\t<a href=\"https:\/\/pachamamitaecu.org\/en\/2018\/05\/08\/sumpa-the-oldest-town-on-the-ecuadorian-coast-by-hugo-calle-forrest\/\" class=\"plain\">Sumpa, el poblado mas antiguo de la costa ecuatoriana   Por Hugo Calle Forrest<\/a>\n\t\t\t\t\t<\/h5>\n\t\t\t\t\t\t\t\t\t\t<div class=\"is-divider\"><\/div>\n\t\t\t\t\t                    \n\t\t\t\t\t\n\t\t\t\t\t\n\t\t\t\t\t<\/div>\n\t\t\t\t\t<\/div>\n\t\t\t\t\t\t\t\t\t<\/div>\n\t\t\t<\/div>\n\t\t<\/div><div class=\"col post-item grid-col grid-col-1-2 large-3 medium-6\" >\n\t\t\t<div class=\"col-inner\">\n\t\t\t\t<div class=\"box box-overlay dark box-text-bottom box-blog-post has-hover\">\n            \t\t\t\t\t<div class=\"box-image\" style=\"width:98%;\">\n  \t\t\t\t\t\t<div class=\"image-cover\" style=\"padding-top:56%;\">\n\t\t\t\t\t\t\t<a href=\"https:\/\/pachamamitaecu.org\/en\/2018\/03\/29\/the-enigmatic-and-endangered-world-of-seahorses\/\" class=\"plain\" aria-label=\"El enigm\u00e1tico y amenazado mundo de los caballitos de mar\">\n\t\t\t\t\t\t\t\t<img decoding=\"async\" width=\"250\" height=\"280\" data-src=\"https:\/\/pachamamitaecu.org\/wp-content\/uploads\/2018\/03\/caballitos_ETalledo_28042011-1-250x280.jpg\" class=\"attachment-thumbnail size-thumbnail wp-post-image lazyload\" alt=\"\" src=\"data:image\/svg+xml;base64,PHN2ZyB3aWR0aD0iMSIgaGVpZ2h0PSIxIiB4bWxucz0iaHR0cDovL3d3dy53My5vcmcvMjAwMC9zdmciPjwvc3ZnPg==\" style=\"--smush-placeholder-width: 250px; --smush-placeholder-aspect-ratio: 250\/280;\" \/>\t\t\t\t\t\t\t<\/a>\n  \t\t\t\t\t\t\t<div class=\"overlay\" style=\"background-color: rgba(133, 76, 76, 0)\"><\/div>  \t\t\t\t\t\t\t  \t\t\t\t\t\t<\/div>\n  \t\t\t\t\t\t  \t\t\t\t\t<\/div>\n          \t\t\t\t\t<div class=\"box-text text-center is-large\" style=\"background-color:rgba(35, 18, 18, 0.25);\">\n\t\t\t\t\t<div class=\"box-text-inner blog-post-inner\">\n\n\t\t\t\t\t\n\t\t\t\t\t\t\t\t\t\t<h5 class=\"post-title is-small \">\n\t\t\t\t\t\t<a href=\"https:\/\/pachamamitaecu.org\/en\/2018\/03\/29\/the-enigmatic-and-endangered-world-of-seahorses\/\" class=\"plain\">El enigm\u00e1tico y amenazado mundo de los caballitos de mar<\/a>\n\t\t\t\t\t<\/h5>\n\t\t\t\t\t\t\t\t\t\t<div class=\"is-divider\"><\/div>\n\t\t\t\t\t                    \n\t\t\t\t\t\n\t\t\t\t\t\n\t\t\t\t\t<\/div>\n\t\t\t\t\t<\/div>\n\t\t\t\t\t\t\t\t\t<\/div>\n\t\t\t<\/div>\n\t\t<\/div><div class=\"col post-item grid-col grid-col-1-2 large-3 medium-6\" >\n\t\t\t<div class=\"col-inner\">\n\t\t\t\t<div class=\"box box-overlay dark box-text-bottom box-blog-post has-hover\">\n            \t\t\t\t\t<div class=\"box-image\" style=\"width:98%;\">\n  \t\t\t\t\t\t<div class=\"image-cover\" style=\"padding-top:56%;\">\n\t\t\t\t\t\t\t<a href=\"https:\/\/pachamamitaecu.org\/en\/2018\/03\/29\/responsible-snorkeling-guide-in-coral-reef-areas\/\" class=\"plain\" aria-label=\"Gu\u00eda de Snorkeling Responsable en \u00e1reas coralinas.\">\n\t\t\t\t\t\t\t\t<img decoding=\"async\" width=\"280\" height=\"280\" data-src=\"https:\/\/pachamamitaecu.org\/wp-content\/uploads\/2018\/03\/Snorkel-1-280x280.jpg\" class=\"attachment-thumbnail size-thumbnail wp-post-image lazyload\" alt=\"\" src=\"data:image\/svg+xml;base64,PHN2ZyB3aWR0aD0iMSIgaGVpZ2h0PSIxIiB4bWxucz0iaHR0cDovL3d3dy53My5vcmcvMjAwMC9zdmciPjwvc3ZnPg==\" style=\"--smush-placeholder-width: 280px; --smush-placeholder-aspect-ratio: 280\/280;\" \/>\t\t\t\t\t\t\t<\/a>\n  \t\t\t\t\t\t\t<div class=\"overlay\" style=\"background-color: rgba(133, 76, 76, 0)\"><\/div>  \t\t\t\t\t\t\t  \t\t\t\t\t\t<\/div>\n  \t\t\t\t\t\t  \t\t\t\t\t<\/div>\n          \t\t\t\t\t<div class=\"box-text text-center is-large\" style=\"background-color:rgba(35, 18, 18, 0.25);\">\n\t\t\t\t\t<div class=\"box-text-inner blog-post-inner\">\n\n\t\t\t\t\t\n\t\t\t\t\t\t\t\t\t\t<h5 class=\"post-title is-small \">\n\t\t\t\t\t\t<a href=\"https:\/\/pachamamitaecu.org\/en\/2018\/03\/29\/responsible-snorkeling-guide-in-coral-reef-areas\/\" class=\"plain\">Gu\u00eda de Snorkeling Responsable en \u00e1reas coralinas.<\/a>\n\t\t\t\t\t<\/h5>\n\t\t\t\t\t\t\t\t\t\t<div class=\"is-divider\"><\/div>\n\t\t\t\t\t                    \n\t\t\t\t\t\n\t\t\t\t\t\n\t\t\t\t\t<\/div>\n\t\t\t\t\t<\/div>\n\t\t\t\t\t\t\t\t\t<\/div>\n\t\t\t<\/div>\n\t\t<\/div><div class=\"col post-item grid-col grid-col-1-2 large-3 medium-6\" >\n\t\t\t<div class=\"col-inner\">\n\t\t\t\t<div class=\"box box-overlay dark box-text-bottom box-blog-post has-hover\">\n            \t\t\t\t\t<div class=\"box-image\" style=\"width:98%;\">\n  \t\t\t\t\t\t<div class=\"image-cover\" style=\"padding-top:56%;\">\n\t\t\t\t\t\t\t<a href=\"https:\/\/pachamamitaecu.org\/en\/2018\/03\/29\/ancestral-agriculture-an-answer-for-the-future\/\" class=\"plain\" aria-label=\"Agricultura Ancestral: una respuesta para el futuro.\">\n\t\t\t\t\t\t\t\t<img decoding=\"async\" width=\"280\" height=\"280\" data-src=\"https:\/\/pachamamitaecu.org\/wp-content\/uploads\/2018\/03\/ec_xlarge-280x280.jpg\" class=\"attachment-thumbnail size-thumbnail wp-post-image lazyload\" alt=\"\" src=\"data:image\/svg+xml;base64,PHN2ZyB3aWR0aD0iMSIgaGVpZ2h0PSIxIiB4bWxucz0iaHR0cDovL3d3dy53My5vcmcvMjAwMC9zdmciPjwvc3ZnPg==\" style=\"--smush-placeholder-width: 280px; --smush-placeholder-aspect-ratio: 280\/280;\" \/>\t\t\t\t\t\t\t<\/a>\n  \t\t\t\t\t\t\t<div class=\"overlay\" style=\"background-color: rgba(133, 76, 76, 0)\"><\/div>  \t\t\t\t\t\t\t  \t\t\t\t\t\t<\/div>\n  \t\t\t\t\t\t  \t\t\t\t\t<\/div>\n          \t\t\t\t\t<div class=\"box-text text-center is-large\" style=\"background-color:rgba(35, 18, 18, 0.25);\">\n\t\t\t\t\t<div class=\"box-text-inner blog-post-inner\">\n\n\t\t\t\t\t\n\t\t\t\t\t\t\t\t\t\t<h5 class=\"post-title is-small \">\n\t\t\t\t\t\t<a href=\"https:\/\/pachamamitaecu.org\/en\/2018\/03\/29\/ancestral-agriculture-an-answer-for-the-future\/\" class=\"plain\">Agricultura Ancestral: una respuesta para el futuro.<\/a>\n\t\t\t\t\t<\/h5>\n\t\t\t\t\t\t\t\t\t\t<div class=\"is-divider\"><\/div>\n\t\t\t\t\t                    \n\t\t\t\t\t\n\t\t\t\t\t\n\t\t\t\t\t<\/div>\n\t\t\t\t\t<\/div>\n\t\t\t\t\t\t\t\t\t<\/div>\n\t\t\t<\/div>\n\t\t<\/div><\/div>\t\t<div class=\"ux-relay__control ux-relay__control--bottom container pb-half text-center\">\n\t\t\t<ul class=\"ux-relay__pagination page-numbers nav-pagination links\"><li><span aria-current=\"page\" class=\"page-number current\">1<\/span><\/li><li><a class=\"page-number\" href=\"#\/page\/2\">2<\/a><\/li><li><a class=\"page-number\" href=\"#\/page\/3\">3<\/a><\/li><li><a class=\"page-number\" href=\"#\/page\/4\">4<\/a><\/li><li><span class=\"page-number dots\">&hellip;<\/span><\/li><li><a class=\"page-number\" href=\"#\/page\/9\">9<\/a><\/li><li><a aria-label=\"Next\" class=\"next page-number\" href=\"#\/page\/2\"><i class=\"icon-angle-right\" ><\/i><\/a><\/li><\/ul>\t\t<\/div>\n\t\t\t\t<\/div>\n\t\t\n\n\n\t\t<\/div>\n\t\t\t\t\t<\/div>\n\n\t\n\n<\/div>\n\n\t\t<\/div>\n\t\t\t\t\t<\/div>\n\n\t\n\n<\/div>\n\n\t\t<\/div>\n\n\t\t\n<style>\n#section_1102661588 {\n  padding-top: 30px;\n  padding-bottom: 30px;\n}\n<\/style>\n\t<\/section>\n\t\n\n\t<section class=\"section\" id=\"section_43174703\">\n\t\t<div class=\"section-bg fill\" >\n\t\t\t\t\t\t\t\t\t\n\t\t\t\n\n\t\t<\/div>\n\n\t\t\n\n\t\t<div class=\"section-content relative\">\n\t\t\t\n\n<div class=\"row align-equal align-center row-solid\"  id=\"row-493846843\">\n\n\n\t<div id=\"col-459292082\" class=\"col small-12 large-12\"  >\n\t\t\t\t<div class=\"col-inner\" style=\"background-color:rgb(26, 21, 57);\" >\n\t\t\t\n\t\t\t\n\n<div class=\"row\"  id=\"row-970030845\">\n\n\n\t<div id=\"col-81899857\" class=\"col medium-8 small-12 large-8\"  data-animate=\"bounceInUp\">\n\t\t\t\t<div class=\"col-inner\"  >\n\t\t\t\n\t\t\t\n\n\t<div id=\"gap-1910740184\" class=\"gap-element clearfix\" style=\"display:block; height:auto;\">\n\t\t\n<style>\n#gap-1910740184 {\n  padding-top: 25px;\n}\n<\/style>\n\t<\/div>\n\t\n\n\t<div id=\"text-3726119822\" class=\"text\">\n\t\t\n\n<p><span style=\"font-size: 350%;\"><strong><span style=\"color: #ffff00;\" data-line-height=\"xs\">ESCRIBE CON<\/span><\/strong><\/span><span style=\"font-size: 350%;\"><strong><span style=\"color: #ffff00;\" data-line-height=\"xs\">\u00a0 \u00a0 \u00a0 \u00a0 \u00a0 \u00a0 \u00a0 \u00a0 \u00a0 \u00a0 \u00a0 \u00a0 \u00a0 \u00a0 \u00a0 \u00a0 \u00a0 \u00a0 NOSOTROS<\/span><\/strong><\/span><\/p>\n\t\t\n<style>\n#text-3726119822 {\n  line-height: 1.2;\n  text-align: center;\n}\n<\/style>\n\t<\/div>\n\t\n\n\t\t<\/div>\n\t\t\t\t\t<\/div>\n\n\t\n\n\t<div id=\"col-983296577\" class=\"col medium-4 small-12 large-4\"  >\n\t\t\t\t<div class=\"col-inner\"  >\n\t\t\t\n\t\t\t\n\n\t<div id=\"gap-1700272729\" class=\"gap-element clearfix\" style=\"display:block; height:auto;\">\n\t\t\n<style>\n#gap-1700272729 {\n  padding-top: 35px;\n}\n<\/style>\n\t<\/div>\n\t\n\n<a data-animate=\"fadeInRight\" class=\"button white is-bevel is-larger\"  style=\"border-radius:15px;\">\n\t\t<span>CONOCE LOS T\u00c9RMINOS Y CONDICIONES<\/span>\n\t<\/a>\n\n\n\n\t\t<\/div>\n\t\t\t\t\t<\/div>\n\n\t\n\n<\/div>\n\n\t\t<\/div>\n\t\t\t\t\t<\/div>\n\n\t\n\n\n<style>\n#row-493846843 > .col > .col-inner {\n  background-color: rgb(17, 26, 19);\n  border-radius: 33px;\n}\n<\/style>\n<\/div>\n\n\t\t<\/div>\n\n\t\t\n<style>\n#section_43174703 {\n  padding-top: 30px;\n  padding-bottom: 30px;\n}\n<\/style>\n\t<\/section>\n\t\n\n\t\t<\/div>\n\t\t\t\t\t<\/div>\n\n\t\n\n\n<style>\n#row-1284904808 > .col > .col-inner {\n  background-color: rgb(255, 252, 233);\n}\n<\/style>\n<\/div>\n\n\t<section class=\"section\" id=\"section_1489268475\">\n\t\t<div class=\"section-bg fill\" >\n\t\t\t\t\t\t\t\t\t\n\t\t\t\n\n\t\t<\/div>\n\n\t\t\n\n\t\t<div class=\"section-content relative\">\n\t\t\t\n\n<div class=\"row\"  id=\"row-1956180673\">\n\n\n\t<div id=\"col-730072580\" class=\"col medium-2 small-12 large-2\"  >\n\t\t\t\t<div class=\"col-inner\"  >\n\t\t\t\n\t\t\t\n\n\n\t\t<\/div>\n\t\t\t\t\t<\/div>\n\n\t\n\n\t<div id=\"col-349204577\" class=\"col medium-8 small-12 large-8\"  >\n\t\t\t\t<div class=\"col-inner\"  >\n\t\t\t\n\t\t\t\n\n\t<div id=\"text-1568627073\" class=\"text\">\n\t\t\n\n<h2><span style=\"font-size: 200%; color: #ffffff;\">AGROECOLOGIA<\/span><\/h2>\n\t\t\n<style>\n#text-1568627073 {\n  text-align: center;\n}\n<\/style>\n\t<\/div>\n\t\n\n\t\t<\/div>\n\t\t\t\t\t<\/div>\n\n\t\n\n\t<div id=\"col-687862387\" class=\"col medium-2 small-12 large-2\"  >\n\t\t\t\t<div class=\"col-inner\"  >\n\t\t\t\n\t\t\t\n\n\n\t\t<\/div>\n\t\t\t\t\t<\/div>\n\n\t\n\n<\/div>\n<div class=\"row\"  id=\"row-799503042\">\n\n\n\t<div id=\"col-1638980494\" class=\"col small-12 large-12\"  >\n\t\t\t\t<div class=\"col-inner\"  >\n\t\t\t\n\t\t\t\n\n  <style>\n    #row-1081680835 .grid-col-1{height: 300px}\n    #row-1081680835 .grid-col-1-2{height: 150px}\n    #row-1081680835 .grid-col-1-3{height:100px}\n    #row-1081680835 .grid-col-2-3{height: 200px}\n    #row-1081680835 .grid-col-1-4{height: 75px}\n    #row-1081680835 .grid-col-3-4{height: 225px}\n\n\n        \/* Tablet *\/\n    @media (max-width: 850px){\n      #row-1081680835 .grid-col-1{height: 200px}\n      #row-1081680835 .grid-col-1-2{height: 100px}\n      #row-1081680835 .grid-col-1-3{height:66.666666666667px}\n      #row-1081680835 .grid-col-2-3{height: 133.33333333333px}\n      #row-1081680835 .grid-col-1-4{height: 50px}\n      #row-1081680835 .grid-col-3-4{height: 150px}\n    }\n    \n        \/* Mobile *\/\n    @media (max-width: 550px){\n      #row-1081680835 .grid-col-1{height: 200px}\n      #row-1081680835 .grid-col-1-2{height: 100px}\n      #row-1081680835 .grid-col-1-3{height:66.666666666667px}\n      #row-1081680835 .grid-col-2-3{height: 133.33333333333px}\n      #row-1081680835 .grid-col-1-4{height: 50px}\n      #row-1081680835 .grid-col-3-4{height: 150px}\n    }\n    \n\n  <\/style>\n  \n  \n    <div id=\"row-1081680835\" class=\"row row-small row-grid\" data-packery-options='{\"itemSelector\": \".col\", \"gutter\": 0, \"presentageWidth\" : true}'>\n\n  <div class=\"col post-item grid-col grid-col-1 large-3 medium-6\" data-animate=\"bounceInLeft\">\n\t\t\t<div class=\"col-inner\">\n\t\t\t\t<div class=\"box box-overlay dark box-text-bottom box-blog-post has-hover\">\n            \t\t\t\t\t<div class=\"box-image\" style=\"border-radius:4%;\">\n  \t\t\t\t\t\t<div class=\"image-cover\" style=\"padding-top:56%;\">\n\t\t\t\t\t\t\t<a href=\"https:\/\/pachamamitaecu.org\/en\/2017\/06\/09\/why-did-europe-kick-out-genetically-modified-crops-from-its-fields\/\" class=\"plain\" aria-label=\"Por qu\u00e9 Europa ech\u00f3 de sus campos a los cultivos transg\u00e9nicos\">\n\t\t\t\t\t\t\t\t<img decoding=\"async\" width=\"343\" height=\"500\" data-src=\"https:\/\/pachamamitaecu.org\/wp-content\/uploads\/2017\/06\/europa-libre-transgenicos-2.jpg\" class=\"attachment-large size-large wp-post-image lazyload\" alt=\"Pa\u00edses de Europa libres de OGM (transg\u00e9nicos)\" data-srcset=\"https:\/\/pachamamitaecu.org\/wp-content\/uploads\/2017\/06\/europa-libre-transgenicos-2.jpg 343w, https:\/\/pachamamitaecu.org\/wp-content\/uploads\/2017\/06\/europa-libre-transgenicos-2-274x400.jpg 274w\" data-sizes=\"(max-width: 343px) 100vw, 343px\" src=\"data:image\/svg+xml;base64,PHN2ZyB3aWR0aD0iMSIgaGVpZ2h0PSIxIiB4bWxucz0iaHR0cDovL3d3dy53My5vcmcvMjAwMC9zdmciPjwvc3ZnPg==\" style=\"--smush-placeholder-width: 343px; --smush-placeholder-aspect-ratio: 343\/500;\" \/>\t\t\t\t\t\t\t<\/a>\n  \t\t\t\t\t\t\t<div class=\"overlay\" style=\"background-color: rgba(26, 30, 102, 0.459)\"><\/div>  \t\t\t\t\t\t\t  \t\t\t\t\t\t<\/div>\n  \t\t\t\t\t\t  \t\t\t\t\t<\/div>\n          \t\t\t\t\t<div class=\"box-text text-center\" >\n\t\t\t\t\t<div class=\"box-text-inner blog-post-inner\">\n\n\t\t\t\t\t\n\t\t\t\t\t\t\t\t\t\t<h5 class=\"post-title is-larger \">\n\t\t\t\t\t\t<a href=\"https:\/\/pachamamitaecu.org\/en\/2017\/06\/09\/why-did-europe-kick-out-genetically-modified-crops-from-its-fields\/\" class=\"plain\">Por qu\u00e9 Europa ech\u00f3 de sus campos a los cultivos transg\u00e9nicos<\/a>\n\t\t\t\t\t<\/h5>\n\t\t\t\t\t\t\t\t\t\t<div class=\"is-divider\"><\/div>\n\t\t\t\t\t                    \n\t\t\t\t\t\n\t\t\t\t\t\n\t\t\t\t\t<\/div>\n\t\t\t\t\t<\/div>\n\t\t\t\t\t\t\t\t\t<\/div>\n\t\t\t<\/div>\n\t\t<\/div><div class=\"col post-item grid-col grid-col-1 large-3 medium-6\" data-animate=\"bounceInLeft\">\n\t\t\t<div class=\"col-inner\">\n\t\t\t\t<div class=\"box box-overlay dark box-text-bottom box-blog-post has-hover\">\n            \t\t\t\t\t<div class=\"box-image\" style=\"border-radius:4%;\">\n  \t\t\t\t\t\t<div class=\"image-cover\" style=\"padding-top:56%;\">\n\t\t\t\t\t\t\t<a href=\"https:\/\/pachamamitaecu.org\/en\/2014\/03\/24\/transgenic-soy-is-sold-in-ecuador-without-consumers-knowing-it\/\" class=\"plain\" aria-label=\"En Ecuador se vende soya transg\u00e9nica sin que los consumidores lo sepan.\">\n\t\t\t\t\t\t\t\t<img decoding=\"async\" width=\"970\" height=\"546\" data-src=\"https:\/\/pachamamitaecu.org\/wp-content\/uploads\/2014\/03\/soya-transgenica.jpg\" class=\"attachment-large size-large wp-post-image lazyload\" alt=\"\" data-srcset=\"https:\/\/pachamamitaecu.org\/wp-content\/uploads\/2014\/03\/soya-transgenica.jpg 970w, https:\/\/pachamamitaecu.org\/wp-content\/uploads\/2014\/03\/soya-transgenica-711x400.jpg 711w, https:\/\/pachamamitaecu.org\/wp-content\/uploads\/2014\/03\/soya-transgenica-768x432.jpg 768w\" data-sizes=\"(max-width: 970px) 100vw, 970px\" src=\"data:image\/svg+xml;base64,PHN2ZyB3aWR0aD0iMSIgaGVpZ2h0PSIxIiB4bWxucz0iaHR0cDovL3d3dy53My5vcmcvMjAwMC9zdmciPjwvc3ZnPg==\" style=\"--smush-placeholder-width: 970px; --smush-placeholder-aspect-ratio: 970\/546;\" \/>\t\t\t\t\t\t\t<\/a>\n  \t\t\t\t\t\t\t<div class=\"overlay\" style=\"background-color: rgba(26, 30, 102, 0.459)\"><\/div>  \t\t\t\t\t\t\t  \t\t\t\t\t\t<\/div>\n  \t\t\t\t\t\t  \t\t\t\t\t<\/div>\n          \t\t\t\t\t<div class=\"box-text text-center\" >\n\t\t\t\t\t<div class=\"box-text-inner blog-post-inner\">\n\n\t\t\t\t\t\n\t\t\t\t\t\t\t\t\t\t<h5 class=\"post-title is-larger \">\n\t\t\t\t\t\t<a href=\"https:\/\/pachamamitaecu.org\/en\/2014\/03\/24\/transgenic-soy-is-sold-in-ecuador-without-consumers-knowing-it\/\" class=\"plain\">En Ecuador se vende soya transg\u00e9nica sin que los consumidores lo sepan.<\/a>\n\t\t\t\t\t<\/h5>\n\t\t\t\t\t\t\t\t\t\t<div class=\"is-divider\"><\/div>\n\t\t\t\t\t                    \n\t\t\t\t\t\n\t\t\t\t\t\n\t\t\t\t\t<\/div>\n\t\t\t\t\t<\/div>\n\t\t\t\t\t\t\t\t\t<\/div>\n\t\t\t<\/div>\n\t\t<\/div><div class=\"col post-item grid-col grid-col-1 large-3 medium-6\" data-animate=\"bounceInLeft\">\n\t\t\t<div class=\"col-inner\">\n\t\t\t\t<div class=\"box box-overlay dark box-text-bottom box-blog-post has-hover\">\n            \t\t\t\t\t<div class=\"box-image\" style=\"border-radius:4%;\">\n  \t\t\t\t\t\t<div class=\"image-cover\" style=\"padding-top:56%;\">\n\t\t\t\t\t\t\t<a href=\"https:\/\/pachamamitaecu.org\/en\/2017\/10\/14\/agroecology-and-local-markets-why-consume-agroecological-products\/\" class=\"plain\" aria-label=\"AGROECOLOG\u00cdA Y MERCADOS LOCALES \u00bfPor qu\u00e9 consumir productos agroecol\u00f3gicos?\">\n\t\t\t\t\t\t\t\t<img decoding=\"async\" width=\"320\" height=\"240\" data-src=\"https:\/\/pachamamitaecu.org\/wp-content\/uploads\/2017\/10\/Mercados-locales-y-agroecologicos.jpg\" class=\"attachment-large size-large wp-post-image lazyload\" alt=\"Mercados locales y agroecol\u00f3gicos en Ecuador\" src=\"data:image\/svg+xml;base64,PHN2ZyB3aWR0aD0iMSIgaGVpZ2h0PSIxIiB4bWxucz0iaHR0cDovL3d3dy53My5vcmcvMjAwMC9zdmciPjwvc3ZnPg==\" style=\"--smush-placeholder-width: 320px; --smush-placeholder-aspect-ratio: 320\/240;\" \/>\t\t\t\t\t\t\t<\/a>\n  \t\t\t\t\t\t\t<div class=\"overlay\" style=\"background-color: rgba(26, 30, 102, 0.459)\"><\/div>  \t\t\t\t\t\t\t  \t\t\t\t\t\t<\/div>\n  \t\t\t\t\t\t  \t\t\t\t\t<\/div>\n          \t\t\t\t\t<div class=\"box-text text-center\" >\n\t\t\t\t\t<div class=\"box-text-inner blog-post-inner\">\n\n\t\t\t\t\t\n\t\t\t\t\t\t\t\t\t\t<h5 class=\"post-title is-larger \">\n\t\t\t\t\t\t<a href=\"https:\/\/pachamamitaecu.org\/en\/2017\/10\/14\/agroecology-and-local-markets-why-consume-agroecological-products\/\" class=\"plain\">AGROECOLOG\u00cdA Y MERCADOS LOCALES \u00bfPor qu\u00e9 consumir productos agroecol\u00f3gicos?<\/a>\n\t\t\t\t\t<\/h5>\n\t\t\t\t\t\t\t\t\t\t<div class=\"is-divider\"><\/div>\n\t\t\t\t\t                    \n\t\t\t\t\t\n\t\t\t\t\t\n\t\t\t\t\t<\/div>\n\t\t\t\t\t<\/div>\n\t\t\t\t\t\t\t\t\t<\/div>\n\t\t\t<\/div>\n\t\t<\/div><div class=\"col post-item grid-col grid-col-1 large-3 medium-6\" data-animate=\"bounceInLeft\">\n\t\t\t<div class=\"col-inner\">\n\t\t\t\t<div class=\"box box-overlay dark box-text-bottom box-blog-post has-hover\">\n          \t\t\t\t\t<div class=\"box-text text-center\" >\n\t\t\t\t\t<div class=\"box-text-inner blog-post-inner\">\n\n\t\t\t\t\t\n\t\t\t\t\t\t\t\t\t\t<h5 class=\"post-title is-larger \">\n\t\t\t\t\t\t<a href=\"https:\/\/pachamamitaecu.org\/en\/2014\/01\/21\/cuba-transgenics-vs-agroecology\/\" class=\"plain\">Cuba: transg\u00e9nicos vs. Agroecolog\u00eda<\/a>\n\t\t\t\t\t<\/h5>\n\t\t\t\t\t\t\t\t\t\t<div class=\"is-divider\"><\/div>\n\t\t\t\t\t                    \n\t\t\t\t\t\n\t\t\t\t\t\n\t\t\t\t\t<\/div>\n\t\t\t\t\t<\/div>\n\t\t\t\t\t\t\t\t\t<\/div>\n\t\t\t<\/div>\n\t\t<\/div><div class=\"col post-item grid-col grid-col-1 large-3 medium-6\" data-animate=\"bounceInLeft\">\n\t\t\t<div class=\"col-inner\">\n\t\t\t\t<div class=\"box box-overlay dark box-text-bottom box-blog-post has-hover\">\n          \t\t\t\t\t<div class=\"box-text text-center\" >\n\t\t\t\t\t<div class=\"box-text-inner blog-post-inner\">\n\n\t\t\t\t\t\n\t\t\t\t\t\t\t\t\t\t<h5 class=\"post-title is-larger \">\n\t\t\t\t\t\t<a href=\"https:\/\/pachamamitaecu.org\/en\/2017\/06\/20\/why-transgenic-crops-are-a-threat-to-farmers-food-sovereignty-health-and-agrobiodiversity\/\" class=\"plain\">Por qu\u00e9 los cultivos transg\u00e9nicos son una amenaza a los campesinos, la soberan\u00eda alimentaria, la salud y la agro-biodiversidad?<\/a>\n\t\t\t\t\t<\/h5>\n\t\t\t\t\t\t\t\t\t\t<div class=\"is-divider\"><\/div>\n\t\t\t\t\t                    \n\t\t\t\t\t\n\t\t\t\t\t\n\t\t\t\t\t<\/div>\n\t\t\t\t\t<\/div>\n\t\t\t\t\t\t\t\t\t<\/div>\n\t\t\t<\/div>\n\t\t<\/div><div class=\"col post-item grid-col grid-col-1 large-3 medium-6\" data-animate=\"bounceInLeft\">\n\t\t\t<div class=\"col-inner\">\n\t\t\t\t<div class=\"box box-overlay dark box-text-bottom box-blog-post has-hover\">\n          \t\t\t\t\t<div class=\"box-text text-center\" >\n\t\t\t\t\t<div class=\"box-text-inner blog-post-inner\">\n\n\t\t\t\t\t\n\t\t\t\t\t\t\t\t\t\t<h5 class=\"post-title is-larger \">\n\t\t\t\t\t\t<a href=\"https:\/\/pachamamitaecu.org\/en\/2015\/07\/11\/the-situation-of-transgenics-in-ecuador-2015\/\" class=\"plain\">La situaci\u00f3n de los transg\u00e9nicos en  Ecuador (2015)<\/a>\n\t\t\t\t\t<\/h5>\n\t\t\t\t\t\t\t\t\t\t<div class=\"is-divider\"><\/div>\n\t\t\t\t\t                    \n\t\t\t\t\t\n\t\t\t\t\t\n\t\t\t\t\t<\/div>\n\t\t\t\t\t<\/div>\n\t\t\t\t\t\t\t\t\t<\/div>\n\t\t\t<\/div>\n\t\t<\/div><div class=\"col post-item grid-col grid-col-1 large-3 medium-6\" data-animate=\"bounceInLeft\">\n\t\t\t<div class=\"col-inner\">\n\t\t\t\t<div class=\"box box-overlay dark box-text-bottom box-blog-post has-hover\">\n          \t\t\t\t\t<div class=\"box-text text-center\" >\n\t\t\t\t\t<div class=\"box-text-inner blog-post-inner\">\n\n\t\t\t\t\t\n\t\t\t\t\t\t\t\t\t\t<h5 class=\"post-title is-larger \">\n\t\t\t\t\t\t<a href=\"https:\/\/pachamamitaecu.org\/en\/2014\/05\/10\/gmos-censorship-and-corruption-in-science\/\" class=\"plain\">Transg\u00e9nicos, censura y corrupci\u00f3n en la ciencia.<\/a>\n\t\t\t\t\t<\/h5>\n\t\t\t\t\t\t\t\t\t\t<div class=\"is-divider\"><\/div>\n\t\t\t\t\t                    \n\t\t\t\t\t\n\t\t\t\t\t\n\t\t\t\t\t<\/div>\n\t\t\t\t\t<\/div>\n\t\t\t\t\t\t\t\t\t<\/div>\n\t\t\t<\/div>\n\t\t<\/div><div class=\"col post-item grid-col grid-col-1 large-3 medium-6\" data-animate=\"bounceInLeft\">\n\t\t\t<div class=\"col-inner\">\n\t\t\t\t<div class=\"box box-overlay dark box-text-bottom box-blog-post has-hover\">\n          \t\t\t\t\t<div class=\"box-text text-center\" >\n\t\t\t\t\t<div class=\"box-text-inner blog-post-inner\">\n\n\t\t\t\t\t\n\t\t\t\t\t\t\t\t\t\t<h5 class=\"post-title is-larger \">\n\t\t\t\t\t\t<a href=\"https:\/\/pachamamitaecu.org\/en\/2013\/10\/11\/organic-farming-as-an-alternative-to-gmos\/\" class=\"plain\">La agricultura ecol\u00f3gica como alternativa a los transg\u00e9nicos.<\/a>\n\t\t\t\t\t<\/h5>\n\t\t\t\t\t\t\t\t\t\t<div class=\"is-divider\"><\/div>\n\t\t\t\t\t                    \n\t\t\t\t\t\n\t\t\t\t\t\n\t\t\t\t\t<\/div>\n\t\t\t\t\t<\/div>\n\t\t\t\t\t\t\t\t\t<\/div>\n\t\t\t<\/div>\n\t\t<\/div><div class=\"col post-item grid-col grid-col-1 large-3 medium-6\" data-animate=\"bounceInLeft\">\n\t\t\t<div class=\"col-inner\">\n\t\t\t\t<div class=\"box box-overlay dark box-text-bottom box-blog-post has-hover\">\n          \t\t\t\t\t<div class=\"box-text text-center\" >\n\t\t\t\t\t<div class=\"box-text-inner blog-post-inner\">\n\n\t\t\t\t\t\n\t\t\t\t\t\t\t\t\t\t<h5 class=\"post-title is-larger \">\n\t\t\t\t\t\t<a href=\"https:\/\/pachamamitaecu.org\/en\/2015\/09\/17\/denmark-is-the-first-country-in-the-world-to-have-100-organic-agriculture\/\" class=\"plain\">Dinamarca, el primer pa\u00eds del mundo que tendr\u00e1 agricultura 100% org\u00e1nica<\/a>\n\t\t\t\t\t<\/h5>\n\t\t\t\t\t\t\t\t\t\t<div class=\"is-divider\"><\/div>\n\t\t\t\t\t                    \n\t\t\t\t\t\n\t\t\t\t\t\n\t\t\t\t\t<\/div>\n\t\t\t\t\t<\/div>\n\t\t\t\t\t\t\t\t\t<\/div>\n\t\t\t<\/div>\n\t\t<\/div><div class=\"col post-item grid-col grid-col-1 large-3 medium-6\" data-animate=\"bounceInLeft\">\n\t\t\t<div class=\"col-inner\">\n\t\t\t\t<div class=\"box box-overlay dark box-text-bottom box-blog-post has-hover\">\n          \t\t\t\t\t<div class=\"box-text text-center\" >\n\t\t\t\t\t<div class=\"box-text-inner blog-post-inner\">\n\n\t\t\t\t\t\n\t\t\t\t\t\t\t\t\t\t<h5 class=\"post-title is-larger \">\n\t\t\t\t\t\t<a href=\"https:\/\/pachamamitaecu.org\/en\/2015\/05\/20\/organic-products-to-reduce-pesticides\/\" class=\"plain\">Productos org\u00e1nicos para disminuir los agrot\u00f3xicos<\/a>\n\t\t\t\t\t<\/h5>\n\t\t\t\t\t\t\t\t\t\t<div class=\"is-divider\"><\/div>\n\t\t\t\t\t                    \n\t\t\t\t\t\n\t\t\t\t\t\n\t\t\t\t\t<\/div>\n\t\t\t\t\t<\/div>\n\t\t\t\t\t\t\t\t\t<\/div>\n\t\t\t<\/div>\n\t\t<\/div><div class=\"col post-item grid-col grid-col-1 large-3 medium-6\" data-animate=\"bounceInLeft\">\n\t\t\t<div class=\"col-inner\">\n\t\t\t\t<div class=\"box box-overlay dark box-text-bottom box-blog-post has-hover\">\n          \t\t\t\t\t<div class=\"box-text text-center\" >\n\t\t\t\t\t<div class=\"box-text-inner blog-post-inner\">\n\n\t\t\t\t\t\n\t\t\t\t\t\t\t\t\t\t<h5 class=\"post-title is-larger \">\n\t\t\t\t\t\t<a href=\"https:\/\/pachamamitaecu.org\/en\/2016\/09\/12\/13-reasons-to-have-and-maintain-a-garden-at-home\/\" class=\"plain\">13 razones para tener y mantener un huerto en casa.<\/a>\n\t\t\t\t\t<\/h5>\n\t\t\t\t\t\t\t\t\t\t<div class=\"is-divider\"><\/div>\n\t\t\t\t\t                    \n\t\t\t\t\t\n\t\t\t\t\t\n\t\t\t\t\t<\/div>\n\t\t\t\t\t<\/div>\n\t\t\t\t\t\t\t\t\t<\/div>\n\t\t\t<\/div>\n\t\t<\/div><\/div>\n\n\n\t\t<\/div>\n\t\t\t\t\t<\/div>\n\n\t\n\n<\/div>\n\n\t\t<\/div>\n\n\t\t\n<style>\n#section_1489268475 {\n  padding-top: 30px;\n  padding-bottom: 30px;\n  background-color: rgb(255, 252, 233);\n}\n<\/style>\n\t<\/section>\n\t\n\n\t<section class=\"section\" id=\"section_1463567451\">\n\t\t<div class=\"section-bg fill\" >\n\t\t\t\t\t\t\t\t\t<div class=\"section-bg-overlay absolute fill\"><\/div>\n\t\t\t\n\n\t\t<\/div>\n\n\t\t\n\n\t\t<div class=\"section-content relative\">\n\t\t\t\n\n\t<div id=\"text-3116759782\" class=\"text\">\n\t\t\n\n<h2><span style=\"font-size: 200%; color: #ffffff;\">MITOS Y LEYENDAS DE ECUADOR<\/span><\/h2>\n\t\t\n<style>\n#text-3116759782 {\n  text-align: center;\n}\n<\/style>\n\t<\/div>\n\t\n<div class=\"row\"  id=\"row-918122384\">\n\n\n\t<div id=\"col-1876019876\" class=\"col small-12 large-12\"  >\n\t\t\t\t<div class=\"col-inner\"  >\n\t\t\t\n\t\t\t\n\n  <style>\n    #row-1335239963 .grid-col-1{height: 400px}\n    #row-1335239963 .grid-col-1-2{height: 200px}\n    #row-1335239963 .grid-col-1-3{height:133.33333333333px}\n    #row-1335239963 .grid-col-2-3{height: 266.66666666667px}\n    #row-1335239963 .grid-col-1-4{height: 100px}\n    #row-1335239963 .grid-col-3-4{height: 300px}\n\n\n        \/* Tablet *\/\n    @media (max-width: 850px){\n      #row-1335239963 .grid-col-1{height: 266.66666666667px}\n      #row-1335239963 .grid-col-1-2{height: 133.33333333333px}\n      #row-1335239963 .grid-col-1-3{height:88.888888888889px}\n      #row-1335239963 .grid-col-2-3{height: 177.77777777778px}\n      #row-1335239963 .grid-col-1-4{height: 66.666666666667px}\n      #row-1335239963 .grid-col-3-4{height: 200px}\n    }\n    \n        \/* Mobile *\/\n    @media (max-width: 550px){\n      #row-1335239963 .grid-col-1{height: 266.66666666667px}\n      #row-1335239963 .grid-col-1-2{height: 133.33333333333px}\n      #row-1335239963 .grid-col-1-3{height:88.888888888889px}\n      #row-1335239963 .grid-col-2-3{height: 177.77777777778px}\n      #row-1335239963 .grid-col-1-4{height: 66.666666666667px}\n      #row-1335239963 .grid-col-3-4{height: 200px}\n    }\n    \n\n  <\/style>\n  \n  \n    <div id=\"row-1335239963\" class=\"row row-small row-grid\" data-packery-options='{\"itemSelector\": \".col\", \"gutter\": 0, \"presentageWidth\" : true}'>\n\n  <div class=\"col post-item grid-col grid-col-1 large-3 medium-6\" data-animate=\"bounceInRight\">\n\t\t\t<div class=\"col-inner\">\n\t\t\t\t<div class=\"box box-overlay dark box-text-bottom box-blog-post has-hover\">\n            \t\t\t\t\t<div class=\"box-image\" style=\"border-radius:12%;\">\n  \t\t\t\t\t\t<div class=\"image-cover\" style=\"padding-top:56%;\">\n\t\t\t\t\t\t\t<a href=\"https:\/\/pachamamitaecu.org\/en\/2025\/01\/22\/tin-tin-beyond-the-myth-legends-ecuador\/\" class=\"plain\" aria-label=\"El Tin-Tin , m\u00e0s all\u00e0 del mito\">\n\t\t\t\t\t\t\t\t<img decoding=\"async\" width=\"242\" height=\"320\" data-src=\"https:\/\/pachamamitaecu.org\/wp-content\/uploads\/2018\/05\/chanenque-de-la-tierra-de-los-susurros-1.jpg\" class=\"attachment-large size-large wp-post-image lazyload\" alt=\"\" src=\"data:image\/svg+xml;base64,PHN2ZyB3aWR0aD0iMSIgaGVpZ2h0PSIxIiB4bWxucz0iaHR0cDovL3d3dy53My5vcmcvMjAwMC9zdmciPjwvc3ZnPg==\" style=\"--smush-placeholder-width: 242px; --smush-placeholder-aspect-ratio: 242\/320;\" \/>\t\t\t\t\t\t\t<\/a>\n  \t\t\t\t\t\t\t<div class=\"overlay\" style=\"background-color: rgba(64, 32, 114, 0.192)\"><\/div>  \t\t\t\t\t\t\t  \t\t\t\t\t\t<\/div>\n  \t\t\t\t\t\t  \t\t\t\t\t<\/div>\n          \t\t\t\t\t<div class=\"box-text text-center\" >\n\t\t\t\t\t<div class=\"box-text-inner blog-post-inner\">\n\n\t\t\t\t\t\n\t\t\t\t\t\t\t\t\t\t<h5 class=\"post-title is-large \">\n\t\t\t\t\t\t<a href=\"https:\/\/pachamamitaecu.org\/en\/2025\/01\/22\/tin-tin-beyond-the-myth-legends-ecuador\/\" class=\"plain\">El Tin-Tin , m\u00e0s all\u00e0 del mito<\/a>\n\t\t\t\t\t<\/h5>\n\t\t\t\t\t\t\t\t\t\t<div class=\"is-divider\"><\/div>\n\t\t\t\t\t\t\t\t\t\t<p class=\"from_the_blog_excerpt \">\n\t\t\t\t\t\t\t\t\t\t\t<\/p>\n\t\t\t\t\t                    \n\t\t\t\t\t\n\t\t\t\t\t\n\t\t\t\t\t<\/div>\n\t\t\t\t\t<\/div>\n\t\t\t\t\t\t\t\t\t<\/div>\n\t\t\t<\/div>\n\t\t<\/div><div class=\"col post-item grid-col grid-col-1 large-3 medium-6\" data-animate=\"bounceInRight\">\n\t\t\t<div class=\"col-inner\">\n\t\t\t\t<div class=\"box box-overlay dark box-text-bottom box-blog-post has-hover\">\n          \t\t\t\t\t<div class=\"box-text text-center\" >\n\t\t\t\t\t<div class=\"box-text-inner blog-post-inner\">\n\n\t\t\t\t\t\n\t\t\t\t\t\t\t\t\t\t<h5 class=\"post-title is-large \">\n\t\t\t\t\t\t<a href=\"https:\/\/pachamamitaecu.org\/en\/2016\/10\/31\/traditional-preparation-of-the-delicacies-of-the-table-of-the-dead\/\" class=\"plain\">Preparaci\u00f2n tradicional de las delicias de la Mesa de los Muertos.<\/a>\n\t\t\t\t\t<\/h5>\n\t\t\t\t\t\t\t\t\t\t<div class=\"is-divider\"><\/div>\n\t\t\t\t\t\t\t\t\t\t<p class=\"from_the_blog_excerpt \">\n\t\t\t\t\t\tMujeres en Palmar, elaborando la tradicionalNatilla de Ma\u00edz. FOTO: Ram\u00f3n Zambrano. La Tradici\u00f3n de la&nbsp;Mesa [...]\t\t\t\t\t<\/p>\n\t\t\t\t\t                    \n\t\t\t\t\t\n\t\t\t\t\t\n\t\t\t\t\t<\/div>\n\t\t\t\t\t<\/div>\n\t\t\t\t\t\t\t\t\t<\/div>\n\t\t\t<\/div>\n\t\t<\/div><div class=\"col post-item grid-col grid-col-1 large-3 medium-6\" data-animate=\"bounceInRight\">\n\t\t\t<div class=\"col-inner\">\n\t\t\t\t<div class=\"box box-overlay dark box-text-bottom box-blog-post has-hover\">\n          \t\t\t\t\t<div class=\"box-text text-center\" >\n\t\t\t\t\t<div class=\"box-text-inner blog-post-inner\">\n\n\t\t\t\t\t\n\t\t\t\t\t\t\t\t\t\t<h5 class=\"post-title is-large \">\n\t\t\t\t\t\t<a href=\"https:\/\/pachamamitaecu.org\/en\/2014\/08\/08\/recovering-the-nutritional-memory-of-grandmothers\/\" class=\"plain\">Recuperando la memoria alimenticia de las abuelas<\/a>\n\t\t\t\t\t<\/h5>\n\t\t\t\t\t\t\t\t\t\t<div class=\"is-divider\"><\/div>\n\t\t\t\t\t\t\t\t\t\t<p class=\"from_the_blog_excerpt \">\n\t\t\t\t\t\tPor:Jos\u00e9Fabara-Rojas&nbsp;cucuyo@rocketmail.com\u00bfHas visto como viaja la gente en el bus? \u00a1Dormida! A cualquier hora, en la [...]\t\t\t\t\t<\/p>\n\t\t\t\t\t                    \n\t\t\t\t\t\n\t\t\t\t\t\n\t\t\t\t\t<\/div>\n\t\t\t\t\t<\/div>\n\t\t\t\t\t\t\t\t\t<\/div>\n\t\t\t<\/div>\n\t\t<\/div><div class=\"col post-item grid-col grid-col-1 large-3 medium-6\" data-animate=\"bounceInRight\">\n\t\t\t<div class=\"col-inner\">\n\t\t\t\t<div class=\"box box-overlay dark box-text-bottom box-blog-post has-hover\">\n            \t\t\t\t\t<div class=\"box-image\" style=\"border-radius:12%;\">\n  \t\t\t\t\t\t<div class=\"image-cover\" style=\"padding-top:56%;\">\n\t\t\t\t\t\t\t<a href=\"https:\/\/pachamamitaecu.org\/en\/2025\/09\/19\/communication-with-the-spirit-world\/\" class=\"plain\" aria-label=\"La Comunicaci\u00f3n con el mundo de los Esp\u00edritus.\">\n\t\t\t\t\t\t\t\t<img decoding=\"async\" width=\"940\" height=\"788\" data-src=\"https:\/\/pachamamitaecu.org\/wp-content\/uploads\/2017\/06\/Diseno-sin-titulo-27.png\" class=\"attachment-large size-large wp-post-image lazyload\" alt=\"La hoja de coca y su uso en el Ecuador prehisp\u00e1nico\" data-srcset=\"https:\/\/pachamamitaecu.org\/wp-content\/uploads\/2017\/06\/Diseno-sin-titulo-27.png 940w, https:\/\/pachamamitaecu.org\/wp-content\/uploads\/2017\/06\/Diseno-sin-titulo-27-477x400.png 477w, https:\/\/pachamamitaecu.org\/wp-content\/uploads\/2017\/06\/Diseno-sin-titulo-27-768x644.png 768w, https:\/\/pachamamitaecu.org\/wp-content\/uploads\/2017\/06\/Diseno-sin-titulo-27-14x12.png 14w\" data-sizes=\"(max-width: 940px) 100vw, 940px\" src=\"data:image\/svg+xml;base64,PHN2ZyB3aWR0aD0iMSIgaGVpZ2h0PSIxIiB4bWxucz0iaHR0cDovL3d3dy53My5vcmcvMjAwMC9zdmciPjwvc3ZnPg==\" style=\"--smush-placeholder-width: 940px; --smush-placeholder-aspect-ratio: 940\/788;\" \/>\t\t\t\t\t\t\t<\/a>\n  \t\t\t\t\t\t\t<div class=\"overlay\" style=\"background-color: rgba(64, 32, 114, 0.192)\"><\/div>  \t\t\t\t\t\t\t  \t\t\t\t\t\t<\/div>\n  \t\t\t\t\t\t  \t\t\t\t\t<\/div>\n          \t\t\t\t\t<div class=\"box-text text-center\" >\n\t\t\t\t\t<div class=\"box-text-inner blog-post-inner\">\n\n\t\t\t\t\t\n\t\t\t\t\t\t\t\t\t\t<h5 class=\"post-title is-large \">\n\t\t\t\t\t\t<a href=\"https:\/\/pachamamitaecu.org\/en\/2025\/09\/19\/communication-with-the-spirit-world\/\" class=\"plain\">La Comunicaci\u00f3n con el mundo de los Esp\u00edritus.<\/a>\n\t\t\t\t\t<\/h5>\n\t\t\t\t\t\t\t\t\t\t<div class=\"is-divider\"><\/div>\n\t\t\t\t\t\t\t\t\t\t<p class=\"from_the_blog_excerpt \">\n\t\t\t\t\t\t\t\t\t\t\t<\/p>\n\t\t\t\t\t                    \n\t\t\t\t\t\n\t\t\t\t\t\n\t\t\t\t\t<\/div>\n\t\t\t\t\t<\/div>\n\t\t\t\t\t\t\t\t\t<\/div>\n\t\t\t<\/div>\n\t\t<\/div><div class=\"col post-item grid-col grid-col-1 large-3 medium-6\" data-animate=\"bounceInRight\">\n\t\t\t<div class=\"col-inner\">\n\t\t\t\t<div class=\"box box-overlay dark box-text-bottom box-blog-post has-hover\">\n          \t\t\t\t\t<div class=\"box-text text-center\" >\n\t\t\t\t\t<div class=\"box-text-inner blog-post-inner\">\n\n\t\t\t\t\t\n\t\t\t\t\t\t\t\t\t\t<h5 class=\"post-title is-large \">\n\t\t\t\t\t\t<a href=\"https:\/\/pachamamitaecu.org\/en\/2014\/05\/10\/don-yagualito-the-mullet-seller\/\" class=\"plain\">Don Yagualito, el vende lisas.<\/a>\n\t\t\t\t\t<\/h5>\n\t\t\t\t\t\t\t\t\t\t<div class=\"is-divider\"><\/div>\n\t\t\t\t\t\t\t\t\t\t<p class=\"from_the_blog_excerpt \">\n\t\t\t\t\t\tPor. Evelio Reyes Tip\u00e1n Entre los pregoneros m\u00e1s recordados de la d\u00e9cada del 70, Don [...]\t\t\t\t\t<\/p>\n\t\t\t\t\t                    \n\t\t\t\t\t\n\t\t\t\t\t\n\t\t\t\t\t<\/div>\n\t\t\t\t\t<\/div>\n\t\t\t\t\t\t\t\t\t<\/div>\n\t\t\t<\/div>\n\t\t<\/div><div class=\"col post-item grid-col grid-col-1 large-3 medium-6\" data-animate=\"bounceInRight\">\n\t\t\t<div class=\"col-inner\">\n\t\t\t\t<div class=\"box box-overlay dark box-text-bottom box-blog-post has-hover\">\n            \t\t\t\t\t<div class=\"box-image\" style=\"border-radius:12%;\">\n  \t\t\t\t\t\t<div class=\"image-cover\" style=\"padding-top:56%;\">\n\t\t\t\t\t\t\t<a href=\"https:\/\/pachamamitaecu.org\/en\/2018\/06\/23\/the-legend-of-posorja-the-seer\/\" class=\"plain\" aria-label=\"Posorja, la vidente\">\n\t\t\t\t\t\t\t\t<img decoding=\"async\" width=\"1020\" height=\"207\" data-src=\"https:\/\/pachamamitaecu.org\/wp-content\/uploads\/2018\/06\/Sin-titulo-1640-\u00d7-224-px-1640-\u00d7-333-px-1400x284.png\" class=\"attachment-large size-large wp-post-image lazyload\" alt=\"\" data-srcset=\"https:\/\/pachamamitaecu.org\/wp-content\/uploads\/2018\/06\/Sin-titulo-1640-\u00d7-224-px-1640-\u00d7-333-px-1400x284.png 1400w, https:\/\/pachamamitaecu.org\/wp-content\/uploads\/2018\/06\/Sin-titulo-1640-\u00d7-224-px-1640-\u00d7-333-px-800x162.png 800w, https:\/\/pachamamitaecu.org\/wp-content\/uploads\/2018\/06\/Sin-titulo-1640-\u00d7-224-px-1640-\u00d7-333-px-768x156.png 768w, https:\/\/pachamamitaecu.org\/wp-content\/uploads\/2018\/06\/Sin-titulo-1640-\u00d7-224-px-1640-\u00d7-333-px-1536x312.png 1536w, https:\/\/pachamamitaecu.org\/wp-content\/uploads\/2018\/06\/Sin-titulo-1640-\u00d7-224-px-1640-\u00d7-333-px.png 1640w\" data-sizes=\"(max-width: 1020px) 100vw, 1020px\" src=\"data:image\/svg+xml;base64,PHN2ZyB3aWR0aD0iMSIgaGVpZ2h0PSIxIiB4bWxucz0iaHR0cDovL3d3dy53My5vcmcvMjAwMC9zdmciPjwvc3ZnPg==\" style=\"--smush-placeholder-width: 1020px; --smush-placeholder-aspect-ratio: 1020\/207;\" \/>\t\t\t\t\t\t\t<\/a>\n  \t\t\t\t\t\t\t<div class=\"overlay\" style=\"background-color: rgba(64, 32, 114, 0.192)\"><\/div>  \t\t\t\t\t\t\t  \t\t\t\t\t\t<\/div>\n  \t\t\t\t\t\t  \t\t\t\t\t<\/div>\n          \t\t\t\t\t<div class=\"box-text text-center\" >\n\t\t\t\t\t<div class=\"box-text-inner blog-post-inner\">\n\n\t\t\t\t\t\n\t\t\t\t\t\t\t\t\t\t<h5 class=\"post-title is-large \">\n\t\t\t\t\t\t<a href=\"https:\/\/pachamamitaecu.org\/en\/2018\/06\/23\/the-legend-of-posorja-the-seer\/\" class=\"plain\">Posorja, la vidente<\/a>\n\t\t\t\t\t<\/h5>\n\t\t\t\t\t\t\t\t\t\t<div class=\"is-divider\"><\/div>\n\t\t\t\t\t\t\t\t\t\t<p class=\"from_the_blog_excerpt \">\n\t\t\t\t\t\tLa leyenda de Posorja y sus poderes de visi\u00f3n.\t\t\t\t\t<\/p>\n\t\t\t\t\t                    \n\t\t\t\t\t\n\t\t\t\t\t\n\t\t\t\t\t<\/div>\n\t\t\t\t\t<\/div>\n\t\t\t\t\t\t\t\t\t<\/div>\n\t\t\t<\/div>\n\t\t<\/div><div class=\"col post-item grid-col grid-col-1 large-3 medium-6\" data-animate=\"bounceInRight\">\n\t\t\t<div class=\"col-inner\">\n\t\t\t\t<div class=\"box box-overlay dark box-text-bottom box-blog-post has-hover\">\n          \t\t\t\t\t<div class=\"box-text text-center\" >\n\t\t\t\t\t<div class=\"box-text-inner blog-post-inner\">\n\n\t\t\t\t\t\n\t\t\t\t\t\t\t\t\t\t<h5 class=\"post-title is-large \">\n\t\t\t\t\t\t<a href=\"https:\/\/pachamamitaecu.org\/en\/2016\/11\/07\/the-hungry-guasango\/\" class=\"plain\">El guasango hambriento.<\/a>\n\t\t\t\t\t<\/h5>\n\t\t\t\t\t\t\t\t\t\t<div class=\"is-divider\"><\/div>\n\t\t\t\t\t\t\t\t\t\t<p class=\"from_the_blog_excerpt \">\n\t\t\t\t\t\tSe dice que en los tiempos antiguos, en lo que hoy es la parroquia Anconcito, [...]\t\t\t\t\t<\/p>\n\t\t\t\t\t                    \n\t\t\t\t\t\n\t\t\t\t\t\n\t\t\t\t\t<\/div>\n\t\t\t\t\t<\/div>\n\t\t\t\t\t\t\t\t\t<\/div>\n\t\t\t<\/div>\n\t\t<\/div><div class=\"col post-item grid-col grid-col-1 large-3 medium-6\" data-animate=\"bounceInRight\">\n\t\t\t<div class=\"col-inner\">\n\t\t\t\t<div class=\"box box-overlay dark box-text-bottom box-blog-post has-hover\">\n          \t\t\t\t\t<div class=\"box-text text-center\" >\n\t\t\t\t\t<div class=\"box-text-inner blog-post-inner\">\n\n\t\t\t\t\t\n\t\t\t\t\t\t\t\t\t\t<h5 class=\"post-title is-large \">\n\t\t\t\t\t\t<a href=\"https:\/\/pachamamitaecu.org\/en\/2016\/10\/31\/the-hill-of-the-dead-myths-and-legends-of-ecuador\/\" class=\"plain\">EL CERRO DEL MUERTO (Mitos y leyendas de Ecuador)<\/a>\n\t\t\t\t\t<\/h5>\n\t\t\t\t\t\t\t\t\t\t<div class=\"is-divider\"><\/div>\n\t\t\t\t\t\t\t\t\t\t<p class=\"from_the_blog_excerpt \">\n\t\t\t\t\t\tCerro El Muerto. FOTO: Carlos Santos M. Elnombre del Cerro del Muerto se debe a [...]\t\t\t\t\t<\/p>\n\t\t\t\t\t                    \n\t\t\t\t\t\n\t\t\t\t\t\n\t\t\t\t\t<\/div>\n\t\t\t\t\t<\/div>\n\t\t\t\t\t\t\t\t\t<\/div>\n\t\t\t<\/div>\n\t\t<\/div><div class=\"col post-item grid-col grid-col-1 large-3 medium-6\" data-animate=\"bounceInRight\">\n\t\t\t<div class=\"col-inner\">\n\t\t\t\t<div class=\"box box-overlay dark box-text-bottom box-blog-post has-hover\">\n          \t\t\t\t\t<div class=\"box-text text-center\" >\n\t\t\t\t\t<div class=\"box-text-inner blog-post-inner\">\n\n\t\t\t\t\t\n\t\t\t\t\t\t\t\t\t\t<h5 class=\"post-title is-large \">\n\t\t\t\t\t\t<a href=\"https:\/\/pachamamitaecu.org\/en\/2016\/11\/07\/the-ritual-drink-and-the-tradition-of-using-bottles\/\" class=\"plain\">La bebida ritual y la tradici\u00f3n del uso de botellas<\/a>\n\t\t\t\t\t<\/h5>\n\t\t\t\t\t\t\t\t\t\t<div class=\"is-divider\"><\/div>\n\t\t\t\t\t\t\t\t\t\t<p class=\"from_the_blog_excerpt \">\n\t\t\t\t\t\tLas botellas m\u00e1s antiguas de toda Am\u00e9rica fueron elaborados por alfareros de la Costa ecuatoriana. [...]\t\t\t\t\t<\/p>\n\t\t\t\t\t                    \n\t\t\t\t\t\n\t\t\t\t\t\n\t\t\t\t\t<\/div>\n\t\t\t\t\t<\/div>\n\t\t\t\t\t\t\t\t\t<\/div>\n\t\t\t<\/div>\n\t\t<\/div><\/div>\n\n\n\t\t<\/div>\n\t\t\t\t\t<\/div>\n\n\t\n\n<\/div>\n\n\t\t<\/div>\n\n\t\t\n<style>\n#section_1463567451 {\n  padding-top: 30px;\n  padding-bottom: 30px;\n  background-color: rgb(73, 37, 37);\n}\n#section_1463567451 .section-bg-overlay {\n  background-color: rgba(0, 0, 0, 0.256);\n}\n<\/style>\n\t<\/section>\n\t\n\n\t<section class=\"section\" id=\"section_1839372824\">\n\t\t<div class=\"section-bg fill\" >\n\t\t\t\t\t\t\t\t\t<div class=\"section-bg-overlay absolute fill\"><\/div>\n\t\t\t\n\n\t\t<\/div>\n\n\t\t\n\n\t\t<div class=\"section-content relative\">\n\t\t\t\n\n<div class=\"row\"  id=\"row-458270316\">\n\n\n\t<div id=\"col-562278771\" class=\"col small-12 large-12\"  >\n\t\t\t\t<div class=\"col-inner\"  >\n\t\t\t\n\t\t\t\n\n\t<div id=\"text-21674040\" class=\"text\">\n\t\t\n\n<h2><span style=\"font-size: 200%; color: #ffffff;\">CONSUMO RESPONSABLE<\/span><\/h2>\n\t\t\n<style>\n#text-21674040 {\n  text-align: center;\n}\n<\/style>\n\t<\/div>\n\t\n\n  \n    <div class=\"row large-columns-3 medium-columns-1 small-columns-1 row-small\" >\n  <div class=\"col post-item\" data-animate=\"bounceInUp\">\n\t\t\t<div class=\"col-inner\">\n\t\t\t\t<div class=\"box box-default box-text-bottom box-blog-post has-hover\">\n          \t\t\t\t\t<div class=\"box-text text-center dark\" >\n\t\t\t\t\t<div class=\"box-text-inner blog-post-inner\">\n\n\t\t\t\t\t\n\t\t\t\t\t\t\t\t\t\t<h5 class=\"post-title is-large \">\n\t\t\t\t\t\t<a href=\"https:\/\/pachamamitaecu.org\/en\/2011\/10\/18\/military-represses-rio-grande-chone-community-members-for-the-construction-of-a-dam\/\" class=\"plain\">Militares reprimen a comuneros de R\u00edo Grande (Chone), por la construcci\u00f3n de una represa.<\/a>\n\t\t\t\t\t<\/h5>\n\t\t\t\t\t\t\t\t\t\t<div class=\"is-divider\"><\/div>\n\t\t\t\t\t\t\t\t\t\t<p class=\"from_the_blog_excerpt \">\n\t\t\t\t\t\tBolet\u00edn de Prensa Acci\u00f3n Ecol\u00f3gica La madrugada de hoy, 18 de octubre de 2011, 500 [...]\t\t\t\t\t<\/p>\n\t\t\t\t\t                    \n\t\t\t\t\t\n\t\t\t\t\t\n\t\t\t\t\t<\/div>\n\t\t\t\t\t<\/div>\n\t\t\t\t\t\t\t\t\t<\/div>\n\t\t\t<\/div>\n\t\t<\/div><div class=\"col post-item\" data-animate=\"bounceInUp\">\n\t\t\t<div class=\"col-inner\">\n\t\t\t\t<div class=\"box box-default box-text-bottom box-blog-post has-hover\">\n          \t\t\t\t\t<div class=\"box-text text-center dark\" >\n\t\t\t\t\t<div class=\"box-text-inner blog-post-inner\">\n\n\t\t\t\t\t\n\t\t\t\t\t\t\t\t\t\t<h5 class=\"post-title is-large \">\n\t\t\t\t\t\t<a href=\"https:\/\/pachamamitaecu.org\/en\/2014\/04\/05\/indigenous-territories-and-the-peoples-proposals-part-1\/\" class=\"plain\">Territorios ind\u00edgenas y propuesta de los Pueblos. (Parte 1)<\/a>\n\t\t\t\t\t<\/h5>\n\t\t\t\t\t\t\t\t\t\t<div class=\"is-divider\"><\/div>\n\t\t\t\t\t\t\t\t\t\t<p class=\"from_the_blog_excerpt \">\n\t\t\t\t\t\tPropuesta Kawsak Sacha del Pueblo Kichwa de Sarayacu y la Cuenca del R\u00edo Bobonaza. Las [...]\t\t\t\t\t<\/p>\n\t\t\t\t\t                    \n\t\t\t\t\t\n\t\t\t\t\t\n\t\t\t\t\t<\/div>\n\t\t\t\t\t<\/div>\n\t\t\t\t\t\t\t\t\t<\/div>\n\t\t\t<\/div>\n\t\t<\/div><div class=\"col post-item\" data-animate=\"bounceInUp\">\n\t\t\t<div class=\"col-inner\">\n\t\t\t\t<div class=\"box box-default box-text-bottom box-blog-post has-hover\">\n          \t\t\t\t\t<div class=\"box-text text-center dark\" >\n\t\t\t\t\t<div class=\"box-text-inner blog-post-inner\">\n\n\t\t\t\t\t\n\t\t\t\t\t\t\t\t\t\t<h5 class=\"post-title is-large \">\n\t\t\t\t\t\t<a href=\"https:\/\/pachamamitaecu.org\/en\/2013\/04\/02\/transgenics-lets-be-clear\/\" class=\"plain\">TRANSGENICOS: HABLEMOS CLARO<\/a>\n\t\t\t\t\t<\/h5>\n\t\t\t\t\t\t\t\t\t\t<div class=\"is-divider\"><\/div>\n\t\t\t\t\t\t\t\t\t\t<p class=\"from_the_blog_excerpt \">\n\t\t\t\t\t\tImagen: Otro Lado del Arte REPRODUCCION SOLICITADA CARTA ABIERTA AL PRESIDENTE DE LA REP\u00daBLICA&nbsp; Se\u00f1or [...]\t\t\t\t\t<\/p>\n\t\t\t\t\t                    \n\t\t\t\t\t\n\t\t\t\t\t\n\t\t\t\t\t<\/div>\n\t\t\t\t\t<\/div>\n\t\t\t\t\t\t\t\t\t<\/div>\n\t\t\t<\/div>\n\t\t<\/div><div class=\"col post-item\" data-animate=\"bounceInUp\">\n\t\t\t<div class=\"col-inner\">\n\t\t\t\t<div class=\"box box-default box-text-bottom box-blog-post has-hover\">\n          \t\t\t\t\t<div class=\"box-text text-center dark\" >\n\t\t\t\t\t<div class=\"box-text-inner blog-post-inner\">\n\n\t\t\t\t\t\n\t\t\t\t\t\t\t\t\t\t<h5 class=\"post-title is-large \">\n\t\t\t\t\t\t<a href=\"https:\/\/pachamamitaecu.org\/en\/2012\/11\/26\/magic-in-vilcabamba-the-island-of-longevity\/\" class=\"plain\">Magia en Vilcabamba: isla de la longevidad<\/a>\n\t\t\t\t\t<\/h5>\n\t\t\t\t\t\t\t\t\t\t<div class=\"is-divider\"><\/div>\n\t\t\t\t\t\t\t\t\t\t<p class=\"from_the_blog_excerpt \">\n\t\t\t\t\t\t\t\t\t\t\t<\/p>\n\t\t\t\t\t                    \n\t\t\t\t\t\n\t\t\t\t\t\n\t\t\t\t\t<\/div>\n\t\t\t\t\t<\/div>\n\t\t\t\t\t\t\t\t\t<\/div>\n\t\t\t<\/div>\n\t\t<\/div><div class=\"col post-item\" data-animate=\"bounceInUp\">\n\t\t\t<div class=\"col-inner\">\n\t\t\t\t<div class=\"box box-default box-text-bottom box-blog-post has-hover\">\n          \t\t\t\t\t<div class=\"box-text text-center dark\" >\n\t\t\t\t\t<div class=\"box-text-inner blog-post-inner\">\n\n\t\t\t\t\t\n\t\t\t\t\t\t\t\t\t\t<h5 class=\"post-title is-large \">\n\t\t\t\t\t\t<a href=\"https:\/\/pachamamitaecu.org\/en\/2012\/09\/09\/transgenics-and-the-illusion-of-the-constitution-in-ecuador\/\" class=\"plain\">Transg\u00e9nicos y la ilusi\u00f3n de la Constituci\u00f3n en Ecuador.<\/a>\n\t\t\t\t\t<\/h5>\n\t\t\t\t\t\t\t\t\t\t<div class=\"is-divider\"><\/div>\n\t\t\t\t\t\t\t\t\t\t<p class=\"from_the_blog_excerpt \">\n\t\t\t\t\t\tCuando aparecieron las noticias de que varios pa\u00edses de Europa (B\u00e9lgica, Gran Breta\u00f1a, Bulgaria, Francia, [...]\t\t\t\t\t<\/p>\n\t\t\t\t\t                    \n\t\t\t\t\t\n\t\t\t\t\t\n\t\t\t\t\t<\/div>\n\t\t\t\t\t<\/div>\n\t\t\t\t\t\t\t\t\t<\/div>\n\t\t\t<\/div>\n\t\t<\/div><div class=\"col post-item\" data-animate=\"bounceInUp\">\n\t\t\t<div class=\"col-inner\">\n\t\t\t\t<div class=\"box box-default box-text-bottom box-blog-post has-hover\">\n          \t\t\t\t\t<div class=\"box-text text-center dark\" >\n\t\t\t\t\t<div class=\"box-text-inner blog-post-inner\">\n\n\t\t\t\t\t\n\t\t\t\t\t\t\t\t\t\t<h5 class=\"post-title is-large \">\n\t\t\t\t\t\t<a href=\"https:\/\/pachamamitaecu.org\/en\/2011\/09\/13\/the-right-to-free-prior-and-informed-consultation-of-indigenous-peoples-in-ecuador\/\" class=\"plain\">El derecho a la consulta previa, libre e informada a los pueblos ind\u00edgenas (Ecuador)<\/a>\n\t\t\t\t\t<\/h5>\n\t\t\t\t\t\t\t\t\t\t<div class=\"is-divider\"><\/div>\n\t\t\t\t\t\t\t\t\t\t<p class=\"from_the_blog_excerpt \">\n\t\t\t\t\t\tLas siguientes son algunas de las conclusiones a las que llega un reporte elaborado sobre [...]\t\t\t\t\t<\/p>\n\t\t\t\t\t                    \n\t\t\t\t\t\n\t\t\t\t\t\n\t\t\t\t\t<\/div>\n\t\t\t\t\t<\/div>\n\t\t\t\t\t\t\t\t\t<\/div>\n\t\t\t<\/div>\n\t\t<\/div><div class=\"col post-item\" data-animate=\"bounceInUp\">\n\t\t\t<div class=\"col-inner\">\n\t\t\t\t<div class=\"box box-default box-text-bottom box-blog-post has-hover\">\n          \t\t\t\t\t<div class=\"box-text text-center dark\" >\n\t\t\t\t\t<div class=\"box-text-inner blog-post-inner\">\n\n\t\t\t\t\t\n\t\t\t\t\t\t\t\t\t\t<h5 class=\"post-title is-large \">\n\t\t\t\t\t\t<a href=\"https:\/\/pachamamitaecu.org\/en\/2012\/01\/12\/there-is-criminalization-of-human-rights-and-nature-defenders-in-ecuador-opinion\/\" class=\"plain\">\u00bfExiste criminalizaci\u00f3n a defensores de derechos humanos y la naturaleza en el Ecuador? (OPINION)<\/a>\n\t\t\t\t\t<\/h5>\n\t\t\t\t\t\t\t\t\t\t<div class=\"is-divider\"><\/div>\n\t\t\t\t\t\t\t\t\t\t<p class=\"from_the_blog_excerpt \">\n\t\t\t\t\t\tAunque el poder diga lo contrario, la criminalizaci\u00f3n no es un enga\u00f1o social, la criminalizaci\u00f3n [...]\t\t\t\t\t<\/p>\n\t\t\t\t\t                    \n\t\t\t\t\t\n\t\t\t\t\t\n\t\t\t\t\t<\/div>\n\t\t\t\t\t<\/div>\n\t\t\t\t\t\t\t\t\t<\/div>\n\t\t\t<\/div>\n\t\t<\/div><div class=\"col post-item\" data-animate=\"bounceInUp\">\n\t\t\t<div class=\"col-inner\">\n\t\t\t\t<div class=\"box box-default box-text-bottom box-blog-post has-hover\">\n          \t\t\t\t\t<div class=\"box-text text-center dark\" >\n\t\t\t\t\t<div class=\"box-text-inner blog-post-inner\">\n\n\t\t\t\t\t\n\t\t\t\t\t\t\t\t\t\t<h5 class=\"post-title is-large \">\n\t\t\t\t\t\t<a href=\"https:\/\/pachamamitaecu.org\/en\/2012\/03\/05\/women-arrested-for-protesting-against-the-signing-of-a-mega-mining-contract\/\" class=\"plain\">Mujeres detenidas por protestas contra firma de contrato de Megaminer\u00eda<\/a>\n\t\t\t\t\t<\/h5>\n\t\t\t\t\t\t\t\t\t\t<div class=\"is-divider\"><\/div>\n\t\t\t\t\t\t\t\t\t\t<p class=\"from_the_blog_excerpt \">\n\t\t\t\t\t\t8 mujeres ecuatorianas que se encontraban realizando una \u00abtoma pac\u00edfica\u00bb de la Embajada de China [...]\t\t\t\t\t<\/p>\n\t\t\t\t\t                    \n\t\t\t\t\t\n\t\t\t\t\t\n\t\t\t\t\t<\/div>\n\t\t\t\t\t<\/div>\n\t\t\t\t\t\t\t\t\t<\/div>\n\t\t\t<\/div>\n\t\t<\/div><div class=\"col post-item\" data-animate=\"bounceInUp\">\n\t\t\t<div class=\"col-inner\">\n\t\t\t\t<div class=\"box box-default box-text-bottom box-blog-post has-hover\">\n          \t\t\t\t\t<div class=\"box-text text-center dark\" >\n\t\t\t\t\t<div class=\"box-text-inner blog-post-inner\">\n\n\t\t\t\t\t\n\t\t\t\t\t\t\t\t\t\t<h5 class=\"post-title is-large \">\n\t\t\t\t\t\t<a href=\"https:\/\/pachamamitaecu.org\/en\/2013\/04\/30\/yaku-sing-songs-of-resistance-for-water\/\" class=\"plain\">\u00a1YAKU CANTO! Canciones de resistencia por el Agua<\/a>\n\t\t\t\t\t<\/h5>\n\t\t\t\t\t\t\t\t\t\t<div class=\"is-divider\"><\/div>\n\t\t\t\t\t\t\t\t\t\t<p class=\"from_the_blog_excerpt \">\n\t\t\t\t\t\tDesde siempre los pueblos ind\u00ecgenas han cantado a su tierra, las caras y sinsabores del [...]\t\t\t\t\t<\/p>\n\t\t\t\t\t                    \n\t\t\t\t\t\n\t\t\t\t\t\n\t\t\t\t\t<\/div>\n\t\t\t\t\t<\/div>\n\t\t\t\t\t\t\t\t\t<\/div>\n\t\t\t<\/div>\n\t\t<\/div><\/div>\n\n\n\t\t<\/div>\n\t\t\t\t\t<\/div>\n\n\t\n\n<\/div>\n\n\t\t<\/div>\n\n\t\t\n<style>\n#section_1839372824 {\n  padding-top: 30px;\n  padding-bottom: 30px;\n  background-color: rgb(133, 88, 88);\n}\n#section_1839372824 .section-bg-overlay {\n  background-color: rgba(0, 0, 0, 0.256);\n}\n<\/style>\n\t<\/section>\n\t\n\n","protected":false},"excerpt":{"rendered":"","protected":false},"author":1,"featured_media":0,"parent":0,"menu_order":0,"comment_status":"closed","ping_status":"closed","template":"","meta":{"footnotes":""},"class_list":["post-2870","page","type-page","status-publish","hentry"],"a3_pvc":{"activated":false,"total_views":0,"today_views":0},"yoast_head":"<!-- This site is optimized with the Yoast SEO Premium plugin v24.2 (Yoast SEO v27.4) - https:\/\/yoast.com\/product\/yoast-seo-premium-wordpress\/ -->\n<title>Chaski de PachaMamita - PachaMamita Ecuador<\/title>\n<meta name=\"robots\" content=\"index, follow, max-snippet:-1, max-image-preview:large, max-video-preview:-1\" \/>\n<link rel=\"canonical\" href=\"https:\/\/pachamamitaecu.org\/en\/chaski-of-pachamamita\/\" \/>\n<meta property=\"og:locale\" content=\"en_US\" \/>\n<meta property=\"og:type\" content=\"article\" \/>\n<meta property=\"og:title\" content=\"Chaski de PachaMamita\" \/>\n<meta property=\"og:url\" content=\"https:\/\/pachamamitaecu.org\/en\/chaski-of-pachamamita\/\" \/>\n<meta property=\"og:site_name\" content=\"PachaMamita Ecuador\" \/>\n<meta property=\"article:publisher\" content=\"https:\/\/www.facebook.com\/pachamamitaecu\" \/>\n<meta property=\"article:modified_time\" content=\"2025-09-19T22:27:25+00:00\" \/>\n<meta name=\"twitter:card\" content=\"summary_large_image\" \/>\n<meta name=\"twitter:label1\" content=\"Est. reading time\" \/>\n\t<meta name=\"twitter:data1\" content=\"1 minute\" \/>\n<script type=\"application\/ld+json\" class=\"yoast-schema-graph\">{\"@context\":\"https:\\\/\\\/schema.org\",\"@graph\":[{\"@type\":\"WebPage\",\"@id\":\"https:\\\/\\\/pachamamitaecu.org\\\/chaski-de-pachamamita\\\/\",\"url\":\"https:\\\/\\\/pachamamitaecu.org\\\/chaski-de-pachamamita\\\/\",\"name\":\"Chaski de PachaMamita - PachaMamita Ecuador\",\"isPartOf\":{\"@id\":\"https:\\\/\\\/pachamamitaecu.org\\\/es_es\\\/#website\"},\"datePublished\":\"2023-06-21T04:34:33+00:00\",\"dateModified\":\"2025-09-19T22:27:25+00:00\",\"breadcrumb\":{\"@id\":\"https:\\\/\\\/pachamamitaecu.org\\\/chaski-de-pachamamita\\\/#breadcrumb\"},\"inLanguage\":\"en-US\",\"potentialAction\":[{\"@type\":\"ReadAction\",\"target\":[\"https:\\\/\\\/pachamamitaecu.org\\\/chaski-de-pachamamita\\\/\"]}]},{\"@type\":\"BreadcrumbList\",\"@id\":\"https:\\\/\\\/pachamamitaecu.org\\\/chaski-de-pachamamita\\\/#breadcrumb\",\"itemListElement\":[{\"@type\":\"ListItem\",\"position\":1,\"name\":\"Portada\",\"item\":\"https:\\\/\\\/pachamamitaecu.org\\\/es_es\\\/\"},{\"@type\":\"ListItem\",\"position\":2,\"name\":\"Chaski de PachaMamita\"}]},{\"@type\":\"WebSite\",\"@id\":\"https:\\\/\\\/pachamamitaecu.org\\\/es_es\\\/#website\",\"url\":\"https:\\\/\\\/pachamamitaecu.org\\\/es_es\\\/\",\"name\":\"PachaMamita Ecuador\",\"description\":\"CULTURA. AGROECOLOG\u00cdA. TURISMO Y CONSUMO RESPONSABLE-ECUADOR.\",\"publisher\":{\"@id\":\"https:\\\/\\\/pachamamitaecu.org\\\/es_es\\\/#organization\"},\"potentialAction\":[{\"@type\":\"SearchAction\",\"target\":{\"@type\":\"EntryPoint\",\"urlTemplate\":\"https:\\\/\\\/pachamamitaecu.org\\\/es_es\\\/?s={search_term_string}\"},\"query-input\":{\"@type\":\"PropertyValueSpecification\",\"valueRequired\":true,\"valueName\":\"search_term_string\"}}],\"inLanguage\":\"en-US\"},{\"@type\":\"Organization\",\"@id\":\"https:\\\/\\\/pachamamitaecu.org\\\/es_es\\\/#organization\",\"name\":\"PachaMamita Ecuador\",\"url\":\"https:\\\/\\\/pachamamitaecu.org\\\/es_es\\\/\",\"logo\":{\"@type\":\"ImageObject\",\"inLanguage\":\"en-US\",\"@id\":\"https:\\\/\\\/pachamamitaecu.org\\\/es_es\\\/#\\\/schema\\\/logo\\\/image\\\/\",\"url\":\"https:\\\/\\\/pachamamitaecu.org\\\/wp-content\\\/uploads\\\/2024\\\/04\\\/cropped-Diseno-sin-titulo-13.png\",\"contentUrl\":\"https:\\\/\\\/pachamamitaecu.org\\\/wp-content\\\/uploads\\\/2024\\\/04\\\/cropped-Diseno-sin-titulo-13.png\",\"width\":512,\"height\":512,\"caption\":\"PachaMamita Ecuador\"},\"image\":{\"@id\":\"https:\\\/\\\/pachamamitaecu.org\\\/es_es\\\/#\\\/schema\\\/logo\\\/image\\\/\"},\"sameAs\":[\"https:\\\/\\\/www.facebook.com\\\/pachamamitaecu\"]}]}<\/script>\n<!-- \/ Yoast SEO Premium plugin. -->","yoast_head_json":{"title":"PachaMamita Chaski - PachaMamita Ecuador","robots":{"index":"index","follow":"follow","max-snippet":"max-snippet:-1","max-image-preview":"max-image-preview:large","max-video-preview":"max-video-preview:-1"},"canonical":"https:\/\/pachamamitaecu.org\/en\/chaski-of-pachamamita\/","og_locale":"en_US","og_type":"article","og_title":"Chaski de PachaMamita","og_url":"https:\/\/pachamamitaecu.org\/en\/chaski-of-pachamamita\/","og_site_name":"PachaMamita Ecuador","article_publisher":"https:\/\/www.facebook.com\/pachamamitaecu","article_modified_time":"2025-09-19T22:27:25+00:00","twitter_card":"summary_large_image","twitter_misc":{"Est. reading time":"1 minute"},"schema":{"@context":"https:\/\/schema.org","@graph":[{"@type":"WebPage","@id":"https:\/\/pachamamitaecu.org\/chaski-de-pachamamita\/","url":"https:\/\/pachamamitaecu.org\/chaski-de-pachamamita\/","name":"PachaMamita Chaski - PachaMamita Ecuador","isPartOf":{"@id":"https:\/\/pachamamitaecu.org\/es_es\/#website"},"datePublished":"2023-06-21T04:34:33+00:00","dateModified":"2025-09-19T22:27:25+00:00","breadcrumb":{"@id":"https:\/\/pachamamitaecu.org\/chaski-de-pachamamita\/#breadcrumb"},"inLanguage":"en-US","potentialAction":[{"@type":"ReadAction","target":["https:\/\/pachamamitaecu.org\/chaski-de-pachamamita\/"]}]},{"@type":"BreadcrumbList","@id":"https:\/\/pachamamitaecu.org\/chaski-de-pachamamita\/#breadcrumb","itemListElement":[{"@type":"ListItem","position":1,"name":"Portada","item":"https:\/\/pachamamitaecu.org\/es_es\/"},{"@type":"ListItem","position":2,"name":"Chaski de PachaMamita"}]},{"@type":"WebSite","@id":"https:\/\/pachamamitaecu.org\/es_es\/#website","url":"https:\/\/pachamamitaecu.org\/es_es\/","name":"PachaMamita Ecuador","description":"CULTURE. AGROECOLOGY. TOURISM AND RESPONSIBLE CONSUMPTION-ECUADOR.","publisher":{"@id":"https:\/\/pachamamitaecu.org\/es_es\/#organization"},"potentialAction":[{"@type":"SearchAction","target":{"@type":"EntryPoint","urlTemplate":"https:\/\/pachamamitaecu.org\/es_es\/?s={search_term_string}"},"query-input":{"@type":"PropertyValueSpecification","valueRequired":true,"valueName":"search_term_string"}}],"inLanguage":"en-US"},{"@type":"Organization","@id":"https:\/\/pachamamitaecu.org\/es_es\/#organization","name":"PachaMamita Ecuador","url":"https:\/\/pachamamitaecu.org\/es_es\/","logo":{"@type":"ImageObject","inLanguage":"en-US","@id":"https:\/\/pachamamitaecu.org\/es_es\/#\/schema\/logo\/image\/","url":"https:\/\/pachamamitaecu.org\/wp-content\/uploads\/2024\/04\/cropped-Diseno-sin-titulo-13.png","contentUrl":"https:\/\/pachamamitaecu.org\/wp-content\/uploads\/2024\/04\/cropped-Diseno-sin-titulo-13.png","width":512,"height":512,"caption":"PachaMamita Ecuador"},"image":{"@id":"https:\/\/pachamamitaecu.org\/es_es\/#\/schema\/logo\/image\/"},"sameAs":["https:\/\/www.facebook.com\/pachamamitaecu"]}]}},"_links":{"self":[{"href":"https:\/\/pachamamitaecu.org\/en\/wp-json\/wp\/v2\/pages\/2870","targetHints":{"allow":["GET"]}}],"collection":[{"href":"https:\/\/pachamamitaecu.org\/en\/wp-json\/wp\/v2\/pages"}],"about":[{"href":"https:\/\/pachamamitaecu.org\/en\/wp-json\/wp\/v2\/types\/page"}],"author":[{"embeddable":true,"href":"https:\/\/pachamamitaecu.org\/en\/wp-json\/wp\/v2\/users\/1"}],"replies":[{"embeddable":true,"href":"https:\/\/pachamamitaecu.org\/en\/wp-json\/wp\/v2\/comments?post=2870"}],"version-history":[{"count":21,"href":"https:\/\/pachamamitaecu.org\/en\/wp-json\/wp\/v2\/pages\/2870\/revisions"}],"predecessor-version":[{"id":3312,"href":"https:\/\/pachamamitaecu.org\/en\/wp-json\/wp\/v2\/pages\/2870\/revisions\/3312"}],"wp:attachment":[{"href":"https:\/\/pachamamitaecu.org\/en\/wp-json\/wp\/v2\/media?parent=2870"}],"curies":[{"name":"wp","href":"https:\/\/api.w.org\/{rel}","templated":true}]}}