{"id":2870,"date":"2023-06-21T04:34:33","date_gmt":"2023-06-21T04:34:33","guid":{"rendered":"https:\/\/pachamamitaecu-org-720647.hostingersite.com\/?page_id=2870"},"modified":"2025-09-19T17:27:25","modified_gmt":"2025-09-19T22:27:25","slug":"chaski-de-pachamamita","status":"publish","type":"page","link":"https:\/\/pachamamitaecu.org\/en\/chaski-of-pachamamita\/","title":{"rendered":"Chaski by PachaMamita"},"content":{"rendered":"\n<div class=\"row row-small\" style=\"max-width:1200px\" id=\"row-1941007487\">\n\n\n\t<div id=\"col-2022505266\" class=\"col small-12 large-12\"  >\n\t\t\t\t<div class=\"col-inner\"  >\n\t\t\t\n\t\t\t\n\n\n\t<section class=\"section\" id=\"section_1525352715\">\n\t\t<div class=\"section-bg fill\" >\n\t\t\t\t\t\t\t\t\t\n\t\t\t\n\n\t\t<\/div>\n\n\t\t\n\n\t\t<div class=\"section-content relative\">\n\t\t\t\n\n\t<div id=\"text-2164338009\" class=\"text\">\n\t\t\n\n<h1>El Chaski de PachaMamita<\/h1>\n\t\t\n<style>\n#text-2164338009 {\n  font-size: 1.85rem;\n  line-height: 1.35;\n  text-align: right;\n}\n<\/style>\n\t<\/div>\n\t\n<div class=\"row row-small\"  id=\"row-785742799\">\n\n\n\t<div id=\"col-1178432438\" class=\"col small-12 large-12\"  >\n\t\t\t\t<div class=\"col-inner\"  >\n\t\t\t\n\t\t\t\n\n<div class=\"row row-collapse\"  id=\"row-1853188256\">\n\n\n\t<div id=\"col-1772394362\" class=\"col small-12 large-12\"  >\n\t\t\t\t<div class=\"col-inner\"  >\n\t\t\t\n\t\t\t\n\n\t\t<div id=\"ux-relay-2535634905\" class=\"ux-relay ux-relay--pagination\" data-flatsome-relay=\"{&quot;postType&quot;:&quot;post&quot;,&quot;tag&quot;:&quot;blog_posts&quot;,&quot;atts&quot;:{&quot;style&quot;:&quot;overlay&quot;,&quot;type&quot;:&quot;grid&quot;,&quot;grid&quot;:&quot;3&quot;,&quot;width&quot;:&quot;full-width&quot;,&quot;col_spacing&quot;:&quot;small&quot;,&quot;depth&quot;:&quot;5&quot;,&quot;relay&quot;:&quot;pagination&quot;,&quot;cat&quot;:&quot;181,177,131,148,580,586&quot;,&quot;posts&quot;:&quot;14&quot;,&quot;title_size&quot;:&quot;small&quot;,&quot;show_date&quot;:&quot;false&quot;,&quot;excerpt&quot;:&quot;false&quot;,&quot;comments&quot;:&quot;false&quot;,&quot;image_width&quot;:&quot;98&quot;,&quot;image_size&quot;:&quot;original&quot;,&quot;image_overlay&quot;:&quot;rgba(133, 76, 76, 0)&quot;,&quot;text_size&quot;:&quot;large&quot;,&quot;text_bg&quot;:&quot;rgba(35, 18, 18, 0.25)&quot;},&quot;currentPage&quot;:&quot;1&quot;,&quot;totalPages&quot;:10,&quot;totalPosts&quot;:127,&quot;postCount&quot;:14}\" >\n\t\t  <style>\n    #row-51644099 .grid-col-1{height: 600px}\n    #row-51644099 .grid-col-1-2{height: 300px}\n    #row-51644099 .grid-col-1-3{height:200px}\n    #row-51644099 .grid-col-2-3{height: 400px}\n    #row-51644099 .grid-col-1-4{height: 150px}\n    #row-51644099 .grid-col-3-4{height: 450px}\n\n\n        \/* Tablet *\/\n    @media (max-width: 850px){\n      #row-51644099 .grid-col-1{height: 400px}\n      #row-51644099 .grid-col-1-2{height: 200px}\n      #row-51644099 .grid-col-1-3{height:133.33333333333px}\n      #row-51644099 .grid-col-2-3{height: 266.66666666667px}\n      #row-51644099 .grid-col-1-4{height: 100px}\n      #row-51644099 .grid-col-3-4{height: 300px}\n    }\n    \n        \/* Mobile *\/\n    @media (max-width: 550px){\n      #row-51644099 .grid-col-1{height: 400px}\n      #row-51644099 .grid-col-1-2{height: 200px}\n      #row-51644099 .grid-col-1-3{height:133.33333333333px}\n      #row-51644099 .grid-col-2-3{height: 266.66666666667px}\n      #row-51644099 .grid-col-1-4{height: 100px}\n      #row-51644099 .grid-col-3-4{height: 300px}\n    }\n    \n\n  <\/style>\n  \n  \n    <div id=\"row-51644099\" class=\"row row-small row-full-width has-shadow row-box-shadow-5 row-grid\" data-packery-options='{\"itemSelector\": \".col\", \"gutter\": 0, \"presentageWidth\" : true}'>\n\n  <div class=\"col post-item grid-col grid-col-1 large-6 medium-12\" >\n\t\t\t<div class=\"col-inner\">\n\t\t\t\t<div class=\"box box-overlay dark box-text-bottom box-blog-post has-hover\">\n            \t\t\t\t\t<div class=\"box-image\" style=\"width:98%;\">\n  \t\t\t\t\t\t<div class=\"image-cover\" style=\"padding-top:56%;\">\n\t\t\t\t\t\t\t<a href=\"https:\/\/pachamamitaecu.org\/en\/2026\/08\/24\/tin-tin-beyond-the-myth-legends-ecuador\/\" class=\"plain\" aria-label=\"El Tin-Tin , m\u00e0s all\u00e0 del mito\">\n\t\t\t\t\t\t\t\t<img decoding=\"async\" width=\"242\" height=\"320\" data-src=\"https:\/\/pachamamitaecu.org\/wp-content\/uploads\/2018\/05\/chanenque-de-la-tierra-de-los-susurros-1.jpg\" class=\"attachment-large size-large wp-post-image lazyload\" alt=\"\" src=\"data:image\/svg+xml;base64,PHN2ZyB3aWR0aD0iMSIgaGVpZ2h0PSIxIiB4bWxucz0iaHR0cDovL3d3dy53My5vcmcvMjAwMC9zdmciPjwvc3ZnPg==\" style=\"--smush-placeholder-width: 242px; --smush-placeholder-aspect-ratio: 242\/320;\" \/>\t\t\t\t\t\t\t<\/a>\n  \t\t\t\t\t\t\t<div class=\"overlay\" style=\"background-color: rgba(133, 76, 76, 0)\"><\/div>  \t\t\t\t\t\t\t  \t\t\t\t\t\t<\/div>\n  \t\t\t\t\t\t  \t\t\t\t\t<\/div>\n          \t\t\t\t\t<div class=\"box-text text-center is-large\" style=\"background-color:rgba(35, 18, 18, 0.25);\">\n\t\t\t\t\t<div class=\"box-text-inner blog-post-inner\">\n\n\t\t\t\t\t\n\t\t\t\t\t\t\t\t\t\t<h5 class=\"post-title is-small \">\n\t\t\t\t\t\t<a href=\"https:\/\/pachamamitaecu.org\/en\/2026\/08\/24\/tin-tin-beyond-the-myth-legends-ecuador\/\" class=\"plain\">El Tin-Tin , m\u00e0s all\u00e0 del mito<\/a>\n\t\t\t\t\t<\/h5>\n\t\t\t\t\t\t\t\t\t\t<div class=\"is-divider\"><\/div>\n\t\t\t\t\t                    \n\t\t\t\t\t\n\t\t\t\t\t\n\t\t\t\t\t<\/div>\n\t\t\t\t\t<\/div>\n\t\t\t\t\t\t\t\t\t<\/div>\n\t\t\t<\/div>\n\t\t<\/div><div class=\"col post-item grid-col grid-col-1-2 large-6 medium-6\" >\n\t\t\t<div class=\"col-inner\">\n\t\t\t\t<div class=\"box box-overlay dark box-text-bottom box-blog-post has-hover\">\n            \t\t\t\t\t<div class=\"box-image\" style=\"width:98%;\">\n  \t\t\t\t\t\t<div class=\"image-cover\" style=\"padding-top:56%;\">\n\t\t\t\t\t\t\t<a href=\"https:\/\/pachamamitaecu.org\/en\/2026\/06\/19\/organic-expo-where-the-seeds-of-sustainable-agriculture-are-sown\/\" class=\"plain\" aria-label=\"Expo Org\u00e1nico: Donde quedan sembradas las semillas de la agricultura sostenible\">\n\t\t\t\t\t\t\t\t<img decoding=\"async\" width=\"551\" height=\"400\" data-src=\"https:\/\/pachamamitaecu.org\/wp-content\/uploads\/2026\/01\/closeup-of-hands-holding-choosing-fresh-corns-2026-01-07-23-30-29-utc-551x400.jpg\" class=\"attachment-medium size-medium wp-post-image lazyload\" alt=\"Mercado agroecol\u00f3gico andino\" data-srcset=\"https:\/\/pachamamitaecu.org\/wp-content\/uploads\/2026\/01\/closeup-of-hands-holding-choosing-fresh-corns-2026-01-07-23-30-29-utc-551x400.jpg 551w, https:\/\/pachamamitaecu.org\/wp-content\/uploads\/2026\/01\/closeup-of-hands-holding-choosing-fresh-corns-2026-01-07-23-30-29-utc-1103x800.jpg 1103w, https:\/\/pachamamitaecu.org\/wp-content\/uploads\/2026\/01\/closeup-of-hands-holding-choosing-fresh-corns-2026-01-07-23-30-29-utc-768x557.jpg 768w, https:\/\/pachamamitaecu.org\/wp-content\/uploads\/2026\/01\/closeup-of-hands-holding-choosing-fresh-corns-2026-01-07-23-30-29-utc-1536x1114.jpg 1536w, https:\/\/pachamamitaecu.org\/wp-content\/uploads\/2026\/01\/closeup-of-hands-holding-choosing-fresh-corns-2026-01-07-23-30-29-utc-2048x1486.jpg 2048w, https:\/\/pachamamitaecu.org\/wp-content\/uploads\/2026\/01\/closeup-of-hands-holding-choosing-fresh-corns-2026-01-07-23-30-29-utc-18x12.jpg 18w\" data-sizes=\"(max-width: 551px) 100vw, 551px\" src=\"data:image\/svg+xml;base64,PHN2ZyB3aWR0aD0iMSIgaGVpZ2h0PSIxIiB4bWxucz0iaHR0cDovL3d3dy53My5vcmcvMjAwMC9zdmciPjwvc3ZnPg==\" style=\"--smush-placeholder-width: 551px; --smush-placeholder-aspect-ratio: 551\/400;\" \/>\t\t\t\t\t\t\t<\/a>\n  \t\t\t\t\t\t\t<div class=\"overlay\" style=\"background-color: rgba(133, 76, 76, 0)\"><\/div>  \t\t\t\t\t\t\t  \t\t\t\t\t\t<\/div>\n  \t\t\t\t\t\t  \t\t\t\t\t<\/div>\n          \t\t\t\t\t<div class=\"box-text text-center is-large\" style=\"background-color:rgba(35, 18, 18, 0.25);\">\n\t\t\t\t\t<div class=\"box-text-inner blog-post-inner\">\n\n\t\t\t\t\t\n\t\t\t\t\t\t\t\t\t\t<h5 class=\"post-title is-small \">\n\t\t\t\t\t\t<a href=\"https:\/\/pachamamitaecu.org\/en\/2026\/06\/19\/organic-expo-where-the-seeds-of-sustainable-agriculture-are-sown\/\" class=\"plain\">Expo Org\u00e1nico: Donde quedan sembradas las semillas de la agricultura sostenible<\/a>\n\t\t\t\t\t<\/h5>\n\t\t\t\t\t\t\t\t\t\t<div class=\"is-divider\"><\/div>\n\t\t\t\t\t                    \n\t\t\t\t\t\n\t\t\t\t\t\n\t\t\t\t\t<\/div>\n\t\t\t\t\t<\/div>\n\t\t\t\t\t\t\t\t\t<\/div>\n\t\t\t<\/div>\n\t\t<\/div><div class=\"col post-item grid-col grid-col-1-2 large-3 medium-6\" >\n\t\t\t<div class=\"col-inner\">\n\t\t\t\t<div class=\"box box-overlay dark box-text-bottom box-blog-post has-hover\">\n            \t\t\t\t\t<div class=\"box-image\" style=\"width:98%;\">\n  \t\t\t\t\t\t<div class=\"image-cover\" style=\"padding-top:56%;\">\n\t\t\t\t\t\t\t<a href=\"https:\/\/pachamamitaecu.org\/en\/2026\/01\/17\/rights-nature-community-tourism-ecuador\/\" class=\"plain\" aria-label=\"Turismo y Derechos de la Naturaleza en Ecuador\">\n\t\t\t\t\t\t\t\t<img decoding=\"async\" width=\"280\" height=\"280\" data-src=\"https:\/\/pachamamitaecu.org\/wp-content\/uploads\/2026\/01\/3-1-280x280.jpg\" class=\"attachment-thumbnail size-thumbnail wp-post-image lazyload\" alt=\"Rio amazonico en Ecuador\" src=\"data:image\/svg+xml;base64,PHN2ZyB3aWR0aD0iMSIgaGVpZ2h0PSIxIiB4bWxucz0iaHR0cDovL3d3dy53My5vcmcvMjAwMC9zdmciPjwvc3ZnPg==\" style=\"--smush-placeholder-width: 280px; --smush-placeholder-aspect-ratio: 280\/280;\" \/>\t\t\t\t\t\t\t<\/a>\n  \t\t\t\t\t\t\t<div class=\"overlay\" style=\"background-color: rgba(133, 76, 76, 0)\"><\/div>  \t\t\t\t\t\t\t  \t\t\t\t\t\t<\/div>\n  \t\t\t\t\t\t  \t\t\t\t\t<\/div>\n          \t\t\t\t\t<div class=\"box-text text-center is-large\" style=\"background-color:rgba(35, 18, 18, 0.25);\">\n\t\t\t\t\t<div class=\"box-text-inner blog-post-inner\">\n\n\t\t\t\t\t\n\t\t\t\t\t\t\t\t\t\t<h5 class=\"post-title is-small \">\n\t\t\t\t\t\t<a href=\"https:\/\/pachamamitaecu.org\/en\/2026\/01\/17\/rights-nature-community-tourism-ecuador\/\" class=\"plain\">Turismo y Derechos de la Naturaleza en Ecuador<\/a>\n\t\t\t\t\t<\/h5>\n\t\t\t\t\t\t\t\t\t\t<div class=\"is-divider\"><\/div>\n\t\t\t\t\t                    \n\t\t\t\t\t\n\t\t\t\t\t\n\t\t\t\t\t<\/div>\n\t\t\t\t\t<\/div>\n\t\t\t\t\t\t\t\t\t<\/div>\n\t\t\t<\/div>\n\t\t<\/div><div class=\"col post-item grid-col grid-col-1-2 large-3 medium-6\" >\n\t\t\t<div class=\"col-inner\">\n\t\t\t\t<div class=\"box box-overlay dark box-text-bottom box-blog-post has-hover\">\n            \t\t\t\t\t<div class=\"box-image\" style=\"width:98%;\">\n  \t\t\t\t\t\t<div class=\"image-cover\" style=\"padding-top:56%;\">\n\t\t\t\t\t\t\t<a href=\"https:\/\/pachamamitaecu.org\/en\/2026\/01\/14\/agroecology-in-rural-communities-of-ecuador-practices-benefits-and-how-to-get-started\/\" class=\"plain\" aria-label=\"Agroecolog\u00eda en comunidades rurales de Ecuador: pr\u00e1cticas, beneficios y c\u00f3mo empezar\">\n\t\t\t\t\t\t\t\t<img decoding=\"async\" width=\"280\" height=\"280\" data-src=\"https:\/\/pachamamitaecu.org\/wp-content\/uploads\/2026\/01\/agriculture-multiracial-people-working-together-an-2026-01-08-07-47-59-utc-280x280.jpg\" class=\"attachment-thumbnail size-thumbnail wp-post-image lazyload\" alt=\"Agricultores en finca agroecol\u00f3gica diversa\" src=\"data:image\/svg+xml;base64,PHN2ZyB3aWR0aD0iMSIgaGVpZ2h0PSIxIiB4bWxucz0iaHR0cDovL3d3dy53My5vcmcvMjAwMC9zdmciPjwvc3ZnPg==\" style=\"--smush-placeholder-width: 280px; --smush-placeholder-aspect-ratio: 280\/280;\" \/>\t\t\t\t\t\t\t<\/a>\n  \t\t\t\t\t\t\t<div class=\"overlay\" style=\"background-color: rgba(133, 76, 76, 0)\"><\/div>  \t\t\t\t\t\t\t  \t\t\t\t\t\t<\/div>\n  \t\t\t\t\t\t  \t\t\t\t\t<\/div>\n          \t\t\t\t\t<div class=\"box-text text-center is-large\" style=\"background-color:rgba(35, 18, 18, 0.25);\">\n\t\t\t\t\t<div class=\"box-text-inner blog-post-inner\">\n\n\t\t\t\t\t\n\t\t\t\t\t\t\t\t\t\t<h5 class=\"post-title is-small \">\n\t\t\t\t\t\t<a href=\"https:\/\/pachamamitaecu.org\/en\/2026\/01\/14\/agroecology-in-rural-communities-of-ecuador-practices-benefits-and-how-to-get-started\/\" class=\"plain\">Agroecolog\u00eda en comunidades rurales de Ecuador: pr\u00e1cticas, beneficios y c\u00f3mo empezar<\/a>\n\t\t\t\t\t<\/h5>\n\t\t\t\t\t\t\t\t\t\t<div class=\"is-divider\"><\/div>\n\t\t\t\t\t                    \n\t\t\t\t\t\n\t\t\t\t\t\n\t\t\t\t\t<\/div>\n\t\t\t\t\t<\/div>\n\t\t\t\t\t\t\t\t\t<\/div>\n\t\t\t<\/div>\n\t\t<\/div><div class=\"col post-item grid-col grid-col-1-2 large-3 medium-6\" >\n\t\t\t<div class=\"col-inner\">\n\t\t\t\t<div class=\"box box-overlay dark box-text-bottom box-blog-post has-hover\">\n            \t\t\t\t\t<div class=\"box-image\" style=\"width:98%;\">\n  \t\t\t\t\t\t<div class=\"image-cover\" style=\"padding-top:56%;\">\n\t\t\t\t\t\t\t<a href=\"https:\/\/pachamamitaecu.org\/en\/2025\/09\/19\/communication-with-the-spirit-world\/\" class=\"plain\" aria-label=\"La Comunicaci\u00f3n con el mundo de los Esp\u00edritus.\">\n\t\t\t\t\t\t\t\t<img decoding=\"async\" width=\"280\" height=\"280\" data-src=\"https:\/\/pachamamitaecu.org\/wp-content\/uploads\/2017\/06\/Diseno-sin-titulo-27-280x280.png\" class=\"attachment-thumbnail size-thumbnail wp-post-image lazyload\" alt=\"La hoja de coca y su uso en el Ecuador prehisp\u00e1nico\" src=\"data:image\/svg+xml;base64,PHN2ZyB3aWR0aD0iMSIgaGVpZ2h0PSIxIiB4bWxucz0iaHR0cDovL3d3dy53My5vcmcvMjAwMC9zdmciPjwvc3ZnPg==\" style=\"--smush-placeholder-width: 280px; --smush-placeholder-aspect-ratio: 280\/280;\" \/>\t\t\t\t\t\t\t<\/a>\n  \t\t\t\t\t\t\t<div class=\"overlay\" style=\"background-color: rgba(133, 76, 76, 0)\"><\/div>  \t\t\t\t\t\t\t  \t\t\t\t\t\t<\/div>\n  \t\t\t\t\t\t  \t\t\t\t\t<\/div>\n          \t\t\t\t\t<div class=\"box-text text-center is-large\" style=\"background-color:rgba(35, 18, 18, 0.25);\">\n\t\t\t\t\t<div class=\"box-text-inner blog-post-inner\">\n\n\t\t\t\t\t\n\t\t\t\t\t\t\t\t\t\t<h5 class=\"post-title is-small \">\n\t\t\t\t\t\t<a href=\"https:\/\/pachamamitaecu.org\/en\/2025\/09\/19\/communication-with-the-spirit-world\/\" class=\"plain\">La Comunicaci\u00f3n con el mundo de los Esp\u00edritus.<\/a>\n\t\t\t\t\t<\/h5>\n\t\t\t\t\t\t\t\t\t\t<div class=\"is-divider\"><\/div>\n\t\t\t\t\t                    \n\t\t\t\t\t\n\t\t\t\t\t\n\t\t\t\t\t<\/div>\n\t\t\t\t\t<\/div>\n\t\t\t\t\t\t\t\t\t<\/div>\n\t\t\t<\/div>\n\t\t<\/div><div class=\"col post-item grid-col grid-col-1-2 large-3 medium-6\" >\n\t\t\t<div class=\"col-inner\">\n\t\t\t\t<div class=\"box box-overlay dark box-text-bottom box-blog-post has-hover\">\n            \t\t\t\t\t<div class=\"box-image\" style=\"width:98%;\">\n  \t\t\t\t\t\t<div class=\"image-cover\" style=\"padding-top:56%;\">\n\t\t\t\t\t\t\t<a href=\"https:\/\/pachamamitaecu.org\/en\/2025\/09\/19\/kawsak-sacha-and-kawsari-living-jungle-justice-and-resistance-in-2025\/\" class=\"plain\" aria-label=\"Kawsak Sacha y Kawsari: selva viviente, justicia y resistencia en 2025\">\n\t\t\t\t\t\t\t\t<img decoding=\"async\" width=\"280\" height=\"280\" data-src=\"https:\/\/pachamamitaecu.org\/wp-content\/uploads\/2025\/09\/312742211_6171346552879009_7713491599834583573_n-280x280.jpg\" class=\"attachment-thumbnail size-thumbnail wp-post-image lazyload\" alt=\"Kawsak Sacha en Ecuador: proteger la Amazon\u00eda es defender salud, agua, cultura y clima.\" src=\"data:image\/svg+xml;base64,PHN2ZyB3aWR0aD0iMSIgaGVpZ2h0PSIxIiB4bWxucz0iaHR0cDovL3d3dy53My5vcmcvMjAwMC9zdmciPjwvc3ZnPg==\" style=\"--smush-placeholder-width: 280px; --smush-placeholder-aspect-ratio: 280\/280;\" \/>\t\t\t\t\t\t\t<\/a>\n  \t\t\t\t\t\t\t<div class=\"overlay\" style=\"background-color: rgba(133, 76, 76, 0)\"><\/div>  \t\t\t\t\t\t\t  \t\t\t\t\t\t<\/div>\n  \t\t\t\t\t\t  \t\t\t\t\t<\/div>\n          \t\t\t\t\t<div class=\"box-text text-center is-large\" style=\"background-color:rgba(35, 18, 18, 0.25);\">\n\t\t\t\t\t<div class=\"box-text-inner blog-post-inner\">\n\n\t\t\t\t\t\n\t\t\t\t\t\t\t\t\t\t<h5 class=\"post-title is-small \">\n\t\t\t\t\t\t<a href=\"https:\/\/pachamamitaecu.org\/en\/2025\/09\/19\/kawsak-sacha-and-kawsari-living-jungle-justice-and-resistance-in-2025\/\" class=\"plain\">Kawsak Sacha y Kawsari: selva viviente, justicia y resistencia en 2025<\/a>\n\t\t\t\t\t<\/h5>\n\t\t\t\t\t\t\t\t\t\t<div class=\"is-divider\"><\/div>\n\t\t\t\t\t                    \n\t\t\t\t\t\n\t\t\t\t\t\n\t\t\t\t\t<\/div>\n\t\t\t\t\t<\/div>\n\t\t\t\t\t\t\t\t\t<\/div>\n\t\t\t<\/div>\n\t\t<\/div><div class=\"col post-item grid-col grid-col-1-2 large-3 medium-6\" >\n\t\t\t<div class=\"col-inner\">\n\t\t\t\t<div class=\"box box-overlay dark box-text-bottom box-blog-post has-hover\">\n            \t\t\t\t\t<div class=\"box-image\" style=\"width:98%;\">\n  \t\t\t\t\t\t<div class=\"image-cover\" style=\"padding-top:56%;\">\n\t\t\t\t\t\t\t<a href=\"https:\/\/pachamamitaecu.org\/en\/2025\/09\/03\/digital-defense-guide-for-social-organizations-building-community-security-in-latin-america\/\" class=\"plain\" aria-label=\"Gu\u00eda de defensa digital para organizaciones sociales: preparaci\u00f3n frente a ataques cibern\u00e9ticos, campa\u00f1as de desinformaci\u00f3n y vigilancia digital.\">\n\t\t\t\t\t\t\t\t<img decoding=\"async\" width=\"280\" height=\"280\" data-src=\"https:\/\/pachamamitaecu.org\/wp-content\/uploads\/2025\/09\/5-280x280.jpg\" class=\"attachment-thumbnail size-thumbnail wp-post-image lazyload\" alt=\"\" src=\"data:image\/svg+xml;base64,PHN2ZyB3aWR0aD0iMSIgaGVpZ2h0PSIxIiB4bWxucz0iaHR0cDovL3d3dy53My5vcmcvMjAwMC9zdmciPjwvc3ZnPg==\" style=\"--smush-placeholder-width: 280px; --smush-placeholder-aspect-ratio: 280\/280;\" \/>\t\t\t\t\t\t\t<\/a>\n  \t\t\t\t\t\t\t<div class=\"overlay\" style=\"background-color: rgba(133, 76, 76, 0)\"><\/div>  \t\t\t\t\t\t\t  \t\t\t\t\t\t<\/div>\n  \t\t\t\t\t\t  \t\t\t\t\t<\/div>\n          \t\t\t\t\t<div class=\"box-text text-center is-large\" style=\"background-color:rgba(35, 18, 18, 0.25);\">\n\t\t\t\t\t<div class=\"box-text-inner blog-post-inner\">\n\n\t\t\t\t\t\n\t\t\t\t\t\t\t\t\t\t<h5 class=\"post-title is-small \">\n\t\t\t\t\t\t<a href=\"https:\/\/pachamamitaecu.org\/en\/2025\/09\/03\/digital-defense-guide-for-social-organizations-building-community-security-in-latin-america\/\" class=\"plain\">Gu\u00eda de defensa digital para organizaciones sociales: preparaci\u00f3n frente a ataques cibern\u00e9ticos, campa\u00f1as de desinformaci\u00f3n y vigilancia digital.<\/a>\n\t\t\t\t\t<\/h5>\n\t\t\t\t\t\t\t\t\t\t<div class=\"is-divider\"><\/div>\n\t\t\t\t\t                    \n\t\t\t\t\t\n\t\t\t\t\t\n\t\t\t\t\t<\/div>\n\t\t\t\t\t<\/div>\n\t\t\t\t\t\t\t\t\t<\/div>\n\t\t\t<\/div>\n\t\t<\/div><div class=\"col post-item grid-col grid-col-1-2 large-3 medium-6\" >\n\t\t\t<div class=\"col-inner\">\n\t\t\t\t<div class=\"box box-overlay dark box-text-bottom box-blog-post has-hover\">\n            \t\t\t\t\t<div class=\"box-image\" style=\"width:98%;\">\n  \t\t\t\t\t\t<div class=\"image-cover\" style=\"padding-top:56%;\">\n\t\t\t\t\t\t\t<a href=\"https:\/\/pachamamitaecu.org\/en\/2024\/04\/13\/discover-ayangue-what-to-do-in-this-coastal-paradise-and-the-charm-of-the-cultural-garden\/\" class=\"plain\" aria-label=\"Descubre Ayangue: Qu\u00e9 Hacer en este Para\u00edso Costero y el Encanto del Jard\u00edn Cultural\">\n\t\t\t\t\t\t\t\t<img decoding=\"async\" width=\"280\" height=\"280\" data-src=\"https:\/\/pachamamitaecu.org\/wp-content\/uploads\/2024\/04\/437601194_933130175489520_6741561466975772240_n-280x280.jpg\" class=\"attachment-thumbnail size-thumbnail wp-post-image lazyload\" alt=\"L\u00e1mpara de J\u00edcara. Arte Natural desde Ayangue\" src=\"data:image\/svg+xml;base64,PHN2ZyB3aWR0aD0iMSIgaGVpZ2h0PSIxIiB4bWxucz0iaHR0cDovL3d3dy53My5vcmcvMjAwMC9zdmciPjwvc3ZnPg==\" style=\"--smush-placeholder-width: 280px; --smush-placeholder-aspect-ratio: 280\/280;\" \/>\t\t\t\t\t\t\t<\/a>\n  \t\t\t\t\t\t\t<div class=\"overlay\" style=\"background-color: rgba(133, 76, 76, 0)\"><\/div>  \t\t\t\t\t\t\t  \t\t\t\t\t\t<\/div>\n  \t\t\t\t\t\t  \t\t\t\t\t<\/div>\n          \t\t\t\t\t<div class=\"box-text text-center is-large\" style=\"background-color:rgba(35, 18, 18, 0.25);\">\n\t\t\t\t\t<div class=\"box-text-inner blog-post-inner\">\n\n\t\t\t\t\t\n\t\t\t\t\t\t\t\t\t\t<h5 class=\"post-title is-small \">\n\t\t\t\t\t\t<a href=\"https:\/\/pachamamitaecu.org\/en\/2024\/04\/13\/discover-ayangue-what-to-do-in-this-coastal-paradise-and-the-charm-of-the-cultural-garden\/\" class=\"plain\">Descubre Ayangue: Qu\u00e9 Hacer en este Para\u00edso Costero y el Encanto del Jard\u00edn Cultural<\/a>\n\t\t\t\t\t<\/h5>\n\t\t\t\t\t\t\t\t\t\t<div class=\"is-divider\"><\/div>\n\t\t\t\t\t                    \n\t\t\t\t\t\n\t\t\t\t\t\n\t\t\t\t\t<\/div>\n\t\t\t\t\t<\/div>\n\t\t\t\t\t\t\t\t\t<\/div>\n\t\t\t<\/div>\n\t\t<\/div><div class=\"col post-item grid-col grid-col-1-2 large-3 medium-6\" >\n\t\t\t<div class=\"col-inner\">\n\t\t\t\t<div class=\"box box-overlay dark box-text-bottom box-blog-post has-hover\">\n            \t\t\t\t\t<div class=\"box-image\" style=\"width:98%;\">\n  \t\t\t\t\t\t<div class=\"image-cover\" style=\"padding-top:56%;\">\n\t\t\t\t\t\t\t<a href=\"https:\/\/pachamamitaecu.org\/en\/2018\/06\/23\/the-legend-of-posorja-the-seer\/\" class=\"plain\" aria-label=\"Posorja, la vidente\">\n\t\t\t\t\t\t\t\t<img decoding=\"async\" width=\"280\" height=\"280\" data-src=\"https:\/\/pachamamitaecu.org\/wp-content\/uploads\/2018\/06\/Sin-titulo-1640-\u00d7-224-px-1640-\u00d7-333-px-280x280.png\" class=\"attachment-thumbnail size-thumbnail wp-post-image lazyload\" alt=\"\" src=\"data:image\/svg+xml;base64,PHN2ZyB3aWR0aD0iMSIgaGVpZ2h0PSIxIiB4bWxucz0iaHR0cDovL3d3dy53My5vcmcvMjAwMC9zdmciPjwvc3ZnPg==\" style=\"--smush-placeholder-width: 280px; --smush-placeholder-aspect-ratio: 280\/280;\" \/>\t\t\t\t\t\t\t<\/a>\n  \t\t\t\t\t\t\t<div class=\"overlay\" style=\"background-color: rgba(133, 76, 76, 0)\"><\/div>  \t\t\t\t\t\t\t  \t\t\t\t\t\t<\/div>\n  \t\t\t\t\t\t  \t\t\t\t\t<\/div>\n          \t\t\t\t\t<div class=\"box-text text-center is-large\" style=\"background-color:rgba(35, 18, 18, 0.25);\">\n\t\t\t\t\t<div class=\"box-text-inner blog-post-inner\">\n\n\t\t\t\t\t\n\t\t\t\t\t\t\t\t\t\t<h5 class=\"post-title is-small \">\n\t\t\t\t\t\t<a href=\"https:\/\/pachamamitaecu.org\/en\/2018\/06\/23\/the-legend-of-posorja-the-seer\/\" class=\"plain\">Posorja, la vidente<\/a>\n\t\t\t\t\t<\/h5>\n\t\t\t\t\t\t\t\t\t\t<div class=\"is-divider\"><\/div>\n\t\t\t\t\t                    \n\t\t\t\t\t\n\t\t\t\t\t\n\t\t\t\t\t<\/div>\n\t\t\t\t\t<\/div>\n\t\t\t\t\t\t\t\t\t<\/div>\n\t\t\t<\/div>\n\t\t<\/div><div class=\"col post-item grid-col grid-col-1-2 large-3 medium-6\" >\n\t\t\t<div class=\"col-inner\">\n\t\t\t\t<div class=\"box box-overlay dark box-text-bottom box-blog-post has-hover\">\n            \t\t\t\t\t<div class=\"box-image\" style=\"width:98%;\">\n  \t\t\t\t\t\t<div class=\"image-cover\" style=\"padding-top:56%;\">\n\t\t\t\t\t\t\t<a href=\"https:\/\/pachamamitaecu.org\/en\/2018\/05\/08\/mochica-sumpa-3-the-lovers-of-sumpa-narration\/\" class=\"plain\" aria-label=\"Mochica Sumpa 3: LOS AMANTES DE SUMPA (Narracion)\">\n\t\t\t\t\t\t\t\t<img decoding=\"async\" width=\"280\" height=\"280\" data-src=\"https:\/\/pachamamitaecu.org\/wp-content\/uploads\/2018\/05\/aman-2-280x280.jpg\" class=\"attachment-thumbnail size-thumbnail wp-post-image lazyload\" alt=\"\" src=\"data:image\/svg+xml;base64,PHN2ZyB3aWR0aD0iMSIgaGVpZ2h0PSIxIiB4bWxucz0iaHR0cDovL3d3dy53My5vcmcvMjAwMC9zdmciPjwvc3ZnPg==\" style=\"--smush-placeholder-width: 280px; --smush-placeholder-aspect-ratio: 280\/280;\" \/>\t\t\t\t\t\t\t<\/a>\n  \t\t\t\t\t\t\t<div class=\"overlay\" style=\"background-color: rgba(133, 76, 76, 0)\"><\/div>  \t\t\t\t\t\t\t  \t\t\t\t\t\t<\/div>\n  \t\t\t\t\t\t  \t\t\t\t\t<\/div>\n          \t\t\t\t\t<div class=\"box-text text-center is-large\" style=\"background-color:rgba(35, 18, 18, 0.25);\">\n\t\t\t\t\t<div class=\"box-text-inner blog-post-inner\">\n\n\t\t\t\t\t\n\t\t\t\t\t\t\t\t\t\t<h5 class=\"post-title is-small \">\n\t\t\t\t\t\t<a href=\"https:\/\/pachamamitaecu.org\/en\/2018\/05\/08\/mochica-sumpa-3-the-lovers-of-sumpa-narration\/\" class=\"plain\">Mochica Sumpa 3: LOS AMANTES DE SUMPA (Narracion)<\/a>\n\t\t\t\t\t<\/h5>\n\t\t\t\t\t\t\t\t\t\t<div class=\"is-divider\"><\/div>\n\t\t\t\t\t                    \n\t\t\t\t\t\n\t\t\t\t\t\n\t\t\t\t\t<\/div>\n\t\t\t\t\t<\/div>\n\t\t\t\t\t\t\t\t\t<\/div>\n\t\t\t<\/div>\n\t\t<\/div><div class=\"col post-item grid-col grid-col-1-2 large-3 medium-6\" >\n\t\t\t<div class=\"col-inner\">\n\t\t\t\t<div class=\"box box-overlay dark box-text-bottom box-blog-post has-hover\">\n            \t\t\t\t\t<div class=\"box-image\" style=\"width:98%;\">\n  \t\t\t\t\t\t<div class=\"image-cover\" style=\"padding-top:56%;\">\n\t\t\t\t\t\t\t<a href=\"https:\/\/pachamamitaecu.org\/en\/2018\/05\/08\/envy-the-sumpa-lovers\/\" class=\"plain\" aria-label=\"ENVIDIA A LOS AMANTES DE SUMPA\">\n\t\t\t\t\t\t\t\t<img decoding=\"async\" width=\"280\" height=\"280\" data-src=\"https:\/\/pachamamitaecu.org\/wp-content\/uploads\/2018\/05\/aman-3-280x280.jpg\" class=\"attachment-thumbnail size-thumbnail wp-post-image lazyload\" alt=\"\" src=\"data:image\/svg+xml;base64,PHN2ZyB3aWR0aD0iMSIgaGVpZ2h0PSIxIiB4bWxucz0iaHR0cDovL3d3dy53My5vcmcvMjAwMC9zdmciPjwvc3ZnPg==\" style=\"--smush-placeholder-width: 280px; --smush-placeholder-aspect-ratio: 280\/280;\" \/>\t\t\t\t\t\t\t<\/a>\n  \t\t\t\t\t\t\t<div class=\"overlay\" style=\"background-color: rgba(133, 76, 76, 0)\"><\/div>  \t\t\t\t\t\t\t  \t\t\t\t\t\t<\/div>\n  \t\t\t\t\t\t  \t\t\t\t\t<\/div>\n          \t\t\t\t\t<div class=\"box-text text-center is-large\" style=\"background-color:rgba(35, 18, 18, 0.25);\">\n\t\t\t\t\t<div class=\"box-text-inner blog-post-inner\">\n\n\t\t\t\t\t\n\t\t\t\t\t\t\t\t\t\t<h5 class=\"post-title is-small \">\n\t\t\t\t\t\t<a href=\"https:\/\/pachamamitaecu.org\/en\/2018\/05\/08\/envy-the-sumpa-lovers\/\" class=\"plain\">ENVIDIA A LOS AMANTES DE SUMPA<\/a>\n\t\t\t\t\t<\/h5>\n\t\t\t\t\t\t\t\t\t\t<div class=\"is-divider\"><\/div>\n\t\t\t\t\t                    \n\t\t\t\t\t\n\t\t\t\t\t\n\t\t\t\t\t<\/div>\n\t\t\t\t\t<\/div>\n\t\t\t\t\t\t\t\t\t<\/div>\n\t\t\t<\/div>\n\t\t<\/div><div class=\"col post-item grid-col grid-col-1-2 large-3 medium-6\" >\n\t\t\t<div class=\"col-inner\">\n\t\t\t\t<div class=\"box box-overlay dark box-text-bottom box-blog-post has-hover\">\n            \t\t\t\t\t<div class=\"box-image\" style=\"width:98%;\">\n  \t\t\t\t\t\t<div class=\"image-cover\" style=\"padding-top:56%;\">\n\t\t\t\t\t\t\t<a href=\"https:\/\/pachamamitaecu.org\/en\/2018\/05\/08\/sumpa-the-oldest-town-on-the-ecuadorian-coast-by-hugo-calle-forrest\/\" class=\"plain\" aria-label=\"Sumpa, el poblado mas antiguo de la costa ecuatoriana   Por Hugo Calle Forrest\">\n\t\t\t\t\t\t\t\t<img decoding=\"async\" width=\"280\" height=\"280\" data-src=\"https:\/\/pachamamitaecu.org\/wp-content\/uploads\/2018\/05\/costa023-1-280x280.jpg\" class=\"attachment-thumbnail size-thumbnail wp-post-image lazyload\" alt=\"\" src=\"data:image\/svg+xml;base64,PHN2ZyB3aWR0aD0iMSIgaGVpZ2h0PSIxIiB4bWxucz0iaHR0cDovL3d3dy53My5vcmcvMjAwMC9zdmciPjwvc3ZnPg==\" style=\"--smush-placeholder-width: 280px; --smush-placeholder-aspect-ratio: 280\/280;\" \/>\t\t\t\t\t\t\t<\/a>\n  \t\t\t\t\t\t\t<div class=\"overlay\" style=\"background-color: rgba(133, 76, 76, 0)\"><\/div>  \t\t\t\t\t\t\t  \t\t\t\t\t\t<\/div>\n  \t\t\t\t\t\t  \t\t\t\t\t<\/div>\n          \t\t\t\t\t<div class=\"box-text text-center is-large\" style=\"background-color:rgba(35, 18, 18, 0.25);\">\n\t\t\t\t\t<div class=\"box-text-inner blog-post-inner\">\n\n\t\t\t\t\t\n\t\t\t\t\t\t\t\t\t\t<h5 class=\"post-title is-small \">\n\t\t\t\t\t\t<a href=\"https:\/\/pachamamitaecu.org\/en\/2018\/05\/08\/sumpa-the-oldest-town-on-the-ecuadorian-coast-by-hugo-calle-forrest\/\" class=\"plain\">Sumpa, el poblado mas antiguo de la costa ecuatoriana   Por Hugo Calle Forrest<\/a>\n\t\t\t\t\t<\/h5>\n\t\t\t\t\t\t\t\t\t\t<div class=\"is-divider\"><\/div>\n\t\t\t\t\t                    \n\t\t\t\t\t\n\t\t\t\t\t\n\t\t\t\t\t<\/div>\n\t\t\t\t\t<\/div>\n\t\t\t\t\t\t\t\t\t<\/div>\n\t\t\t<\/div>\n\t\t<\/div><div class=\"col post-item grid-col grid-col-1-2 large-3 medium-6\" >\n\t\t\t<div class=\"col-inner\">\n\t\t\t\t<div class=\"box box-overlay dark box-text-bottom box-blog-post has-hover\">\n            \t\t\t\t\t<div class=\"box-image\" style=\"width:98%;\">\n  \t\t\t\t\t\t<div class=\"image-cover\" style=\"padding-top:56%;\">\n\t\t\t\t\t\t\t<a href=\"https:\/\/pachamamitaecu.org\/en\/2018\/03\/29\/the-enigmatic-and-endangered-world-of-seahorses\/\" class=\"plain\" aria-label=\"El enigm\u00e1tico y amenazado mundo de los caballitos de mar\">\n\t\t\t\t\t\t\t\t<img decoding=\"async\" width=\"250\" height=\"280\" data-src=\"https:\/\/pachamamitaecu.org\/wp-content\/uploads\/2018\/03\/caballitos_ETalledo_28042011-1-250x280.jpg\" class=\"attachment-thumbnail size-thumbnail wp-post-image lazyload\" alt=\"\" src=\"data:image\/svg+xml;base64,PHN2ZyB3aWR0aD0iMSIgaGVpZ2h0PSIxIiB4bWxucz0iaHR0cDovL3d3dy53My5vcmcvMjAwMC9zdmciPjwvc3ZnPg==\" style=\"--smush-placeholder-width: 250px; --smush-placeholder-aspect-ratio: 250\/280;\" \/>\t\t\t\t\t\t\t<\/a>\n  \t\t\t\t\t\t\t<div class=\"overlay\" style=\"background-color: rgba(133, 76, 76, 0)\"><\/div>  \t\t\t\t\t\t\t  \t\t\t\t\t\t<\/div>\n  \t\t\t\t\t\t  \t\t\t\t\t<\/div>\n          \t\t\t\t\t<div class=\"box-text text-center is-large\" style=\"background-color:rgba(35, 18, 18, 0.25);\">\n\t\t\t\t\t<div class=\"box-text-inner blog-post-inner\">\n\n\t\t\t\t\t\n\t\t\t\t\t\t\t\t\t\t<h5 class=\"post-title is-small \">\n\t\t\t\t\t\t<a href=\"https:\/\/pachamamitaecu.org\/en\/2018\/03\/29\/the-enigmatic-and-endangered-world-of-seahorses\/\" class=\"plain\">El enigm\u00e1tico y amenazado mundo de los caballitos de mar<\/a>\n\t\t\t\t\t<\/h5>\n\t\t\t\t\t\t\t\t\t\t<div class=\"is-divider\"><\/div>\n\t\t\t\t\t                    \n\t\t\t\t\t\n\t\t\t\t\t\n\t\t\t\t\t<\/div>\n\t\t\t\t\t<\/div>\n\t\t\t\t\t\t\t\t\t<\/div>\n\t\t\t<\/div>\n\t\t<\/div><div class=\"col post-item grid-col grid-col-1-2 large-3 medium-6\" >\n\t\t\t<div class=\"col-inner\">\n\t\t\t\t<div class=\"box box-overlay dark box-text-bottom box-blog-post has-hover\">\n            \t\t\t\t\t<div class=\"box-image\" style=\"width:98%;\">\n  \t\t\t\t\t\t<div class=\"image-cover\" style=\"padding-top:56%;\">\n\t\t\t\t\t\t\t<a href=\"https:\/\/pachamamitaecu.org\/en\/2018\/03\/29\/responsible-snorkeling-guide-in-coral-reef-areas\/\" class=\"plain\" aria-label=\"Gu\u00eda de Snorkeling Responsable en \u00e1reas coralinas.\">\n\t\t\t\t\t\t\t\t<img decoding=\"async\" width=\"280\" height=\"280\" data-src=\"https:\/\/pachamamitaecu.org\/wp-content\/uploads\/2018\/03\/Snorkel-1-280x280.jpg\" class=\"attachment-thumbnail size-thumbnail wp-post-image lazyload\" alt=\"\" src=\"data:image\/svg+xml;base64,PHN2ZyB3aWR0aD0iMSIgaGVpZ2h0PSIxIiB4bWxucz0iaHR0cDovL3d3dy53My5vcmcvMjAwMC9zdmciPjwvc3ZnPg==\" style=\"--smush-placeholder-width: 280px; --smush-placeholder-aspect-ratio: 280\/280;\" \/>\t\t\t\t\t\t\t<\/a>\n  \t\t\t\t\t\t\t<div class=\"overlay\" style=\"background-color: rgba(133, 76, 76, 0)\"><\/div>  \t\t\t\t\t\t\t  \t\t\t\t\t\t<\/div>\n  \t\t\t\t\t\t  \t\t\t\t\t<\/div>\n          \t\t\t\t\t<div class=\"box-text text-center is-large\" style=\"background-color:rgba(35, 18, 18, 0.25);\">\n\t\t\t\t\t<div class=\"box-text-inner blog-post-inner\">\n\n\t\t\t\t\t\n\t\t\t\t\t\t\t\t\t\t<h5 class=\"post-title is-small \">\n\t\t\t\t\t\t<a href=\"https:\/\/pachamamitaecu.org\/en\/2018\/03\/29\/responsible-snorkeling-guide-in-coral-reef-areas\/\" class=\"plain\">Gu\u00eda de Snorkeling Responsable en \u00e1reas coralinas.<\/a>\n\t\t\t\t\t<\/h5>\n\t\t\t\t\t\t\t\t\t\t<div class=\"is-divider\"><\/div>\n\t\t\t\t\t                    \n\t\t\t\t\t\n\t\t\t\t\t\n\t\t\t\t\t<\/div>\n\t\t\t\t\t<\/div>\n\t\t\t\t\t\t\t\t\t<\/div>\n\t\t\t<\/div>\n\t\t<\/div><\/div>\t\t<div class=\"ux-relay__control ux-relay__control--bottom container pb-half text-center\">\n\t\t\t<ul class=\"ux-relay__pagination page-numbers nav-pagination links\"><li><span aria-current=\"page\" class=\"page-number current\">1<\/span><\/li><li><a class=\"page-number\" href=\"#\/page\/2\">2<\/a><\/li><li><a class=\"page-number\" href=\"#\/page\/3\">3<\/a><\/li><li><a class=\"page-number\" href=\"#\/page\/4\">4<\/a><\/li><li><span class=\"page-number dots\">&hellip;<\/span><\/li><li><a class=\"page-number\" href=\"#\/page\/10\">10<\/a><\/li><li><a aria-label=\"Next\" class=\"next page-number\" href=\"#\/page\/2\"><i class=\"icon-angle-right\" ><\/i><\/a><\/li><\/ul>\t\t<\/div>\n\t\t\t\t<\/div>\n\t\t\n\n\n\t\t<\/div>\n\t\t\t\t\t<\/div>\n\n\t\n\n<\/div>\n\n\t\t<\/div>\n\t\t\t\t\t<\/div>\n\n\t\n\n<\/div>\n\n\t\t<\/div>\n\n\t\t\n<style>\n#section_1525352715 {\n  padding-top: 30px;\n  padding-bottom: 30px;\n}\n<\/style>\n\t<\/section>\n\t\n\n\t<section class=\"section\" id=\"section_1985079349\">\n\t\t<div class=\"section-bg fill\" >\n\t\t\t\t\t\t\t\t\t\n\t\t\t\n\n\t\t<\/div>\n\n\t\t\n\n\t\t<div class=\"section-content relative\">\n\t\t\t\n\n<div class=\"row align-equal align-center row-solid\"  id=\"row-871676401\">\n\n\n\t<div id=\"col-1058359987\" class=\"col small-12 large-12\"  >\n\t\t\t\t<div class=\"col-inner\" style=\"background-color:rgb(26, 21, 57);\" >\n\t\t\t\n\t\t\t\n\n<div class=\"row\"  id=\"row-496852536\">\n\n\n\t<div id=\"col-309117713\" class=\"col medium-8 small-12 large-8\"  data-animate=\"bounceInUp\">\n\t\t\t\t<div class=\"col-inner\"  >\n\t\t\t\n\t\t\t\n\n\t<div id=\"gap-35708102\" class=\"gap-element clearfix\" style=\"display:block; height:auto;\">\n\t\t\n<style>\n#gap-35708102 {\n  padding-top: 25px;\n}\n<\/style>\n\t<\/div>\n\t\n\n\t<div id=\"text-129620740\" class=\"text\">\n\t\t\n\n<p><span style=\"font-size: 350%;\"><strong><span style=\"color: #ffff00;\" data-line-height=\"xs\">ESCRIBE CON<\/span><\/strong><\/span><span style=\"font-size: 350%;\"><strong><span style=\"color: #ffff00;\" data-line-height=\"xs\">\u00a0 \u00a0 \u00a0 \u00a0 \u00a0 \u00a0 \u00a0 \u00a0 \u00a0 \u00a0 \u00a0 \u00a0 \u00a0 \u00a0 \u00a0 \u00a0 \u00a0 \u00a0 NOSOTROS<\/span><\/strong><\/span><\/p>\n\t\t\n<style>\n#text-129620740 {\n  line-height: 1.2;\n  text-align: center;\n}\n<\/style>\n\t<\/div>\n\t\n\n\t\t<\/div>\n\t\t\t\t\t<\/div>\n\n\t\n\n\t<div id=\"col-1737021556\" class=\"col medium-4 small-12 large-4\"  >\n\t\t\t\t<div class=\"col-inner\"  >\n\t\t\t\n\t\t\t\n\n\t<div id=\"gap-2089261902\" class=\"gap-element clearfix\" style=\"display:block; height:auto;\">\n\t\t\n<style>\n#gap-2089261902 {\n  padding-top: 35px;\n}\n<\/style>\n\t<\/div>\n\t\n\n<a data-animate=\"fadeInRight\" class=\"button white is-bevel is-larger\"  style=\"border-radius:15px;\">\n\t\t<span>CONOCE LOS T\u00c9RMINOS Y CONDICIONES<\/span>\n\t<\/a>\n\n\n\n\t\t<\/div>\n\t\t\t\t\t<\/div>\n\n\t\n\n<\/div>\n\n\t\t<\/div>\n\t\t\t\t\t<\/div>\n\n\t\n\n\n<style>\n#row-871676401 > .col > .col-inner {\n  background-color: rgb(17, 26, 19);\n  border-radius: 33px;\n}\n<\/style>\n<\/div>\n\n\t\t<\/div>\n\n\t\t\n<style>\n#section_1985079349 {\n  padding-top: 30px;\n  padding-bottom: 30px;\n}\n<\/style>\n\t<\/section>\n\t\n\n\t\t<\/div>\n\t\t\t\t\t<\/div>\n\n\t\n\n\n<style>\n#row-1941007487 > .col > .col-inner {\n  background-color: rgb(255, 252, 233);\n}\n<\/style>\n<\/div>\n\n\t<section class=\"section\" id=\"section_24388851\">\n\t\t<div class=\"section-bg fill\" >\n\t\t\t\t\t\t\t\t\t\n\t\t\t\n\n\t\t<\/div>\n\n\t\t\n\n\t\t<div class=\"section-content relative\">\n\t\t\t\n\n<div class=\"row\"  id=\"row-932295210\">\n\n\n\t<div id=\"col-109678029\" class=\"col medium-2 small-12 large-2\"  >\n\t\t\t\t<div class=\"col-inner\"  >\n\t\t\t\n\t\t\t\n\n\n\t\t<\/div>\n\t\t\t\t\t<\/div>\n\n\t\n\n\t<div id=\"col-160115985\" class=\"col medium-8 small-12 large-8\"  >\n\t\t\t\t<div class=\"col-inner\"  >\n\t\t\t\n\t\t\t\n\n\t<div id=\"text-513954916\" class=\"text\">\n\t\t\n\n<h2><span style=\"font-size: 200%; color: #ffffff;\">AGROECOLOGIA<\/span><\/h2>\n\t\t\n<style>\n#text-513954916 {\n  text-align: center;\n}\n<\/style>\n\t<\/div>\n\t\n\n\t\t<\/div>\n\t\t\t\t\t<\/div>\n\n\t\n\n\t<div id=\"col-1595215444\" class=\"col medium-2 small-12 large-2\"  >\n\t\t\t\t<div class=\"col-inner\"  >\n\t\t\t\n\t\t\t\n\n\n\t\t<\/div>\n\t\t\t\t\t<\/div>\n\n\t\n\n<\/div>\n<div class=\"row\"  id=\"row-108587079\">\n\n\n\t<div id=\"col-245012528\" class=\"col small-12 large-12\"  >\n\t\t\t\t<div class=\"col-inner\"  >\n\t\t\t\n\t\t\t\n\n  <style>\n    #row-63242347 .grid-col-1{height: 300px}\n    #row-63242347 .grid-col-1-2{height: 150px}\n    #row-63242347 .grid-col-1-3{height:100px}\n    #row-63242347 .grid-col-2-3{height: 200px}\n    #row-63242347 .grid-col-1-4{height: 75px}\n    #row-63242347 .grid-col-3-4{height: 225px}\n\n\n        \/* Tablet *\/\n    @media (max-width: 850px){\n      #row-63242347 .grid-col-1{height: 200px}\n      #row-63242347 .grid-col-1-2{height: 100px}\n      #row-63242347 .grid-col-1-3{height:66.666666666667px}\n      #row-63242347 .grid-col-2-3{height: 133.33333333333px}\n      #row-63242347 .grid-col-1-4{height: 50px}\n      #row-63242347 .grid-col-3-4{height: 150px}\n    }\n    \n        \/* Mobile *\/\n    @media (max-width: 550px){\n      #row-63242347 .grid-col-1{height: 200px}\n      #row-63242347 .grid-col-1-2{height: 100px}\n      #row-63242347 .grid-col-1-3{height:66.666666666667px}\n      #row-63242347 .grid-col-2-3{height: 133.33333333333px}\n      #row-63242347 .grid-col-1-4{height: 50px}\n      #row-63242347 .grid-col-3-4{height: 150px}\n    }\n    \n\n  <\/style>\n  \n  \n    <div id=\"row-63242347\" class=\"row row-small row-grid\" data-packery-options='{\"itemSelector\": \".col\", \"gutter\": 0, \"presentageWidth\" : true}'>\n\n  <div class=\"col post-item grid-col grid-col-1 large-3 medium-6\" data-animate=\"bounceInLeft\">\n\t\t\t<div class=\"col-inner\">\n\t\t\t\t<div class=\"box box-overlay dark box-text-bottom box-blog-post has-hover\">\n            \t\t\t\t\t<div class=\"box-image\" style=\"border-radius:4%;\">\n  \t\t\t\t\t\t<div class=\"image-cover\" style=\"padding-top:56%;\">\n\t\t\t\t\t\t\t<a href=\"https:\/\/pachamamitaecu.org\/en\/2017\/06\/09\/why-did-europe-kick-out-genetically-modified-crops-from-its-fields\/\" class=\"plain\" aria-label=\"Por qu\u00e9 Europa ech\u00f3 de sus campos a los cultivos transg\u00e9nicos\">\n\t\t\t\t\t\t\t\t<img decoding=\"async\" width=\"343\" height=\"500\" data-src=\"https:\/\/pachamamitaecu.org\/wp-content\/uploads\/2017\/06\/europa-libre-transgenicos-2.jpg\" class=\"attachment-large size-large wp-post-image lazyload\" alt=\"Pa\u00edses de Europa libres de OGM (transg\u00e9nicos)\" data-srcset=\"https:\/\/pachamamitaecu.org\/wp-content\/uploads\/2017\/06\/europa-libre-transgenicos-2.jpg 343w, https:\/\/pachamamitaecu.org\/wp-content\/uploads\/2017\/06\/europa-libre-transgenicos-2-274x400.jpg 274w\" data-sizes=\"(max-width: 343px) 100vw, 343px\" src=\"data:image\/svg+xml;base64,PHN2ZyB3aWR0aD0iMSIgaGVpZ2h0PSIxIiB4bWxucz0iaHR0cDovL3d3dy53My5vcmcvMjAwMC9zdmciPjwvc3ZnPg==\" style=\"--smush-placeholder-width: 343px; --smush-placeholder-aspect-ratio: 343\/500;\" \/>\t\t\t\t\t\t\t<\/a>\n  \t\t\t\t\t\t\t<div class=\"overlay\" style=\"background-color: rgba(26, 30, 102, 0.459)\"><\/div>  \t\t\t\t\t\t\t  \t\t\t\t\t\t<\/div>\n  \t\t\t\t\t\t  \t\t\t\t\t<\/div>\n          \t\t\t\t\t<div class=\"box-text text-center\" >\n\t\t\t\t\t<div class=\"box-text-inner blog-post-inner\">\n\n\t\t\t\t\t\n\t\t\t\t\t\t\t\t\t\t<h5 class=\"post-title is-larger \">\n\t\t\t\t\t\t<a href=\"https:\/\/pachamamitaecu.org\/en\/2017\/06\/09\/why-did-europe-kick-out-genetically-modified-crops-from-its-fields\/\" class=\"plain\">Por qu\u00e9 Europa ech\u00f3 de sus campos a los cultivos transg\u00e9nicos<\/a>\n\t\t\t\t\t<\/h5>\n\t\t\t\t\t\t\t\t\t\t<div class=\"is-divider\"><\/div>\n\t\t\t\t\t                    \n\t\t\t\t\t\n\t\t\t\t\t\n\t\t\t\t\t<\/div>\n\t\t\t\t\t<\/div>\n\t\t\t\t\t\t\t\t\t<\/div>\n\t\t\t<\/div>\n\t\t<\/div><div class=\"col post-item grid-col grid-col-1 large-3 medium-6\" data-animate=\"bounceInLeft\">\n\t\t\t<div class=\"col-inner\">\n\t\t\t\t<div class=\"box box-overlay dark box-text-bottom box-blog-post has-hover\">\n            \t\t\t\t\t<div class=\"box-image\" style=\"border-radius:4%;\">\n  \t\t\t\t\t\t<div class=\"image-cover\" style=\"padding-top:56%;\">\n\t\t\t\t\t\t\t<a href=\"https:\/\/pachamamitaecu.org\/en\/2014\/03\/24\/transgenic-soy-is-sold-in-ecuador-without-consumers-knowing-it\/\" class=\"plain\" aria-label=\"En Ecuador se vende soya transg\u00e9nica sin que los consumidores lo sepan.\">\n\t\t\t\t\t\t\t\t<img decoding=\"async\" width=\"970\" height=\"546\" data-src=\"https:\/\/pachamamitaecu.org\/wp-content\/uploads\/2014\/03\/soya-transgenica.jpg\" class=\"attachment-large size-large wp-post-image lazyload\" alt=\"\" data-srcset=\"https:\/\/pachamamitaecu.org\/wp-content\/uploads\/2014\/03\/soya-transgenica.jpg 970w, https:\/\/pachamamitaecu.org\/wp-content\/uploads\/2014\/03\/soya-transgenica-711x400.jpg 711w, https:\/\/pachamamitaecu.org\/wp-content\/uploads\/2014\/03\/soya-transgenica-768x432.jpg 768w\" data-sizes=\"(max-width: 970px) 100vw, 970px\" src=\"data:image\/svg+xml;base64,PHN2ZyB3aWR0aD0iMSIgaGVpZ2h0PSIxIiB4bWxucz0iaHR0cDovL3d3dy53My5vcmcvMjAwMC9zdmciPjwvc3ZnPg==\" style=\"--smush-placeholder-width: 970px; --smush-placeholder-aspect-ratio: 970\/546;\" \/>\t\t\t\t\t\t\t<\/a>\n  \t\t\t\t\t\t\t<div class=\"overlay\" style=\"background-color: rgba(26, 30, 102, 0.459)\"><\/div>  \t\t\t\t\t\t\t  \t\t\t\t\t\t<\/div>\n  \t\t\t\t\t\t  \t\t\t\t\t<\/div>\n          \t\t\t\t\t<div class=\"box-text text-center\" >\n\t\t\t\t\t<div class=\"box-text-inner blog-post-inner\">\n\n\t\t\t\t\t\n\t\t\t\t\t\t\t\t\t\t<h5 class=\"post-title is-larger \">\n\t\t\t\t\t\t<a href=\"https:\/\/pachamamitaecu.org\/en\/2014\/03\/24\/transgenic-soy-is-sold-in-ecuador-without-consumers-knowing-it\/\" class=\"plain\">En Ecuador se vende soya transg\u00e9nica sin que los consumidores lo sepan.<\/a>\n\t\t\t\t\t<\/h5>\n\t\t\t\t\t\t\t\t\t\t<div class=\"is-divider\"><\/div>\n\t\t\t\t\t                    \n\t\t\t\t\t\n\t\t\t\t\t\n\t\t\t\t\t<\/div>\n\t\t\t\t\t<\/div>\n\t\t\t\t\t\t\t\t\t<\/div>\n\t\t\t<\/div>\n\t\t<\/div><div class=\"col post-item grid-col grid-col-1 large-3 medium-6\" data-animate=\"bounceInLeft\">\n\t\t\t<div class=\"col-inner\">\n\t\t\t\t<div class=\"box box-overlay dark box-text-bottom box-blog-post has-hover\">\n            \t\t\t\t\t<div class=\"box-image\" style=\"border-radius:4%;\">\n  \t\t\t\t\t\t<div class=\"image-cover\" style=\"padding-top:56%;\">\n\t\t\t\t\t\t\t<a href=\"https:\/\/pachamamitaecu.org\/en\/2017\/10\/14\/agroecology-and-local-markets-why-consume-agroecological-products\/\" class=\"plain\" aria-label=\"AGROECOLOG\u00cdA Y MERCADOS LOCALES \u00bfPor qu\u00e9 consumir productos agroecol\u00f3gicos?\">\n\t\t\t\t\t\t\t\t<img decoding=\"async\" width=\"320\" height=\"240\" data-src=\"https:\/\/pachamamitaecu.org\/wp-content\/uploads\/2017\/10\/Mercados-locales-y-agroecologicos.jpg\" class=\"attachment-large size-large wp-post-image lazyload\" alt=\"Mercados locales y agroecol\u00f3gicos en Ecuador\" src=\"data:image\/svg+xml;base64,PHN2ZyB3aWR0aD0iMSIgaGVpZ2h0PSIxIiB4bWxucz0iaHR0cDovL3d3dy53My5vcmcvMjAwMC9zdmciPjwvc3ZnPg==\" style=\"--smush-placeholder-width: 320px; --smush-placeholder-aspect-ratio: 320\/240;\" \/>\t\t\t\t\t\t\t<\/a>\n  \t\t\t\t\t\t\t<div class=\"overlay\" style=\"background-color: rgba(26, 30, 102, 0.459)\"><\/div>  \t\t\t\t\t\t\t  \t\t\t\t\t\t<\/div>\n  \t\t\t\t\t\t  \t\t\t\t\t<\/div>\n          \t\t\t\t\t<div class=\"box-text text-center\" >\n\t\t\t\t\t<div class=\"box-text-inner blog-post-inner\">\n\n\t\t\t\t\t\n\t\t\t\t\t\t\t\t\t\t<h5 class=\"post-title is-larger \">\n\t\t\t\t\t\t<a href=\"https:\/\/pachamamitaecu.org\/en\/2017\/10\/14\/agroecology-and-local-markets-why-consume-agroecological-products\/\" class=\"plain\">AGROECOLOG\u00cdA Y MERCADOS LOCALES \u00bfPor qu\u00e9 consumir productos agroecol\u00f3gicos?<\/a>\n\t\t\t\t\t<\/h5>\n\t\t\t\t\t\t\t\t\t\t<div class=\"is-divider\"><\/div>\n\t\t\t\t\t                    \n\t\t\t\t\t\n\t\t\t\t\t\n\t\t\t\t\t<\/div>\n\t\t\t\t\t<\/div>\n\t\t\t\t\t\t\t\t\t<\/div>\n\t\t\t<\/div>\n\t\t<\/div><div class=\"col post-item grid-col grid-col-1 large-3 medium-6\" data-animate=\"bounceInLeft\">\n\t\t\t<div class=\"col-inner\">\n\t\t\t\t<div class=\"box box-overlay dark box-text-bottom box-blog-post has-hover\">\n          \t\t\t\t\t<div class=\"box-text text-center\" >\n\t\t\t\t\t<div class=\"box-text-inner blog-post-inner\">\n\n\t\t\t\t\t\n\t\t\t\t\t\t\t\t\t\t<h5 class=\"post-title is-larger \">\n\t\t\t\t\t\t<a href=\"https:\/\/pachamamitaecu.org\/en\/2014\/01\/21\/cuba-transgenics-vs-agroecology\/\" class=\"plain\">Cuba: transg\u00e9nicos vs. Agroecolog\u00eda<\/a>\n\t\t\t\t\t<\/h5>\n\t\t\t\t\t\t\t\t\t\t<div class=\"is-divider\"><\/div>\n\t\t\t\t\t                    \n\t\t\t\t\t\n\t\t\t\t\t\n\t\t\t\t\t<\/div>\n\t\t\t\t\t<\/div>\n\t\t\t\t\t\t\t\t\t<\/div>\n\t\t\t<\/div>\n\t\t<\/div><div class=\"col post-item grid-col grid-col-1 large-3 medium-6\" data-animate=\"bounceInLeft\">\n\t\t\t<div class=\"col-inner\">\n\t\t\t\t<div class=\"box box-overlay dark box-text-bottom box-blog-post has-hover\">\n          \t\t\t\t\t<div class=\"box-text text-center\" >\n\t\t\t\t\t<div class=\"box-text-inner blog-post-inner\">\n\n\t\t\t\t\t\n\t\t\t\t\t\t\t\t\t\t<h5 class=\"post-title is-larger \">\n\t\t\t\t\t\t<a href=\"https:\/\/pachamamitaecu.org\/en\/2017\/06\/20\/why-transgenic-crops-are-a-threat-to-farmers-food-sovereignty-health-and-agrobiodiversity\/\" class=\"plain\">Por qu\u00e9 los cultivos transg\u00e9nicos son una amenaza a los campesinos, la soberan\u00eda alimentaria, la salud y la agro-biodiversidad?<\/a>\n\t\t\t\t\t<\/h5>\n\t\t\t\t\t\t\t\t\t\t<div class=\"is-divider\"><\/div>\n\t\t\t\t\t                    \n\t\t\t\t\t\n\t\t\t\t\t\n\t\t\t\t\t<\/div>\n\t\t\t\t\t<\/div>\n\t\t\t\t\t\t\t\t\t<\/div>\n\t\t\t<\/div>\n\t\t<\/div><div class=\"col post-item grid-col grid-col-1 large-3 medium-6\" data-animate=\"bounceInLeft\">\n\t\t\t<div class=\"col-inner\">\n\t\t\t\t<div class=\"box box-overlay dark box-text-bottom box-blog-post has-hover\">\n          \t\t\t\t\t<div class=\"box-text text-center\" >\n\t\t\t\t\t<div class=\"box-text-inner blog-post-inner\">\n\n\t\t\t\t\t\n\t\t\t\t\t\t\t\t\t\t<h5 class=\"post-title is-larger \">\n\t\t\t\t\t\t<a href=\"https:\/\/pachamamitaecu.org\/en\/2015\/07\/11\/the-situation-of-transgenics-in-ecuador-2015\/\" class=\"plain\">La situaci\u00f3n de los transg\u00e9nicos en  Ecuador (2015)<\/a>\n\t\t\t\t\t<\/h5>\n\t\t\t\t\t\t\t\t\t\t<div class=\"is-divider\"><\/div>\n\t\t\t\t\t                    \n\t\t\t\t\t\n\t\t\t\t\t\n\t\t\t\t\t<\/div>\n\t\t\t\t\t<\/div>\n\t\t\t\t\t\t\t\t\t<\/div>\n\t\t\t<\/div>\n\t\t<\/div><div class=\"col post-item grid-col grid-col-1 large-3 medium-6\" data-animate=\"bounceInLeft\">\n\t\t\t<div class=\"col-inner\">\n\t\t\t\t<div class=\"box box-overlay dark box-text-bottom box-blog-post has-hover\">\n          \t\t\t\t\t<div class=\"box-text text-center\" >\n\t\t\t\t\t<div class=\"box-text-inner blog-post-inner\">\n\n\t\t\t\t\t\n\t\t\t\t\t\t\t\t\t\t<h5 class=\"post-title is-larger \">\n\t\t\t\t\t\t<a href=\"https:\/\/pachamamitaecu.org\/en\/2014\/05\/10\/gmos-censorship-and-corruption-in-science\/\" class=\"plain\">Transg\u00e9nicos, censura y corrupci\u00f3n en la ciencia.<\/a>\n\t\t\t\t\t<\/h5>\n\t\t\t\t\t\t\t\t\t\t<div class=\"is-divider\"><\/div>\n\t\t\t\t\t                    \n\t\t\t\t\t\n\t\t\t\t\t\n\t\t\t\t\t<\/div>\n\t\t\t\t\t<\/div>\n\t\t\t\t\t\t\t\t\t<\/div>\n\t\t\t<\/div>\n\t\t<\/div><div class=\"col post-item grid-col grid-col-1 large-3 medium-6\" data-animate=\"bounceInLeft\">\n\t\t\t<div class=\"col-inner\">\n\t\t\t\t<div class=\"box box-overlay dark box-text-bottom box-blog-post has-hover\">\n          \t\t\t\t\t<div class=\"box-text text-center\" >\n\t\t\t\t\t<div class=\"box-text-inner blog-post-inner\">\n\n\t\t\t\t\t\n\t\t\t\t\t\t\t\t\t\t<h5 class=\"post-title is-larger \">\n\t\t\t\t\t\t<a href=\"https:\/\/pachamamitaecu.org\/en\/2013\/10\/11\/organic-farming-as-an-alternative-to-gmos\/\" class=\"plain\">La agricultura ecol\u00f3gica como alternativa a los transg\u00e9nicos.<\/a>\n\t\t\t\t\t<\/h5>\n\t\t\t\t\t\t\t\t\t\t<div class=\"is-divider\"><\/div>\n\t\t\t\t\t                    \n\t\t\t\t\t\n\t\t\t\t\t\n\t\t\t\t\t<\/div>\n\t\t\t\t\t<\/div>\n\t\t\t\t\t\t\t\t\t<\/div>\n\t\t\t<\/div>\n\t\t<\/div><div class=\"col post-item grid-col grid-col-1 large-3 medium-6\" data-animate=\"bounceInLeft\">\n\t\t\t<div class=\"col-inner\">\n\t\t\t\t<div class=\"box box-overlay dark box-text-bottom box-blog-post has-hover\">\n          \t\t\t\t\t<div class=\"box-text text-center\" >\n\t\t\t\t\t<div class=\"box-text-inner blog-post-inner\">\n\n\t\t\t\t\t\n\t\t\t\t\t\t\t\t\t\t<h5 class=\"post-title is-larger \">\n\t\t\t\t\t\t<a href=\"https:\/\/pachamamitaecu.org\/en\/2015\/09\/17\/denmark-is-the-first-country-in-the-world-to-have-100-organic-agriculture\/\" class=\"plain\">Dinamarca, el primer pa\u00eds del mundo que tendr\u00e1 agricultura 100% org\u00e1nica<\/a>\n\t\t\t\t\t<\/h5>\n\t\t\t\t\t\t\t\t\t\t<div class=\"is-divider\"><\/div>\n\t\t\t\t\t                    \n\t\t\t\t\t\n\t\t\t\t\t\n\t\t\t\t\t<\/div>\n\t\t\t\t\t<\/div>\n\t\t\t\t\t\t\t\t\t<\/div>\n\t\t\t<\/div>\n\t\t<\/div><div class=\"col post-item grid-col grid-col-1 large-3 medium-6\" data-animate=\"bounceInLeft\">\n\t\t\t<div class=\"col-inner\">\n\t\t\t\t<div class=\"box box-overlay dark box-text-bottom box-blog-post has-hover\">\n          \t\t\t\t\t<div class=\"box-text text-center\" >\n\t\t\t\t\t<div class=\"box-text-inner blog-post-inner\">\n\n\t\t\t\t\t\n\t\t\t\t\t\t\t\t\t\t<h5 class=\"post-title is-larger \">\n\t\t\t\t\t\t<a href=\"https:\/\/pachamamitaecu.org\/en\/2015\/05\/20\/organic-products-to-reduce-pesticides\/\" class=\"plain\">Productos org\u00e1nicos para disminuir los agrot\u00f3xicos<\/a>\n\t\t\t\t\t<\/h5>\n\t\t\t\t\t\t\t\t\t\t<div class=\"is-divider\"><\/div>\n\t\t\t\t\t                    \n\t\t\t\t\t\n\t\t\t\t\t\n\t\t\t\t\t<\/div>\n\t\t\t\t\t<\/div>\n\t\t\t\t\t\t\t\t\t<\/div>\n\t\t\t<\/div>\n\t\t<\/div><div class=\"col post-item grid-col grid-col-1 large-3 medium-6\" data-animate=\"bounceInLeft\">\n\t\t\t<div class=\"col-inner\">\n\t\t\t\t<div class=\"box box-overlay dark box-text-bottom box-blog-post has-hover\">\n          \t\t\t\t\t<div class=\"box-text text-center\" >\n\t\t\t\t\t<div class=\"box-text-inner blog-post-inner\">\n\n\t\t\t\t\t\n\t\t\t\t\t\t\t\t\t\t<h5 class=\"post-title is-larger \">\n\t\t\t\t\t\t<a href=\"https:\/\/pachamamitaecu.org\/en\/2016\/09\/12\/13-reasons-to-have-and-maintain-a-garden-at-home\/\" class=\"plain\">13 razones para tener y mantener un huerto en casa.<\/a>\n\t\t\t\t\t<\/h5>\n\t\t\t\t\t\t\t\t\t\t<div class=\"is-divider\"><\/div>\n\t\t\t\t\t                    \n\t\t\t\t\t\n\t\t\t\t\t\n\t\t\t\t\t<\/div>\n\t\t\t\t\t<\/div>\n\t\t\t\t\t\t\t\t\t<\/div>\n\t\t\t<\/div>\n\t\t<\/div><\/div>\n\n\n\t\t<\/div>\n\t\t\t\t\t<\/div>\n\n\t\n\n<\/div>\n\n\t\t<\/div>\n\n\t\t\n<style>\n#section_24388851 {\n  padding-top: 30px;\n  padding-bottom: 30px;\n  background-color: rgb(255, 252, 233);\n}\n<\/style>\n\t<\/section>\n\t\n\n\t<section class=\"section\" id=\"section_337223216\">\n\t\t<div class=\"section-bg fill\" >\n\t\t\t\t\t\t\t\t\t<div class=\"section-bg-overlay absolute fill\"><\/div>\n\t\t\t\n\n\t\t<\/div>\n\n\t\t\n\n\t\t<div class=\"section-content relative\">\n\t\t\t\n\n\t<div id=\"text-3557122733\" class=\"text\">\n\t\t\n\n<h2><span style=\"font-size: 200%; color: #ffffff;\">MITOS Y LEYENDAS DE ECUADOR<\/span><\/h2>\n\t\t\n<style>\n#text-3557122733 {\n  text-align: center;\n}\n<\/style>\n\t<\/div>\n\t\n<div class=\"row\"  id=\"row-100696537\">\n\n\n\t<div id=\"col-1090161758\" class=\"col small-12 large-12\"  >\n\t\t\t\t<div class=\"col-inner\"  >\n\t\t\t\n\t\t\t\n\n  <style>\n    #row-769499656 .grid-col-1{height: 400px}\n    #row-769499656 .grid-col-1-2{height: 200px}\n    #row-769499656 .grid-col-1-3{height:133.33333333333px}\n    #row-769499656 .grid-col-2-3{height: 266.66666666667px}\n    #row-769499656 .grid-col-1-4{height: 100px}\n    #row-769499656 .grid-col-3-4{height: 300px}\n\n\n        \/* Tablet *\/\n    @media (max-width: 850px){\n      #row-769499656 .grid-col-1{height: 266.66666666667px}\n      #row-769499656 .grid-col-1-2{height: 133.33333333333px}\n      #row-769499656 .grid-col-1-3{height:88.888888888889px}\n      #row-769499656 .grid-col-2-3{height: 177.77777777778px}\n      #row-769499656 .grid-col-1-4{height: 66.666666666667px}\n      #row-769499656 .grid-col-3-4{height: 200px}\n    }\n    \n        \/* Mobile *\/\n    @media (max-width: 550px){\n      #row-769499656 .grid-col-1{height: 266.66666666667px}\n      #row-769499656 .grid-col-1-2{height: 133.33333333333px}\n      #row-769499656 .grid-col-1-3{height:88.888888888889px}\n      #row-769499656 .grid-col-2-3{height: 177.77777777778px}\n      #row-769499656 .grid-col-1-4{height: 66.666666666667px}\n      #row-769499656 .grid-col-3-4{height: 200px}\n    }\n    \n\n  <\/style>\n  \n  \n    <div id=\"row-769499656\" class=\"row row-small row-grid\" data-packery-options='{\"itemSelector\": \".col\", \"gutter\": 0, \"presentageWidth\" : true}'>\n\n  <div class=\"col post-item grid-col grid-col-1 large-3 medium-6\" data-animate=\"bounceInRight\">\n\t\t\t<div class=\"col-inner\">\n\t\t\t\t<div class=\"box box-overlay dark box-text-bottom box-blog-post has-hover\">\n          \t\t\t\t\t<div class=\"box-text text-center\" >\n\t\t\t\t\t<div class=\"box-text-inner blog-post-inner\">\n\n\t\t\t\t\t\n\t\t\t\t\t\t\t\t\t\t<h5 class=\"post-title is-large \">\n\t\t\t\t\t\t<a href=\"https:\/\/pachamamitaecu.org\/en\/2009\/12\/14\/mochica-sumpa-2-las-vegas-and-sumpa-why-those-names\/\" class=\"plain\">Mochica Sumpa 2: Las Vegas y Sumpa \u00bfpor que esos nombres?<\/a>\n\t\t\t\t\t<\/h5>\n\t\t\t\t\t\t\t\t\t\t<div class=\"is-divider\"><\/div>\n\t\t\t\t\t\t\t\t\t\t<p class=\"from_the_blog_excerpt \">\n\t\t\t\t\t\tLA CULTURA MAS ANTIGUA DE ECUADOR Y SUS AMANTES MAS FAMOSOSLas Vegas es considerada la [...]\t\t\t\t\t<\/p>\n\t\t\t\t\t                    \n\t\t\t\t\t\n\t\t\t\t\t\n\t\t\t\t\t<\/div>\n\t\t\t\t\t<\/div>\n\t\t\t\t\t\t\t\t\t<\/div>\n\t\t\t<\/div>\n\t\t<\/div><div class=\"col post-item grid-col grid-col-1 large-3 medium-6\" data-animate=\"bounceInRight\">\n\t\t\t<div class=\"col-inner\">\n\t\t\t\t<div class=\"box box-overlay dark box-text-bottom box-blog-post has-hover\">\n            \t\t\t\t\t<div class=\"box-image\" style=\"border-radius:12%;\">\n  \t\t\t\t\t\t<div class=\"image-cover\" style=\"padding-top:56%;\">\n\t\t\t\t\t\t\t<a href=\"https:\/\/pachamamitaecu.org\/en\/2017\/09\/19\/the-symbolism-of-the-chacana-or-andean-cross\/\" class=\"plain\" aria-label=\"La simbolog\u00eda de la chacana o cruz andina\">\n\t\t\t\t\t\t\t\t<img decoding=\"async\" width=\"320\" height=\"319\" data-src=\"https:\/\/pachamamitaecu.org\/wp-content\/uploads\/2017\/09\/wipala.jpg\" class=\"attachment-large size-large wp-post-image lazyload\" alt=\"Wiphala, bandera de los pueblos de los andes. Fractal de la chakana\" data-srcset=\"https:\/\/pachamamitaecu.org\/wp-content\/uploads\/2017\/09\/wipala.jpg 320w, https:\/\/pachamamitaecu.org\/wp-content\/uploads\/2017\/09\/wipala-280x280.jpg 280w\" data-sizes=\"(max-width: 320px) 100vw, 320px\" src=\"data:image\/svg+xml;base64,PHN2ZyB3aWR0aD0iMSIgaGVpZ2h0PSIxIiB4bWxucz0iaHR0cDovL3d3dy53My5vcmcvMjAwMC9zdmciPjwvc3ZnPg==\" style=\"--smush-placeholder-width: 320px; --smush-placeholder-aspect-ratio: 320\/319;\" \/>\t\t\t\t\t\t\t<\/a>\n  \t\t\t\t\t\t\t<div class=\"overlay\" style=\"background-color: rgba(64, 32, 114, 0.192)\"><\/div>  \t\t\t\t\t\t\t  \t\t\t\t\t\t<\/div>\n  \t\t\t\t\t\t  \t\t\t\t\t<\/div>\n          \t\t\t\t\t<div class=\"box-text text-center\" >\n\t\t\t\t\t<div class=\"box-text-inner blog-post-inner\">\n\n\t\t\t\t\t\n\t\t\t\t\t\t\t\t\t\t<h5 class=\"post-title is-large \">\n\t\t\t\t\t\t<a href=\"https:\/\/pachamamitaecu.org\/en\/2017\/09\/19\/the-symbolism-of-the-chacana-or-andean-cross\/\" class=\"plain\">La simbolog\u00eda de la chacana o cruz andina<\/a>\n\t\t\t\t\t<\/h5>\n\t\t\t\t\t\t\t\t\t\t<div class=\"is-divider\"><\/div>\n\t\t\t\t\t\t\t\t\t\t<p class=\"from_the_blog_excerpt \">\n\t\t\t\t\t\t\t\t\t\t\t<\/p>\n\t\t\t\t\t                    \n\t\t\t\t\t\n\t\t\t\t\t\n\t\t\t\t\t<\/div>\n\t\t\t\t\t<\/div>\n\t\t\t\t\t\t\t\t\t<\/div>\n\t\t\t<\/div>\n\t\t<\/div><div class=\"col post-item grid-col grid-col-1 large-3 medium-6\" data-animate=\"bounceInRight\">\n\t\t\t<div class=\"col-inner\">\n\t\t\t\t<div class=\"box box-overlay dark box-text-bottom box-blog-post has-hover\">\n          \t\t\t\t\t<div class=\"box-text text-center\" >\n\t\t\t\t\t<div class=\"box-text-inner blog-post-inner\">\n\n\t\t\t\t\t\n\t\t\t\t\t\t\t\t\t\t<h5 class=\"post-title is-large \">\n\t\t\t\t\t\t<a href=\"https:\/\/pachamamitaecu.org\/en\/2014\/05\/10\/don-yagualito-the-mullet-seller\/\" class=\"plain\">Don Yagualito, el vende lisas.<\/a>\n\t\t\t\t\t<\/h5>\n\t\t\t\t\t\t\t\t\t\t<div class=\"is-divider\"><\/div>\n\t\t\t\t\t\t\t\t\t\t<p class=\"from_the_blog_excerpt \">\n\t\t\t\t\t\tPor. Evelio Reyes Tip\u00e1n Entre los pregoneros m\u00e1s recordados de la d\u00e9cada del 70, Don [...]\t\t\t\t\t<\/p>\n\t\t\t\t\t                    \n\t\t\t\t\t\n\t\t\t\t\t\n\t\t\t\t\t<\/div>\n\t\t\t\t\t<\/div>\n\t\t\t\t\t\t\t\t\t<\/div>\n\t\t\t<\/div>\n\t\t<\/div><div class=\"col post-item grid-col grid-col-1 large-3 medium-6\" data-animate=\"bounceInRight\">\n\t\t\t<div class=\"col-inner\">\n\t\t\t\t<div class=\"box box-overlay dark box-text-bottom box-blog-post has-hover\">\n          \t\t\t\t\t<div class=\"box-text text-center\" >\n\t\t\t\t\t<div class=\"box-text-inner blog-post-inner\">\n\n\t\t\t\t\t\n\t\t\t\t\t\t\t\t\t\t<h5 class=\"post-title is-large \">\n\t\t\t\t\t\t<a href=\"https:\/\/pachamamitaecu.org\/en\/2017\/06\/13\/manuel-palacios-deciphering-americas-past-through-writing\/\" class=\"plain\">Manuel Palacios. Descifrando el pasado de Am\u00e8rica a trav\u00e9s de la escritura<\/a>\n\t\t\t\t\t<\/h5>\n\t\t\t\t\t\t\t\t\t\t<div class=\"is-divider\"><\/div>\n\t\t\t\t\t\t\t\t\t\t<p class=\"from_the_blog_excerpt \">\n\t\t\t\t\t\tLa escritura ancestral que surgi\u00f3 como un modo de registrar las impresiones de la relaci\u00f3n [...]\t\t\t\t\t<\/p>\n\t\t\t\t\t                    \n\t\t\t\t\t\n\t\t\t\t\t\n\t\t\t\t\t<\/div>\n\t\t\t\t\t<\/div>\n\t\t\t\t\t\t\t\t\t<\/div>\n\t\t\t<\/div>\n\t\t<\/div><div class=\"col post-item grid-col grid-col-1 large-3 medium-6\" data-animate=\"bounceInRight\">\n\t\t\t<div class=\"col-inner\">\n\t\t\t\t<div class=\"box box-overlay dark box-text-bottom box-blog-post has-hover\">\n          \t\t\t\t\t<div class=\"box-text text-center\" >\n\t\t\t\t\t<div class=\"box-text-inner blog-post-inner\">\n\n\t\t\t\t\t\n\t\t\t\t\t\t\t\t\t\t<h5 class=\"post-title is-large \">\n\t\t\t\t\t\t<a href=\"https:\/\/pachamamitaecu.org\/en\/2017\/06\/25\/the-story-of-the-grouper\/\" class=\"plain\">La historia del mero<\/a>\n\t\t\t\t\t<\/h5>\n\t\t\t\t\t\t\t\t\t\t<div class=\"is-divider\"><\/div>\n\t\t\t\t\t\t\t\t\t\t<p class=\"from_the_blog_excerpt \">\n\t\t\t\t\t\tEn la parroquia Posorja, sucedi\u00f3 la siguiente historia: En un punto de la playa de [...]\t\t\t\t\t<\/p>\n\t\t\t\t\t                    \n\t\t\t\t\t\n\t\t\t\t\t\n\t\t\t\t\t<\/div>\n\t\t\t\t\t<\/div>\n\t\t\t\t\t\t\t\t\t<\/div>\n\t\t\t<\/div>\n\t\t<\/div><div class=\"col post-item grid-col grid-col-1 large-3 medium-6\" data-animate=\"bounceInRight\">\n\t\t\t<div class=\"col-inner\">\n\t\t\t\t<div class=\"box box-overlay dark box-text-bottom box-blog-post has-hover\">\n            \t\t\t\t\t<div class=\"box-image\" style=\"border-radius:12%;\">\n  \t\t\t\t\t\t<div class=\"image-cover\" style=\"padding-top:56%;\">\n\t\t\t\t\t\t\t<a href=\"https:\/\/pachamamitaecu.org\/en\/2009\/10\/12\/the-legend-of-the-giants-of-sumpa-by-rodolfo-perez-pimentel\/\" class=\"plain\" aria-label=\"Los gigantes de Sumpa, entre mitos y realidades\">\n\t\t\t\t\t\t\t\t<img decoding=\"async\" width=\"311\" height=\"350\" data-src=\"https:\/\/pachamamitaecu.org\/wp-content\/uploads\/2024\/04\/La-leyenda-de-los-gigantes-de-Sumpa.jpg\" class=\"attachment-large size-large wp-post-image lazyload\" alt=\"La leyenda de los gigantes de Sumpa\" src=\"data:image\/svg+xml;base64,PHN2ZyB3aWR0aD0iMSIgaGVpZ2h0PSIxIiB4bWxucz0iaHR0cDovL3d3dy53My5vcmcvMjAwMC9zdmciPjwvc3ZnPg==\" style=\"--smush-placeholder-width: 311px; --smush-placeholder-aspect-ratio: 311\/350;\" \/>\t\t\t\t\t\t\t<\/a>\n  \t\t\t\t\t\t\t<div class=\"overlay\" style=\"background-color: rgba(64, 32, 114, 0.192)\"><\/div>  \t\t\t\t\t\t\t  \t\t\t\t\t\t<\/div>\n  \t\t\t\t\t\t  \t\t\t\t\t<\/div>\n          \t\t\t\t\t<div class=\"box-text text-center\" >\n\t\t\t\t\t<div class=\"box-text-inner blog-post-inner\">\n\n\t\t\t\t\t\n\t\t\t\t\t\t\t\t\t\t<h5 class=\"post-title is-large \">\n\t\t\t\t\t\t<a href=\"https:\/\/pachamamitaecu.org\/en\/2009\/10\/12\/the-legend-of-the-giants-of-sumpa-by-rodolfo-perez-pimentel\/\" class=\"plain\">Los gigantes de Sumpa, entre mitos y realidades<\/a>\n\t\t\t\t\t<\/h5>\n\t\t\t\t\t\t\t\t\t\t<div class=\"is-divider\"><\/div>\n\t\t\t\t\t\t\t\t\t\t<p class=\"from_the_blog_excerpt \">\n\t\t\t\t\t\t\t\t\t\t\t<\/p>\n\t\t\t\t\t                    \n\t\t\t\t\t\n\t\t\t\t\t\n\t\t\t\t\t<\/div>\n\t\t\t\t\t<\/div>\n\t\t\t\t\t\t\t\t\t<\/div>\n\t\t\t<\/div>\n\t\t<\/div><div class=\"col post-item grid-col grid-col-1 large-3 medium-6\" data-animate=\"bounceInRight\">\n\t\t\t<div class=\"col-inner\">\n\t\t\t\t<div class=\"box box-overlay dark box-text-bottom box-blog-post has-hover\">\n            \t\t\t\t\t<div class=\"box-image\" style=\"border-radius:12%;\">\n  \t\t\t\t\t\t<div class=\"image-cover\" style=\"padding-top:56%;\">\n\t\t\t\t\t\t\t<a href=\"https:\/\/pachamamitaecu.org\/en\/2012\/06\/04\/the-night-rider\/\" class=\"plain\" aria-label=\"EL JINETE NOCTURNO\">\n\t\t\t\t\t\t\t\t<img decoding=\"async\" width=\"800\" height=\"800\" data-src=\"https:\/\/pachamamitaecu.org\/wp-content\/uploads\/2024\/04\/Diseno-sin-titulo-15-800x800.png\" class=\"attachment-large size-large wp-post-image lazyload\" alt=\"El jinete nocturno. La leyenda\" data-srcset=\"https:\/\/pachamamitaecu.org\/wp-content\/uploads\/2024\/04\/Diseno-sin-titulo-15-800x800.png 800w, https:\/\/pachamamitaecu.org\/wp-content\/uploads\/2024\/04\/Diseno-sin-titulo-15-400x400.png 400w, https:\/\/pachamamitaecu.org\/wp-content\/uploads\/2024\/04\/Diseno-sin-titulo-15-280x280.png 280w, https:\/\/pachamamitaecu.org\/wp-content\/uploads\/2024\/04\/Diseno-sin-titulo-15-768x768.png 768w, https:\/\/pachamamitaecu.org\/wp-content\/uploads\/2024\/04\/Diseno-sin-titulo-15.png 1080w\" data-sizes=\"(max-width: 800px) 100vw, 800px\" src=\"data:image\/svg+xml;base64,PHN2ZyB3aWR0aD0iMSIgaGVpZ2h0PSIxIiB4bWxucz0iaHR0cDovL3d3dy53My5vcmcvMjAwMC9zdmciPjwvc3ZnPg==\" style=\"--smush-placeholder-width: 800px; --smush-placeholder-aspect-ratio: 800\/800;\" \/>\t\t\t\t\t\t\t<\/a>\n  \t\t\t\t\t\t\t<div class=\"overlay\" style=\"background-color: rgba(64, 32, 114, 0.192)\"><\/div>  \t\t\t\t\t\t\t  \t\t\t\t\t\t<\/div>\n  \t\t\t\t\t\t  \t\t\t\t\t<\/div>\n          \t\t\t\t\t<div class=\"box-text text-center\" >\n\t\t\t\t\t<div class=\"box-text-inner blog-post-inner\">\n\n\t\t\t\t\t\n\t\t\t\t\t\t\t\t\t\t<h5 class=\"post-title is-large \">\n\t\t\t\t\t\t<a href=\"https:\/\/pachamamitaecu.org\/en\/2012\/06\/04\/the-night-rider\/\" class=\"plain\">EL JINETE NOCTURNO<\/a>\n\t\t\t\t\t<\/h5>\n\t\t\t\t\t\t\t\t\t\t<div class=\"is-divider\"><\/div>\n\t\t\t\t\t\t\t\t\t\t<p class=\"from_the_blog_excerpt \">\n\t\t\t\t\t\t\t\t\t\t\t<\/p>\n\t\t\t\t\t                    \n\t\t\t\t\t\n\t\t\t\t\t\n\t\t\t\t\t<\/div>\n\t\t\t\t\t<\/div>\n\t\t\t\t\t\t\t\t\t<\/div>\n\t\t\t<\/div>\n\t\t<\/div><div class=\"col post-item grid-col grid-col-1 large-3 medium-6\" data-animate=\"bounceInRight\">\n\t\t\t<div class=\"col-inner\">\n\t\t\t\t<div class=\"box box-overlay dark box-text-bottom box-blog-post has-hover\">\n            \t\t\t\t\t<div class=\"box-image\" style=\"border-radius:12%;\">\n  \t\t\t\t\t\t<div class=\"image-cover\" style=\"padding-top:56%;\">\n\t\t\t\t\t\t\t<a href=\"https:\/\/pachamamitaecu.org\/en\/2018\/05\/08\/envy-the-sumpa-lovers\/\" class=\"plain\" aria-label=\"ENVIDIA A LOS AMANTES DE SUMPA\">\n\t\t\t\t\t\t\t\t<img decoding=\"async\" width=\"1020\" height=\"679\" data-src=\"https:\/\/pachamamitaecu.org\/wp-content\/uploads\/2018\/05\/aman-3.jpg\" class=\"attachment-large size-large wp-post-image lazyload\" alt=\"\" data-srcset=\"https:\/\/pachamamitaecu.org\/wp-content\/uploads\/2018\/05\/aman-3.jpg 1024w, https:\/\/pachamamitaecu.org\/wp-content\/uploads\/2018\/05\/aman-3-601x400.jpg 601w, https:\/\/pachamamitaecu.org\/wp-content\/uploads\/2018\/05\/aman-3-768x512.jpg 768w\" data-sizes=\"(max-width: 1020px) 100vw, 1020px\" src=\"data:image\/svg+xml;base64,PHN2ZyB3aWR0aD0iMSIgaGVpZ2h0PSIxIiB4bWxucz0iaHR0cDovL3d3dy53My5vcmcvMjAwMC9zdmciPjwvc3ZnPg==\" style=\"--smush-placeholder-width: 1020px; --smush-placeholder-aspect-ratio: 1020\/679;\" \/>\t\t\t\t\t\t\t<\/a>\n  \t\t\t\t\t\t\t<div class=\"overlay\" style=\"background-color: rgba(64, 32, 114, 0.192)\"><\/div>  \t\t\t\t\t\t\t  \t\t\t\t\t\t<\/div>\n  \t\t\t\t\t\t  \t\t\t\t\t<\/div>\n          \t\t\t\t\t<div class=\"box-text text-center\" >\n\t\t\t\t\t<div class=\"box-text-inner blog-post-inner\">\n\n\t\t\t\t\t\n\t\t\t\t\t\t\t\t\t\t<h5 class=\"post-title is-large \">\n\t\t\t\t\t\t<a href=\"https:\/\/pachamamitaecu.org\/en\/2018\/05\/08\/envy-the-sumpa-lovers\/\" class=\"plain\">ENVIDIA A LOS AMANTES DE SUMPA<\/a>\n\t\t\t\t\t<\/h5>\n\t\t\t\t\t\t\t\t\t\t<div class=\"is-divider\"><\/div>\n\t\t\t\t\t\t\t\t\t\t<p class=\"from_the_blog_excerpt \">\n\t\t\t\t\t\tComo aquello amantes descubiertos en medio de la pasi\u00f3n, redescubiertos siglos despu\u00e9s en una playa [...]\t\t\t\t\t<\/p>\n\t\t\t\t\t                    \n\t\t\t\t\t\n\t\t\t\t\t\n\t\t\t\t\t<\/div>\n\t\t\t\t\t<\/div>\n\t\t\t\t\t\t\t\t\t<\/div>\n\t\t\t<\/div>\n\t\t<\/div><div class=\"col post-item grid-col grid-col-1 large-3 medium-6\" data-animate=\"bounceInRight\">\n\t\t\t<div class=\"col-inner\">\n\t\t\t\t<div class=\"box box-overlay dark box-text-bottom box-blog-post has-hover\">\n          \t\t\t\t\t<div class=\"box-text text-center\" >\n\t\t\t\t\t<div class=\"box-text-inner blog-post-inner\">\n\n\t\t\t\t\t\n\t\t\t\t\t\t\t\t\t\t<h5 class=\"post-title is-large \">\n\t\t\t\t\t\t<a href=\"https:\/\/pachamamitaecu.org\/en\/2017\/10\/15\/the-cofanes-and-the-history-of-the-coan-coan\/\" class=\"plain\">LOS COFANES Y LA HISTORIA DEL COAN COAN<\/a>\n\t\t\t\t\t<\/h5>\n\t\t\t\t\t\t\t\t\t\t<div class=\"is-divider\"><\/div>\n\t\t\t\t\t\t\t\t\t\t<p class=\"from_the_blog_excerpt \">\n\t\t\t\t\t\tLas comunidades de la Nacionalidad A\u00b4i Kof\u00e1n est\u00e1n repartidas en 14 asentamientos en Ecuador y [...]\t\t\t\t\t<\/p>\n\t\t\t\t\t                    \n\t\t\t\t\t\n\t\t\t\t\t\n\t\t\t\t\t<\/div>\n\t\t\t\t\t<\/div>\n\t\t\t\t\t\t\t\t\t<\/div>\n\t\t\t<\/div>\n\t\t<\/div><\/div>\n\n\n\t\t<\/div>\n\t\t\t\t\t<\/div>\n\n\t\n\n<\/div>\n\n\t\t<\/div>\n\n\t\t\n<style>\n#section_337223216 {\n  padding-top: 30px;\n  padding-bottom: 30px;\n  background-color: rgb(73, 37, 37);\n}\n#section_337223216 .section-bg-overlay {\n  background-color: rgba(0, 0, 0, 0.256);\n}\n<\/style>\n\t<\/section>\n\t\n\n\t<section class=\"section\" id=\"section_1356358395\">\n\t\t<div class=\"section-bg fill\" >\n\t\t\t\t\t\t\t\t\t<div class=\"section-bg-overlay absolute fill\"><\/div>\n\t\t\t\n\n\t\t<\/div>\n\n\t\t\n\n\t\t<div class=\"section-content relative\">\n\t\t\t\n\n<div class=\"row\"  id=\"row-1836334697\">\n\n\n\t<div id=\"col-1467560298\" class=\"col small-12 large-12\"  >\n\t\t\t\t<div class=\"col-inner\"  >\n\t\t\t\n\t\t\t\n\n\t<div id=\"text-2748889065\" class=\"text\">\n\t\t\n\n<h2><span style=\"font-size: 200%; color: #ffffff;\">CONSUMO RESPONSABLE<\/span><\/h2>\n\t\t\n<style>\n#text-2748889065 {\n  text-align: center;\n}\n<\/style>\n\t<\/div>\n\t\n\n  \n    <div class=\"row large-columns-3 medium-columns-1 small-columns-1 row-small\" >\n  <div class=\"col post-item\" data-animate=\"bounceInUp\">\n\t\t\t<div class=\"col-inner\">\n\t\t\t\t<div class=\"box box-default box-text-bottom box-blog-post has-hover\">\n          \t\t\t\t\t<div class=\"box-text text-center dark\" >\n\t\t\t\t\t<div class=\"box-text-inner blog-post-inner\">\n\n\t\t\t\t\t\n\t\t\t\t\t\t\t\t\t\t<h5 class=\"post-title is-large \">\n\t\t\t\t\t\t<a href=\"https:\/\/pachamamitaecu.org\/en\/2013\/02\/02\/santay-community-tourism-option-minutes-from-downtown-guayaquil\/\" class=\"plain\">Santay, opci\u00f3n de turismo comunitario a minutos del centro de Guayaquil<\/a>\n\t\t\t\t\t<\/h5>\n\t\t\t\t\t\t\t\t\t\t<div class=\"is-divider\"><\/div>\n\t\t\t\t\t\t\t\t\t\t<p class=\"from_the_blog_excerpt \">\n\t\t\t\t\t\tAspecto general de la Eco-aldea Meses atr\u00e1s alrededor de quince personas pertenecientes al movimiento ambientalista [...]\t\t\t\t\t<\/p>\n\t\t\t\t\t                    \n\t\t\t\t\t\n\t\t\t\t\t\n\t\t\t\t\t<\/div>\n\t\t\t\t\t<\/div>\n\t\t\t\t\t\t\t\t\t<\/div>\n\t\t\t<\/div>\n\t\t<\/div><div class=\"col post-item\" data-animate=\"bounceInUp\">\n\t\t\t<div class=\"col-inner\">\n\t\t\t\t<div class=\"box box-default box-text-bottom box-blog-post has-hover\">\n          \t\t\t\t\t<div class=\"box-text text-center dark\" >\n\t\t\t\t\t<div class=\"box-text-inner blog-post-inner\">\n\n\t\t\t\t\t\n\t\t\t\t\t\t\t\t\t\t<h5 class=\"post-title is-large \">\n\t\t\t\t\t\t<a href=\"https:\/\/pachamamitaecu.org\/en\/2012\/07\/30\/are-the-london-olympics-really-sustainable\/\" class=\"plain\">Son realmente sustentables los Juegos Ol\u00edmpicos de Londres ?<\/a>\n\t\t\t\t\t<\/h5>\n\t\t\t\t\t\t\t\t\t\t<div class=\"is-divider\"><\/div>\n\t\t\t\t\t\t\t\t\t\t<p class=\"from_the_blog_excerpt \">\n\t\t\t\t\t\tD\u00edas atr\u00e1s comenz\u00f3 la fiesta deportiva m\u00e1s grande a nivel global, donde miles de atletas [...]\t\t\t\t\t<\/p>\n\t\t\t\t\t                    \n\t\t\t\t\t\n\t\t\t\t\t\n\t\t\t\t\t<\/div>\n\t\t\t\t\t<\/div>\n\t\t\t\t\t\t\t\t\t<\/div>\n\t\t\t<\/div>\n\t\t<\/div><div class=\"col post-item\" data-animate=\"bounceInUp\">\n\t\t\t<div class=\"col-inner\">\n\t\t\t\t<div class=\"box box-default box-text-bottom box-blog-post has-hover\">\n          \t\t\t\t\t<div class=\"box-text text-center dark\" >\n\t\t\t\t\t<div class=\"box-text-inner blog-post-inner\">\n\n\t\t\t\t\t\n\t\t\t\t\t\t\t\t\t\t<h5 class=\"post-title is-large \">\n\t\t\t\t\t\t<a href=\"https:\/\/pachamamitaecu.org\/en\/2011\/09\/26\/ecuadorian-government-announces-new-oil-round-indigenous-nationalities-declare-resistance\/\" class=\"plain\">Gobierno de Ecuador anuncia nueva ronda petrolera. Nacionalidades ind\u00edgenas se declaran en Resistencia.<\/a>\n\t\t\t\t\t<\/h5>\n\t\t\t\t\t\t\t\t\t\t<div class=\"is-divider\"><\/div>\n\t\t\t\t\t\t\t\t\t\t<p class=\"from_the_blog_excerpt \">\n\t\t\t\t\t\tEl gobierno ecuatoriano anunci\u00f3, en septiembre del 2010, sus planes de ampliar la frontera petrolera [...]\t\t\t\t\t<\/p>\n\t\t\t\t\t                    \n\t\t\t\t\t\n\t\t\t\t\t\n\t\t\t\t\t<\/div>\n\t\t\t\t\t<\/div>\n\t\t\t\t\t\t\t\t\t<\/div>\n\t\t\t<\/div>\n\t\t<\/div><div class=\"col post-item\" data-animate=\"bounceInUp\">\n\t\t\t<div class=\"col-inner\">\n\t\t\t\t<div class=\"box box-default box-text-bottom box-blog-post has-hover\">\n          \t\t\t\t\t<div class=\"box-text text-center dark\" >\n\t\t\t\t\t<div class=\"box-text-inner blog-post-inner\">\n\n\t\t\t\t\t\n\t\t\t\t\t\t\t\t\t\t<h5 class=\"post-title is-large \">\n\t\t\t\t\t\t<a href=\"https:\/\/pachamamitaecu.org\/en\/2013\/04\/30\/batteries-with-batteries\/\" class=\"plain\">PILAS CON LAS PILAS!!!<\/a>\n\t\t\t\t\t<\/h5>\n\t\t\t\t\t\t\t\t\t\t<div class=\"is-divider\"><\/div>\n\t\t\t\t\t\t\t\t\t\t<p class=\"from_the_blog_excerpt \">\n\t\t\t\t\t\tLas pilas y bater\u00edas que usamos en juguetes, electrodom\u00e9sticos peque\u00f1os, relojes, computadores, etc., son parte [...]\t\t\t\t\t<\/p>\n\t\t\t\t\t                    \n\t\t\t\t\t\n\t\t\t\t\t\n\t\t\t\t\t<\/div>\n\t\t\t\t\t<\/div>\n\t\t\t\t\t\t\t\t\t<\/div>\n\t\t\t<\/div>\n\t\t<\/div><div class=\"col post-item\" data-animate=\"bounceInUp\">\n\t\t\t<div class=\"col-inner\">\n\t\t\t\t<div class=\"box box-default box-text-bottom box-blog-post has-hover\">\n          \t\t\t\t\t<div class=\"box-text text-center dark\" >\n\t\t\t\t\t<div class=\"box-text-inner blog-post-inner\">\n\n\t\t\t\t\t\n\t\t\t\t\t\t\t\t\t\t<h5 class=\"post-title is-large \">\n\t\t\t\t\t\t<a href=\"https:\/\/pachamamitaecu.org\/en\/2015\/09\/30\/the-biodiversity-of-ecuadors-forests-a-treasure-in-danger\/\" class=\"plain\">La Biodiversidad de los bosques de Ecuador: Un tesoro en peligro.<\/a>\n\t\t\t\t\t<\/h5>\n\t\t\t\t\t\t\t\t\t\t<div class=\"is-divider\"><\/div>\n\t\t\t\t\t\t\t\t\t\t<p class=\"from_the_blog_excerpt \">\n\t\t\t\t\t\tLa zona de mayor biodiversidad del mundo&nbsp;est\u00e1 en proceso&nbsp;de licitaci\u00f3n para expandir la frontera petrolera [...]\t\t\t\t\t<\/p>\n\t\t\t\t\t                    \n\t\t\t\t\t\n\t\t\t\t\t\n\t\t\t\t\t<\/div>\n\t\t\t\t\t<\/div>\n\t\t\t\t\t\t\t\t\t<\/div>\n\t\t\t<\/div>\n\t\t<\/div><div class=\"col post-item\" data-animate=\"bounceInUp\">\n\t\t\t<div class=\"col-inner\">\n\t\t\t\t<div class=\"box box-default box-text-bottom box-blog-post has-hover\">\n          \t\t\t\t\t<div class=\"box-text text-center dark\" >\n\t\t\t\t\t<div class=\"box-text-inner blog-post-inner\">\n\n\t\t\t\t\t\n\t\t\t\t\t\t\t\t\t\t<h5 class=\"post-title is-large \">\n\t\t\t\t\t\t<a href=\"https:\/\/pachamamitaecu.org\/en\/2011\/11\/03\/hammerhead-shark-ecuador-will-take-measures-to-prevent-its-disappearance\/\" class=\"plain\">Tibur\u00f3n martillo: Ecuador tomar\u00e1 medidas para evitar su desaparici\u00f3n.<\/a>\n\t\t\t\t\t<\/h5>\n\t\t\t\t\t\t\t\t\t\t<div class=\"is-divider\"><\/div>\n\t\t\t\t\t\t\t\t\t\t<p class=\"from_the_blog_excerpt \">\n\t\t\t\t\t\tLas dos especies de tibur\u00f3n martillo Sphyrna zygaena y Sphyrna lewini (Cachuda roja y blanca) [...]\t\t\t\t\t<\/p>\n\t\t\t\t\t                    \n\t\t\t\t\t\n\t\t\t\t\t\n\t\t\t\t\t<\/div>\n\t\t\t\t\t<\/div>\n\t\t\t\t\t\t\t\t\t<\/div>\n\t\t\t<\/div>\n\t\t<\/div><div class=\"col post-item\" data-animate=\"bounceInUp\">\n\t\t\t<div class=\"col-inner\">\n\t\t\t\t<div class=\"box box-default box-text-bottom box-blog-post has-hover\">\n          \t\t\t\t\t<div class=\"box-text text-center dark\" >\n\t\t\t\t\t<div class=\"box-text-inner blog-post-inner\">\n\n\t\t\t\t\t\n\t\t\t\t\t\t\t\t\t\t<h5 class=\"post-title is-large \">\n\t\t\t\t\t\t<a href=\"https:\/\/pachamamitaecu.org\/en\/2013\/01\/22\/packaging-yes-packaging-no\/\" class=\"plain\">Envases s\u00ed, envases no\u2026.<\/a>\n\t\t\t\t\t<\/h5>\n\t\t\t\t\t\t\t\t\t\t<div class=\"is-divider\"><\/div>\n\t\t\t\t\t\t\t\t\t\t<p class=\"from_the_blog_excerpt \">\n\t\t\t\t\t\tPor Natalia Lovecchio. Partner y responsable de FMCG (Fast Moving Consusmer Goods)- La mayor parte [...]\t\t\t\t\t<\/p>\n\t\t\t\t\t                    \n\t\t\t\t\t\n\t\t\t\t\t\n\t\t\t\t\t<\/div>\n\t\t\t\t\t<\/div>\n\t\t\t\t\t\t\t\t\t<\/div>\n\t\t\t<\/div>\n\t\t<\/div><div class=\"col post-item\" data-animate=\"bounceInUp\">\n\t\t\t<div class=\"col-inner\">\n\t\t\t\t<div class=\"box box-default box-text-bottom box-blog-post has-hover\">\n          \t\t\t\t\t<div class=\"box-text text-center dark\" >\n\t\t\t\t\t<div class=\"box-text-inner blog-post-inner\">\n\n\t\t\t\t\t\n\t\t\t\t\t\t\t\t\t\t<h5 class=\"post-title is-large \">\n\t\t\t\t\t\t<a href=\"https:\/\/pachamamitaecu.org\/en\/2012\/04\/20\/red-book-of-mammals-in-ecuador\/\" class=\"plain\">Libro Rojo de los Mam\u00edferos en Ecuador<\/a>\n\t\t\t\t\t<\/h5>\n\t\t\t\t\t\t\t\t\t\t<div class=\"is-divider\"><\/div>\n\t\t\t\t\t\t\t\t\t\t<p class=\"from_the_blog_excerpt \">\n\t\t\t\t\t\tUna de las herramientas m\u00e1s importantes para la&nbsp;conservaci\u00f3n de&nbsp;la vida silvestre&nbsp;del planeta son los&nbsp; llamados [...]\t\t\t\t\t<\/p>\n\t\t\t\t\t                    \n\t\t\t\t\t\n\t\t\t\t\t\n\t\t\t\t\t<\/div>\n\t\t\t\t\t<\/div>\n\t\t\t\t\t\t\t\t\t<\/div>\n\t\t\t<\/div>\n\t\t<\/div><div class=\"col post-item\" data-animate=\"bounceInUp\">\n\t\t\t<div class=\"col-inner\">\n\t\t\t\t<div class=\"box box-default box-text-bottom box-blog-post has-hover\">\n          \t\t\t\t\t<div class=\"box-text text-center dark\" >\n\t\t\t\t\t<div class=\"box-text-inner blog-post-inner\">\n\n\t\t\t\t\t\n\t\t\t\t\t\t\t\t\t\t<h5 class=\"post-title is-large \">\n\t\t\t\t\t\t<a href=\"https:\/\/pachamamitaecu.org\/en\/2011\/10\/11\/artists-from-guayaquil-show-their-support-for-the-amazonian-peoples-in-resistance-ecuador\/\" class=\"plain\">Artistas guayaquile\u00f1os muestran su apoyo a los pueblos amaz\u00f3nicos en Resistencia (Ecuador)<\/a>\n\t\t\t\t\t<\/h5>\n\t\t\t\t\t\t\t\t\t\t<div class=\"is-divider\"><\/div>\n\t\t\t\t\t\t\t\t\t\t<p class=\"from_the_blog_excerpt \">\n\t\t\t\t\t\tTham\u00e9 Teatro de Artesanos (Resistencia) Decenas de artistas mostraron a trav\u00e9s de m\u00fasica, performance y [...]\t\t\t\t\t<\/p>\n\t\t\t\t\t                    \n\t\t\t\t\t\n\t\t\t\t\t\n\t\t\t\t\t<\/div>\n\t\t\t\t\t<\/div>\n\t\t\t\t\t\t\t\t\t<\/div>\n\t\t\t<\/div>\n\t\t<\/div><\/div>\n\n\n\t\t<\/div>\n\t\t\t\t\t<\/div>\n\n\t\n\n<\/div>\n\n\t\t<\/div>\n\n\t\t\n<style>\n#section_1356358395 {\n  padding-top: 30px;\n  padding-bottom: 30px;\n  background-color: rgb(133, 88, 88);\n}\n#section_1356358395 .section-bg-overlay {\n  background-color: rgba(0, 0, 0, 0.256);\n}\n<\/style>\n\t<\/section>\n\t\n\n","protected":false},"excerpt":{"rendered":"","protected":false},"author":1,"featured_media":0,"parent":0,"menu_order":0,"comment_status":"closed","ping_status":"closed","template":"","meta":{"footnotes":""},"class_list":["post-2870","page","type-page","status-publish","hentry"],"a3_pvc":{"activated":false,"total_views":0,"today_views":0},"yoast_head":"<!-- This site is optimized with the Yoast SEO Premium plugin v24.2 (Yoast SEO v28.3) - https:\/\/yoast.com\/product\/yoast-seo-premium-wordpress\/ -->\n<title>Chaski de PachaMamita - PachaMamita Ecuador<\/title>\n<meta name=\"robots\" content=\"index, follow, max-snippet:-1, max-image-preview:large, max-video-preview:-1\" \/>\n<link rel=\"canonical\" href=\"https:\/\/pachamamitaecu.org\/en\/chaski-of-pachamamita\/\" \/>\n<meta property=\"og:locale\" content=\"en_US\" \/>\n<meta property=\"og:type\" content=\"article\" \/>\n<meta property=\"og:title\" content=\"Chaski de PachaMamita\" \/>\n<meta property=\"og:url\" content=\"https:\/\/pachamamitaecu.org\/en\/chaski-of-pachamamita\/\" \/>\n<meta property=\"og:site_name\" content=\"PachaMamita Ecuador\" \/>\n<meta property=\"article:publisher\" content=\"https:\/\/www.facebook.com\/pachamamitaecu\" \/>\n<meta property=\"article:modified_time\" content=\"2025-09-19T22:27:25+00:00\" \/>\n<meta name=\"twitter:card\" content=\"summary_large_image\" \/>\n<meta name=\"twitter:label1\" content=\"Est. reading time\" \/>\n\t<meta name=\"twitter:data1\" content=\"1 minute\" \/>\n<script type=\"application\/ld+json\" class=\"yoast-schema-graph\">{\"@context\":\"https:\\\/\\\/schema.org\",\"@graph\":[{\"@type\":\"WebPage\",\"@id\":\"https:\\\/\\\/pachamamitaecu.org\\\/chaski-de-pachamamita\\\/\",\"url\":\"https:\\\/\\\/pachamamitaecu.org\\\/chaski-de-pachamamita\\\/\",\"name\":\"Chaski de PachaMamita - PachaMamita Ecuador\",\"isPartOf\":{\"@id\":\"https:\\\/\\\/pachamamitaecu.org\\\/es_es\\\/#website\"},\"datePublished\":\"2023-06-21T04:34:33+00:00\",\"dateModified\":\"2025-09-19T22:27:25+00:00\",\"breadcrumb\":{\"@id\":\"https:\\\/\\\/pachamamitaecu.org\\\/chaski-de-pachamamita\\\/#breadcrumb\"},\"inLanguage\":\"en-US\",\"potentialAction\":[{\"@type\":\"ReadAction\",\"target\":[\"https:\\\/\\\/pachamamitaecu.org\\\/chaski-de-pachamamita\\\/\"]}]},{\"@type\":\"BreadcrumbList\",\"@id\":\"https:\\\/\\\/pachamamitaecu.org\\\/chaski-de-pachamamita\\\/#breadcrumb\",\"itemListElement\":[{\"@type\":\"ListItem\",\"position\":1,\"name\":\"Portada\",\"item\":\"https:\\\/\\\/pachamamitaecu.org\\\/es_es\\\/\"},{\"@type\":\"ListItem\",\"position\":2,\"name\":\"Chaski de PachaMamita\"}]},{\"@type\":\"WebSite\",\"@id\":\"https:\\\/\\\/pachamamitaecu.org\\\/es_es\\\/#website\",\"url\":\"https:\\\/\\\/pachamamitaecu.org\\\/es_es\\\/\",\"name\":\"PachaMamita Ecuador\",\"description\":\"CULTURA. AGROECOLOG\u00cdA. TURISMO Y CONSUMO RESPONSABLE-ECUADOR.\",\"publisher\":{\"@id\":\"https:\\\/\\\/pachamamitaecu.org\\\/es_es\\\/#organization\"},\"potentialAction\":[{\"@type\":\"SearchAction\",\"target\":{\"@type\":\"EntryPoint\",\"urlTemplate\":\"https:\\\/\\\/pachamamitaecu.org\\\/es_es\\\/?s={search_term_string}\"},\"query-input\":{\"@type\":\"PropertyValueSpecification\",\"valueRequired\":true,\"valueName\":\"search_term_string\"}}],\"inLanguage\":\"en-US\"},{\"@type\":\"Organization\",\"@id\":\"https:\\\/\\\/pachamamitaecu.org\\\/es_es\\\/#organization\",\"name\":\"PachaMamita Ecuador\",\"url\":\"https:\\\/\\\/pachamamitaecu.org\\\/es_es\\\/\",\"logo\":{\"@type\":\"ImageObject\",\"inLanguage\":\"en-US\",\"@id\":\"https:\\\/\\\/pachamamitaecu.org\\\/es_es\\\/#\\\/schema\\\/logo\\\/image\\\/\",\"url\":\"https:\\\/\\\/pachamamitaecu.org\\\/wp-content\\\/uploads\\\/2024\\\/04\\\/cropped-Diseno-sin-titulo-13.png\",\"contentUrl\":\"https:\\\/\\\/pachamamitaecu.org\\\/wp-content\\\/uploads\\\/2024\\\/04\\\/cropped-Diseno-sin-titulo-13.png\",\"width\":512,\"height\":512,\"caption\":\"PachaMamita Ecuador\"},\"image\":{\"@id\":\"https:\\\/\\\/pachamamitaecu.org\\\/es_es\\\/#\\\/schema\\\/logo\\\/image\\\/\"},\"sameAs\":[\"https:\\\/\\\/www.facebook.com\\\/pachamamitaecu\"]}]}<\/script>\n<!-- \/ Yoast SEO Premium plugin. -->","yoast_head_json":{"title":"PachaMamita Chaski - PachaMamita Ecuador","robots":{"index":"index","follow":"follow","max-snippet":"max-snippet:-1","max-image-preview":"max-image-preview:large","max-video-preview":"max-video-preview:-1"},"canonical":"https:\/\/pachamamitaecu.org\/en\/chaski-of-pachamamita\/","og_locale":"en_US","og_type":"article","og_title":"Chaski de PachaMamita","og_url":"https:\/\/pachamamitaecu.org\/en\/chaski-of-pachamamita\/","og_site_name":"PachaMamita Ecuador","article_publisher":"https:\/\/www.facebook.com\/pachamamitaecu","article_modified_time":"2025-09-19T22:27:25+00:00","twitter_card":"summary_large_image","twitter_misc":{"Est. reading time":"1 minute"},"schema":{"@context":"https:\/\/schema.org","@graph":[{"@type":"WebPage","@id":"https:\/\/pachamamitaecu.org\/chaski-de-pachamamita\/","url":"https:\/\/pachamamitaecu.org\/chaski-de-pachamamita\/","name":"PachaMamita Chaski - PachaMamita Ecuador","isPartOf":{"@id":"https:\/\/pachamamitaecu.org\/es_es\/#website"},"datePublished":"2023-06-21T04:34:33+00:00","dateModified":"2025-09-19T22:27:25+00:00","breadcrumb":{"@id":"https:\/\/pachamamitaecu.org\/chaski-de-pachamamita\/#breadcrumb"},"inLanguage":"en-US","potentialAction":[{"@type":"ReadAction","target":["https:\/\/pachamamitaecu.org\/chaski-de-pachamamita\/"]}]},{"@type":"BreadcrumbList","@id":"https:\/\/pachamamitaecu.org\/chaski-de-pachamamita\/#breadcrumb","itemListElement":[{"@type":"ListItem","position":1,"name":"Portada","item":"https:\/\/pachamamitaecu.org\/es_es\/"},{"@type":"ListItem","position":2,"name":"Chaski de PachaMamita"}]},{"@type":"WebSite","@id":"https:\/\/pachamamitaecu.org\/es_es\/#website","url":"https:\/\/pachamamitaecu.org\/es_es\/","name":"PachaMamita Ecuador","description":"CULTURE. AGROECOLOGY. TOURISM AND RESPONSIBLE CONSUMPTION-ECUADOR.","publisher":{"@id":"https:\/\/pachamamitaecu.org\/es_es\/#organization"},"potentialAction":[{"@type":"SearchAction","target":{"@type":"EntryPoint","urlTemplate":"https:\/\/pachamamitaecu.org\/es_es\/?s={search_term_string}"},"query-input":{"@type":"PropertyValueSpecification","valueRequired":true,"valueName":"search_term_string"}}],"inLanguage":"en-US"},{"@type":"Organization","@id":"https:\/\/pachamamitaecu.org\/es_es\/#organization","name":"PachaMamita Ecuador","url":"https:\/\/pachamamitaecu.org\/es_es\/","logo":{"@type":"ImageObject","inLanguage":"en-US","@id":"https:\/\/pachamamitaecu.org\/es_es\/#\/schema\/logo\/image\/","url":"https:\/\/pachamamitaecu.org\/wp-content\/uploads\/2024\/04\/cropped-Diseno-sin-titulo-13.png","contentUrl":"https:\/\/pachamamitaecu.org\/wp-content\/uploads\/2024\/04\/cropped-Diseno-sin-titulo-13.png","width":512,"height":512,"caption":"PachaMamita Ecuador"},"image":{"@id":"https:\/\/pachamamitaecu.org\/es_es\/#\/schema\/logo\/image\/"},"sameAs":["https:\/\/www.facebook.com\/pachamamitaecu"]}]}},"_links":{"self":[{"href":"https:\/\/pachamamitaecu.org\/en\/wp-json\/wp\/v2\/pages\/2870","targetHints":{"allow":["GET"]}}],"collection":[{"href":"https:\/\/pachamamitaecu.org\/en\/wp-json\/wp\/v2\/pages"}],"about":[{"href":"https:\/\/pachamamitaecu.org\/en\/wp-json\/wp\/v2\/types\/page"}],"author":[{"embeddable":true,"href":"https:\/\/pachamamitaecu.org\/en\/wp-json\/wp\/v2\/users\/1"}],"replies":[{"embeddable":true,"href":"https:\/\/pachamamitaecu.org\/en\/wp-json\/wp\/v2\/comments?post=2870"}],"version-history":[{"count":21,"href":"https:\/\/pachamamitaecu.org\/en\/wp-json\/wp\/v2\/pages\/2870\/revisions"}],"predecessor-version":[{"id":3312,"href":"https:\/\/pachamamitaecu.org\/en\/wp-json\/wp\/v2\/pages\/2870\/revisions\/3312"}],"wp:attachment":[{"href":"https:\/\/pachamamitaecu.org\/en\/wp-json\/wp\/v2\/media?parent=2870"}],"curies":[{"name":"wp","href":"https:\/\/api.w.org\/{rel}","templated":true}]}}